{"id":1999,"date":"2021-12-12T04:19:59","date_gmt":"2021-12-12T04:19:59","guid":{"rendered":"https:\/\/bus.mage-people.com\/?page_id=1999"},"modified":"2026-05-08T21:06:01","modified_gmt":"2026-05-08T20:06:01","slug":"home","status":"publish","type":"page","link":"https:\/\/giardinatour.it\/fr\/","title":{"rendered":"Accueil"},"content":{"rendered":"\t\t<div data-elementor-type=\"wp-page\" data-elementor-id=\"1999\" class=\"elementor elementor-1999\">\n\t\t\t\t\t\t<section class=\"elementor-section elementor-top-section elementor-element elementor-element-2eaf310 elementor-section-full_width elementor-section-height-min-height elementor-section-height-default elementor-section-items-middle\" data-id=\"2eaf310\" data-element_type=\"section\" data-settings=\"{&quot;background_background&quot;:&quot;slideshow&quot;,&quot;background_slideshow_gallery&quot;:[{&quot;id&quot;:5288,&quot;url&quot;:&quot;https:\\\/\\\/giardinatour.it\\\/wp-content\\\/uploads\\\/2025\\\/01\\\/giardinatour.jpg&quot;}],&quot;background_slideshow_transition_duration&quot;:5000,&quot;background_slideshow_loop&quot;:&quot;yes&quot;,&quot;background_slideshow_slide_duration&quot;:5000,&quot;background_slideshow_slide_transition&quot;:&quot;fade&quot;}\">\n\t\t\t\t\t\t\t<div class=\"elementor-background-overlay\"><\/div>\n\t\t\t\t\t\t\t<div class=\"elementor-container elementor-column-gap-default\">\n\t\t\t\t\t<div class=\"elementor-column elementor-col-100 elementor-top-column elementor-element elementor-element-ba91550\" data-id=\"ba91550\" data-element_type=\"column\">\n\t\t\t<div class=\"elementor-widget-wrap elementor-element-populated\">\n\t\t\t\t\t\t<div class=\"elementor-element elementor-element-5a946e7 elementor-widget elementor-widget-heading\" data-id=\"5a946e7\" data-element_type=\"widget\" data-widget_type=\"heading.default\">\n\t\t\t\t<div class=\"elementor-widget-container\">\n\t\t\t<h3 class=\"elementor-heading-title elementor-size-default\">Mezzi recenti, dotati di ogni comfort per un viaggio piacevole e sicuro.<\/h3>\t\t<\/div>\n\t\t\t\t<\/div>\n\t\t\t\t<div class=\"elementor-element elementor-element-eafe4de elementor-widget elementor-widget-heading\" data-id=\"eafe4de\" data-element_type=\"widget\" data-widget_type=\"heading.default\">\n\t\t\t\t<div class=\"elementor-widget-container\">\n\t\t\t<h1 class=\"elementor-heading-title elementor-size-default\">La Perla delle Eolie<\/h1>\t\t<\/div>\n\t\t\t\t<\/div>\n\t\t\t\t<div class=\"elementor-element elementor-element-ce8ecb8 elementor-widget elementor-widget-heading\" data-id=\"ce8ecb8\" data-element_type=\"widget\" data-widget_type=\"heading.default\">\n\t\t\t\t<div class=\"elementor-widget-container\">\n\t\t\t<h4 class=\"elementor-heading-title elementor-size-default\">Un servizio ideale per chi cerca un trasferimento condiviso a tariffe accessibili con un\u2019organizzazione impeccabile.<\/h4>\t\t<\/div>\n\t\t\t\t<\/div>\n\t\t\t\t\t<\/div>\n\t\t<\/div>\n\t\t\t\t\t<\/div>\n\t\t<\/section>\n\t\t\t\t<section class=\"elementor-section elementor-top-section elementor-element elementor-element-731ae86 elementor-section-boxed elementor-section-height-default elementor-section-height-default\" data-id=\"731ae86\" data-element_type=\"section\">\n\t\t\t\t\t\t<div class=\"elementor-container elementor-column-gap-default\">\n\t\t\t\t\t<div class=\"elementor-column elementor-col-100 elementor-top-column elementor-element elementor-element-1d4b1f2\" data-id=\"1d4b1f2\" data-element_type=\"column\" data-settings=\"{&quot;background_background&quot;:&quot;classic&quot;}\">\n\t\t\t<div class=\"elementor-widget-wrap elementor-element-populated\">\n\t\t\t\t\t\t<div class=\"elementor-element elementor-element-87df901 elementor-widget elementor-widget-shortcode\" data-id=\"87df901\" data-element_type=\"widget\" data-widget_type=\"shortcode.default\">\n\t\t\t\t<div class=\"elementor-widget-container\">\n\t\t\t\t\t<div class=\"elementor-shortcode\"><div class=\"woocommerce-notices-wrapper\"><\/div>\t\t\t\t<div class=\"mpStyle wbtm_container\">\n\t\t\t\t\t    <div id=\"wbtm_area\">\n        <input type=\"hidden\" name='wbtm_list_style' value=\"\"\/>\n        <input type=\"hidden\" name='wbtm_list_btn_show' value=\"show\"\/>\n        <input type=\"hidden\" name='wbtm_left_filter_show' value=\"off\"\/>\n        <input type=\"hidden\" name='wbtm_left_filter_type' value=\"on\"\/>\n        <input type=\"hidden\" name='wbtm_left_filter_operator' value=\"on\"\/>\n        <input type=\"hidden\" name='wbtm_left_filter_boarding' value=\"on\"\/>\n        <div class=\"_dLayout_dShadow_1 wbtm_search_area inputInline\">\n\t\t\t                <h4>BUY TICKET<\/h4>\n\t\t\t            <input type=\"hidden\" name=\"wbtm_post_id\" value=\"0\"\/>\n            <form action=\"\" method=\"get\" class=\"mpForm\">\n                <input type=\"hidden\" id=\"wbtm_form_nonce\" name=\"wbtm_form_nonce\" value=\"8711cd51a0\" \/><input type=\"hidden\" name=\"_wp_http_referer\" value=\"\/fr\/wp-json\/wp\/v2\/pages\/1999\" \/>\t\t\t\t                <div class=\"inputList mp_input_select wbtm_start_point\">\n                    <label class=\"fdColumn\">\n                        <span><i class=\"fas fa-map-marker\"><\/i> From : <\/span>\n                        <input type=\"text\" class=\"formControl\" name=\"bus_start_route\" value=\"\" placeholder=\"Please Select\" autocomplete=\"off\" required\/>\n                    <\/label>\n\t\t\t\t\t                <ul class=\"mp_input_select_list\">\n                                            <li data-value=\"Aeroporto Palermo\">\n                            <span class=\"fas fa-map-marker\"><\/span>Aeroporto Palermo                        <\/li>\n                                            <li data-value=\"Aeroporto Catania\">\n                            <span class=\"fas fa-map-marker\"><\/span>Aeroporto Catania                        <\/li>\n                                            <li data-value=\"Milazzo\">\n                            <span class=\"fas fa-map-marker\"><\/span>Milazzo                        <\/li>\n                                            <li data-value=\"Barcellona P.G.\">\n                            <span class=\"fas fa-map-marker\"><\/span>Barcellona P.G.                        <\/li>\n                                            <li data-value=\"Portorosa\">\n                            <span class=\"fas fa-map-marker\"><\/span>Portorosa                        <\/li>\n                                            <li data-value=\"Falcone\">\n                            <span class=\"fas fa-map-marker\"><\/span>Falcone                        <\/li>\n                                            <li data-value=\"Patti\">\n                            <span class=\"fas fa-map-marker\"><\/span>Patti                        <\/li>\n                                            <li data-value=\"Brolo\">\n                            <span class=\"fas fa-map-marker\"><\/span>Brolo                        <\/li>\n                                            <li data-value=\"Rometta\">\n                            <span class=\"fas fa-map-marker\"><\/span>Rometta                        <\/li>\n                                            <li data-value=\"Gioiosa Marea\">\n                            <span class=\"fas fa-map-marker\"><\/span>Gioiosa Marea                        <\/li>\n                                            <li data-value=\"Capo d&#039;Orlando\">\n                            <span class=\"fas fa-map-marker\"><\/span>Capo d&#039;Orlando                        <\/li>\n                                            <li data-value=\"Messina\">\n                            <span class=\"fas fa-map-marker\"><\/span>Messina                        <\/li>\n                                    <\/ul>\n                                <\/div>\n                <div class=\"inputList mp_input_select wbtm_dropping_point\" data-alert=\"You select Wrong Route !\">\n                    <label class=\"fdColumn \">\n                        <span><i class=\"fas fa-map-marker\"><\/i> To : <\/span>\n                        <input type=\"text\" class=\"formControl\" name=\"bus_end_route\" value=\"\" placeholder=\"Please Select\" autocomplete=\"off\" required\/>\n                    <\/label>\n\t\t\t\t\t                <ul class=\"mp_input_select_list\">\n                                            <li data-value=\"Aeroporto Palermo\">\n                            <span class=\"fas fa-map-marker\"><\/span>Aeroporto Palermo                        <\/li>\n                                            <li data-value=\"Aeroporto Catania\">\n                            <span class=\"fas fa-map-marker\"><\/span>Aeroporto Catania                        <\/li>\n                                            <li data-value=\"Milazzo\">\n                            <span class=\"fas fa-map-marker\"><\/span>Milazzo                        <\/li>\n                                            <li data-value=\"Barcellona P.G.\">\n                            <span class=\"fas fa-map-marker\"><\/span>Barcellona P.G.                        <\/li>\n                                            <li data-value=\"Portorosa\">\n                            <span class=\"fas fa-map-marker\"><\/span>Portorosa                        <\/li>\n                                            <li data-value=\"Falcone\">\n                            <span class=\"fas fa-map-marker\"><\/span>Falcone                        <\/li>\n                                            <li data-value=\"Patti\">\n                            <span class=\"fas fa-map-marker\"><\/span>Patti                        <\/li>\n                                            <li data-value=\"Brolo\">\n                            <span class=\"fas fa-map-marker\"><\/span>Brolo                        <\/li>\n                                            <li data-value=\"Rometta\">\n                            <span class=\"fas fa-map-marker\"><\/span>Rometta                        <\/li>\n                                            <li data-value=\"Gioiosa Marea\">\n                            <span class=\"fas fa-map-marker\"><\/span>Gioiosa Marea                        <\/li>\n                                            <li data-value=\"Capo d&#039;Orlando\">\n                            <span class=\"fas fa-map-marker\"><\/span>Capo d&#039;Orlando                        <\/li>\n                                            <li data-value=\"Messina\">\n                            <span class=\"fas fa-map-marker\"><\/span>Messina                        <\/li>\n                                    <\/ul>\n                                <\/div>\n                <div class=\"inputList wbtm_journey_date\">\n\t\t\t\t\t            <label class=\"fdColumn\">\n                <span><i class=\"fas fa-calendar-alt\"><\/i> Journey Date<\/span>\n                <input type=\"hidden\" name=\"j_date\" value=\"\" required\/>\n                <input id=\"wbtm_journey_date\" type=\"text\" value=\"\" class=\"formControl \" placeholder=\"mer 2 Sep , 2026\" data-alert=\"Please select Starting Point !\" readonly required\/>\n            <\/label>\n                            <\/div>\n\t\t\t\t                    <div class=\"inputList wbtm_return_date\">\n\t\t\t\t\t\t            <label class=\"fdColumn\">\n                <span><i class=\"fas fa-calendar-alt\"><\/i> Return Date (Optional)<\/span>\n                <input type=\"hidden\" name=\"r_date\" value=\"\"\/>\n                <input id=\"wbtm_return_date\" type=\"text\" value=\"\" class=\"formControl\" placeholder=\"mer 2 Sep , 2026\" readonly\/>\n            <\/label>\n                                <\/div>\n\t\t\t\t                <div class=\"inputList\">\n                    <div class=\"_dFlex_fdColumn_justifyBetween_fullHeight\">\n                        <span>&nbsp;<\/span>\n\t\t\t\t\t\t                            <button type=\"button\" class=\"_themeButton_radius get_wbtm_bus_list\">\n                                <span class=\"fas fa-search mR_xs\"><\/span>Search                            <\/button>\n\t\t\t\t\t\t                    <\/div>\n                <\/div>\n            <\/form>\n        <\/div>\n        <div class=\"_ovHidden wbtm_search_result\">\n\t\t\t        <\/div>\n    <\/div>\n\t\t\t\t<\/div>\n\t\t\t\t<\/div>\n\t\t\t\t<\/div>\n\t\t\t\t<\/div>\n\t\t\t\t\t<\/div>\n\t\t<\/div>\n\t\t\t\t\t<\/div>\n\t\t<\/section>\n\t\t\t\t<section class=\"elementor-section elementor-top-section elementor-element elementor-element-61badfe elementor-section-boxed elementor-section-height-default elementor-section-height-default\" data-id=\"61badfe\" data-element_type=\"section\">\n\t\t\t\t\t\t<div class=\"elementor-container elementor-column-gap-default\">\n\t\t\t\t\t<div class=\"elementor-column elementor-col-33 elementor-top-column elementor-element elementor-element-830dc71\" data-id=\"830dc71\" data-element_type=\"column\">\n\t\t\t<div class=\"elementor-widget-wrap elementor-element-populated\">\n\t\t\t\t\t\t<div class=\"elementor-element elementor-element-46678b3 elementor-position-top elementor-widget elementor-widget-image-box\" data-id=\"46678b3\" data-element_type=\"widget\" data-widget_type=\"image-box.default\">\n\t\t\t\t<div class=\"elementor-widget-container\">\n\t\t\t<div class=\"elementor-image-box-wrapper\"><figure class=\"elementor-image-box-img\"><img decoding=\"async\" width=\"51\" height=\"58\" src=\"https:\/\/giardinatour.it\/wp-content\/uploads\/2021\/12\/search.png\" class=\"attachment-full size-full wp-image-2101\" alt=\"\" \/><\/figure><div class=\"elementor-image-box-content\"><h3 class=\"elementor-image-box-title\">Cerca<\/h3><p class=\"elementor-image-box-description\">Seleziona la partenza, la destinazione e le date<\/p><\/div><\/div>\t\t<\/div>\n\t\t\t\t<\/div>\n\t\t\t\t\t<\/div>\n\t\t<\/div>\n\t\t\t\t<div class=\"elementor-column elementor-col-33 elementor-top-column elementor-element elementor-element-431cdfe\" data-id=\"431cdfe\" data-element_type=\"column\">\n\t\t\t<div class=\"elementor-widget-wrap elementor-element-populated\">\n\t\t\t\t\t\t<div class=\"elementor-element elementor-element-036d6f3 elementor-position-top elementor-widget elementor-widget-image-box\" data-id=\"036d6f3\" data-element_type=\"widget\" data-widget_type=\"image-box.default\">\n\t\t\t\t<div class=\"elementor-widget-container\">\n\t\t\t<div class=\"elementor-image-box-wrapper\"><figure class=\"elementor-image-box-img\"><img decoding=\"async\" width=\"55\" height=\"57\" src=\"https:\/\/giardinatour.it\/wp-content\/uploads\/2021\/12\/bus.png\" class=\"attachment-full size-full wp-image-2102\" alt=\"\" \/><\/figure><div class=\"elementor-image-box-content\"><h3 class=\"elementor-image-box-title\">Seleziona<\/h3><p class=\"elementor-image-box-description\">Clicca su ricerca e ottieni la lista di navette disponibili nei vari orari<\/p><\/div><\/div>\t\t<\/div>\n\t\t\t\t<\/div>\n\t\t\t\t\t<\/div>\n\t\t<\/div>\n\t\t\t\t<div class=\"elementor-column elementor-col-33 elementor-top-column elementor-element elementor-element-77c3346\" data-id=\"77c3346\" data-element_type=\"column\">\n\t\t\t<div class=\"elementor-widget-wrap elementor-element-populated\">\n\t\t\t\t\t\t<div class=\"elementor-element elementor-element-9d95c58 elementor-position-top elementor-widget elementor-widget-image-box\" data-id=\"9d95c58\" data-element_type=\"widget\" data-widget_type=\"image-box.default\">\n\t\t\t\t<div class=\"elementor-widget-container\">\n\t\t\t<div class=\"elementor-image-box-wrapper\"><figure class=\"elementor-image-box-img\"><img decoding=\"async\" width=\"52\" height=\"58\" src=\"https:\/\/giardinatour.it\/wp-content\/uploads\/2021\/12\/pay.png\" class=\"attachment-full size-full wp-image-2103\" alt=\"\" \/><\/figure><div class=\"elementor-image-box-content\"><h3 class=\"elementor-image-box-title\">Paga<\/h3><p class=\"elementor-image-box-description\">Procedi all'acquisto e completa il pagamento con carta<\/p><\/div><\/div>\t\t<\/div>\n\t\t\t\t<\/div>\n\t\t\t\t\t<\/div>\n\t\t<\/div>\n\t\t\t\t\t<\/div>\n\t\t<\/section>\n\t\t<div class=\"elementor-element elementor-element-8a458b2 e-flex e-con-boxed e-con e-parent\" data-id=\"8a458b2\" data-element_type=\"container\">\n\t\t\t\t\t<div class=\"e-con-inner\">\n\t\t\t\t<div class=\"elementor-element elementor-element-43ac3db elementor-widget elementor-widget-heading\" data-id=\"43ac3db\" data-element_type=\"widget\" data-widget_type=\"heading.default\">\n\t\t\t\t<div class=\"elementor-widget-container\">\n\t\t\t<h2 class=\"elementor-heading-title elementor-size-default\"><h2 data-elementor-setting-key=\"title\" data-pen-placeholder=\"Type Here...\" style=\"font-family: Roboto, sans-serif;font-weight: 600;font-size: 27px;text-align: center\">\u26a0\ufe0f \u26a0\ufe0f \u26a0\ufe0f AVVISO \u26a0\ufe0f \u26a0\ufe0f \u26a0\ufe0f<span style=\"font-size: 30px;text-align: start\"><\/span><\/h2><\/h2>\t\t<\/div>\n\t\t\t\t<\/div>\n\t\t\t\t<div class=\"elementor-element elementor-element-21f2848 elementor-widget elementor-widget-text-editor\" data-id=\"21f2848\" data-element_type=\"widget\" data-widget_type=\"text-editor.default\">\n\t\t\t\t<div class=\"elementor-widget-container\">\n\t\t\t\t\t\t\t<p style=\"text-align: center;\"><span style=\"color: #000000;\">A causa della chiusura della SS113 tra Gliaca e Gioiosa Marea, la fermata di Gioiosa Marea \u00e8 temporaneamente sospesa fino al termine dei lavori.&nbsp;<\/span><\/p>\n<p style=\"text-align: center;\"><span style=\"color: #000000;\">Ci scusiamo per il disagio.<\/span><\/p>\t\t\t\t\t\t<\/div>\n\t\t\t\t<\/div>\n\t\t\t\t\t<\/div>\n\t\t\t\t<\/div>\n\t\t\t\t<section class=\"elementor-section elementor-top-section elementor-element elementor-element-1b95037 elementor-section-boxed elementor-section-height-default elementor-section-height-default\" data-id=\"1b95037\" data-element_type=\"section\">\n\t\t\t\t\t\t<div class=\"elementor-container elementor-column-gap-default\">\n\t\t\t\t\t<div class=\"elementor-column elementor-col-100 elementor-top-column elementor-element elementor-element-a23ebd3\" data-id=\"a23ebd3\" data-element_type=\"column\">\n\t\t\t<div class=\"elementor-widget-wrap elementor-element-populated\">\n\t\t\t\t\t\t<section class=\"elementor-section elementor-inner-section elementor-element elementor-element-4b88db3 elementor-section-boxed elementor-section-height-default elementor-section-height-default\" data-id=\"4b88db3\" data-element_type=\"section\">\n\t\t\t\t\t\t<div class=\"elementor-container elementor-column-gap-default\">\n\t\t\t\t\t<div class=\"elementor-column elementor-col-50 elementor-inner-column elementor-element elementor-element-e7915fb\" data-id=\"e7915fb\" data-element_type=\"column\" id=\"home-banner-3\" data-settings=\"{&quot;background_background&quot;:&quot;classic&quot;}\">\n\t\t\t<div class=\"elementor-widget-wrap elementor-element-populated\">\n\t\t\t\t\t\t<div class=\"elementor-element elementor-element-922f50b elementor-widget elementor-widget-heading\" data-id=\"922f50b\" data-element_type=\"widget\" data-widget_type=\"heading.default\">\n\t\t\t\t<div class=\"elementor-widget-container\">\n\t\t\t<h2 class=\"elementor-heading-title elementor-size-default\">SERVIZIO NAVETTA<\/h2>\t\t<\/div>\n\t\t\t\t<\/div>\n\t\t\t\t<div class=\"elementor-element elementor-element-0e709b1 elementor-hidden-desktop elementor-hidden-tablet elementor-hidden-mobile elementor-widget elementor-widget-heading\" data-id=\"0e709b1\" data-element_type=\"widget\" data-widget_type=\"heading.default\">\n\t\t\t\t<div class=\"elementor-widget-container\">\n\t\t\t<h3 class=\"elementor-heading-title elementor-size-default\">La prenotazione \u00e8 garantita se effettuata 48 ore prima della partenza.\n<\/h3>\t\t<\/div>\n\t\t\t\t<\/div>\n\t\t\t\t<div class=\"elementor-element elementor-element-adad56c elementor-widget elementor-widget-heading\" data-id=\"adad56c\" data-element_type=\"widget\" data-widget_type=\"heading.default\">\n\t\t\t\t<div class=\"elementor-widget-container\">\n\t\t\t<p class=\"elementor-heading-title elementor-size-default\">Il servizio di Navetta offre un collegamento pratico, comodo e conveniente tra diverse localit\u00e0 della costa tirrenica messinese e l'aeroporto di Catania.\n<\/p>\t\t<\/div>\n\t\t\t\t<\/div>\n\t\t\t\t<div class=\"elementor-element elementor-element-818e1d6 elementor-hidden-desktop elementor-hidden-tablet elementor-hidden-mobile elementor-widget elementor-widget-heading\" data-id=\"818e1d6\" data-element_type=\"widget\" data-widget_type=\"heading.default\">\n\t\t\t\t<div class=\"elementor-widget-container\">\n\t\t\t<p class=\"elementor-heading-title elementor-size-default\">*fino al 31 Marzo i transfer collettivi sono soggetti al numero minimo di passeggeri.<\/p>\t\t<\/div>\n\t\t\t\t<\/div>\n\t\t\t\t<div class=\"elementor-element elementor-element-4e3b3e3 elementor-align-center elementor-widget elementor-widget-button\" data-id=\"4e3b3e3\" data-element_type=\"widget\" data-widget_type=\"button.default\">\n\t\t\t\t<div class=\"elementor-widget-container\">\n\t\t\t\t\t<div class=\"elementor-button-wrapper\">\n\t\t\t<a class=\"elementor-button elementor-button-link elementor-size-sm\" href=\"https:\/\/giardinatour.it\/bus-search-list\/\">\n\t\t\t\t\t\t<span class=\"elementor-button-content-wrapper\">\n\t\t\t\t\t\t\t\t\t<span class=\"elementor-button-text\">SCOPRI DI PIU'<\/span>\n\t\t\t\t\t<\/span>\n\t\t\t\t\t<\/a>\n\t\t<\/div>\n\t\t\t\t<\/div>\n\t\t\t\t<\/div>\n\t\t\t\t\t<\/div>\n\t\t<\/div>\n\t\t\t\t<div class=\"elementor-column elementor-col-50 elementor-inner-column elementor-element elementor-element-e9a1c08\" data-id=\"e9a1c08\" data-element_type=\"column\">\n\t\t\t<div class=\"elementor-widget-wrap elementor-element-populated\">\n\t\t\t\t\t\t<div class=\"elementor-element elementor-element-5f0c3ca elementor-widget elementor-widget-image\" data-id=\"5f0c3ca\" data-element_type=\"widget\" data-widget_type=\"image.default\">\n\t\t\t\t<div class=\"elementor-widget-container\">\n\t\t\t\t\t\t\t\t\t\t\t\t\t<img loading=\"lazy\" decoding=\"async\" width=\"1024\" height=\"683\" src=\"https:\/\/giardinatour.it\/wp-content\/uploads\/2025\/01\/23471-1024x683.jpg\" class=\"attachment-large size-large wp-image-5470\" alt=\"\" srcset=\"https:\/\/giardinatour.it\/wp-content\/uploads\/2025\/01\/23471-1024x683.jpg.webp 1024w, https:\/\/giardinatour.it\/wp-content\/uploads\/2025\/01\/23471-300x200.jpg.webp 300w, https:\/\/giardinatour.it\/wp-content\/uploads\/2025\/01\/23471-768x512.jpg.webp 768w, https:\/\/giardinatour.it\/wp-content\/uploads\/2025\/01\/23471-600x400.jpg.webp 600w, https:\/\/giardinatour.it\/wp-content\/uploads\/2025\/01\/23471.jpg.webp 1500w\" sizes=\"(max-width: 1024px) 100vw, 1024px\" \/>\t\t\t\t\t\t\t\t\t\t\t\t\t<\/div>\n\t\t\t\t<\/div>\n\t\t\t\t\t<\/div>\n\t\t<\/div>\n\t\t\t\t\t<\/div>\n\t\t<\/section>\n\t\t\t\t<div class=\"elementor-element elementor-element-4c47405 elementor-widget elementor-widget-spacer\" data-id=\"4c47405\" data-element_type=\"widget\" data-widget_type=\"spacer.default\">\n\t\t\t\t<div class=\"elementor-widget-container\">\n\t\t\t\t\t<div class=\"elementor-spacer\">\n\t\t\t<div class=\"elementor-spacer-inner\"><\/div>\n\t\t<\/div>\n\t\t\t\t<\/div>\n\t\t\t\t<\/div>\n\t\t\t\t<div class=\"elementor-element elementor-element-dfafffd elementor-widget elementor-widget-heading\" data-id=\"dfafffd\" data-element_type=\"widget\" data-widget_type=\"heading.default\">\n\t\t\t\t<div class=\"elementor-widget-container\">\n\t\t\t<h2 class=\"elementor-heading-title elementor-size-default\">Domande Frequenti<\/h2>\t\t<\/div>\n\t\t\t\t<\/div>\n\t\t\t\t\t<\/div>\n\t\t<\/div>\n\t\t\t\t\t<\/div>\n\t\t<\/section>\n\t\t<div class=\"elementor-element elementor-element-cd7b444 e-flex e-con-boxed e-con e-parent\" data-id=\"cd7b444\" data-element_type=\"container\">\n\t\t\t\t\t<div class=\"e-con-inner\">\n\t\t<div class=\"elementor-element elementor-element-dd5bed2 e-con-full e-flex e-con e-child\" data-id=\"dd5bed2\" data-element_type=\"container\">\n\t\t\t\t<div class=\"elementor-element elementor-element-e4f701b elementor-widget elementor-widget-n-accordion\" data-id=\"e4f701b\" data-element_type=\"widget\" data-settings=\"{&quot;default_state&quot;:&quot;expanded&quot;,&quot;max_items_expended&quot;:&quot;one&quot;,&quot;n_accordion_animation_duration&quot;:{&quot;unit&quot;:&quot;ms&quot;,&quot;size&quot;:400,&quot;sizes&quot;:[]}}\" data-widget_type=\"nested-accordion.default\">\n\t\t\t\t<div class=\"elementor-widget-container\">\n\t\t\t\t\t<div class=\"e-n-accordion\" aria-label=\"Accordion. Open links with Enter or Space, close with Escape, and navigate with Arrow Keys\">\n\t\t\t\t\t\t<details id=\"e-n-accordion-item-2400\" class=\"e-n-accordion-item\" open>\n\t\t\t\t<summary class=\"e-n-accordion-item-title\" data-accordion-index=\"1\" tabindex=\"0\" aria-expanded=\"true\" aria-controls=\"e-n-accordion-item-2400\" >\n\t\t\t\t\t<span class='e-n-accordion-item-title-header'><div class=\"e-n-accordion-item-title-text\"> Dove posso effettuare una prenotazione? <\/div><\/span>\n\t\t\t\t\t\t\t<span class='e-n-accordion-item-title-icon'>\n\t\t\t<span class='e-opened' ><svg aria-hidden=\"true\" class=\"e-font-icon-svg e-fas-minus\" viewBox=\"0 0 448 512\" xmlns=\"http:\/\/www.w3.org\/2000\/svg\"><path d=\"M416 208H32c-17.67 0-32 14.33-32 32v32c0 17.67 14.33 32 32 32h384c17.67 0 32-14.33 32-32v-32c0-17.67-14.33-32-32-32z\"><\/path><\/svg><\/span>\n\t\t\t<span class='e-closed'><svg aria-hidden=\"true\" class=\"e-font-icon-svg e-fas-plus\" viewBox=\"0 0 448 512\" xmlns=\"http:\/\/www.w3.org\/2000\/svg\"><path d=\"M416 208H272V64c0-17.67-14.33-32-32-32h-32c-17.67 0-32 14.33-32 32v144H32c-17.67 0-32 14.33-32 32v32c0 17.67 14.33 32 32 32h144v144c0 17.67 14.33 32 32 32h32c17.67 0 32-14.33 32-32V304h144c17.67 0 32-14.33 32-32v-32c0-17.67-14.33-32-32-32z\"><\/path><\/svg><\/span>\n\t\t<\/span>\n\n\t\t\t\t\t\t<\/summary>\n\t\t\t\t<div role=\"region\" aria-labelledby=\"e-n-accordion-item-2400\" class=\"elementor-element elementor-element-0a2b246 e-con-full e-flex e-con e-child\" data-id=\"0a2b246\" data-element_type=\"container\">\n\t\t\t\t<div class=\"elementor-element elementor-element-0980664 elementor-widget elementor-widget-text-editor\" data-id=\"0980664\" data-element_type=\"widget\" data-widget_type=\"text-editor.default\">\n\t\t\t\t<div class=\"elementor-widget-container\">\n\t\t\t\t\t\t\t<p>\u00c8 possibile prenotare online, direttamente sul nostro sito web.<\/p><p>Telefonicamente o tramite WhatsApp al +39 331 2844763<\/p>\t\t\t\t\t\t<\/div>\n\t\t\t\t<\/div>\n\t\t\t\t<\/div>\n\t\t\t\t\t<\/details>\n\t\t\t\t\t\t<details id=\"e-n-accordion-item-2401\" class=\"e-n-accordion-item\" >\n\t\t\t\t<summary class=\"e-n-accordion-item-title\" data-accordion-index=\"2\" tabindex=\"-1\" aria-expanded=\"false\" aria-controls=\"e-n-accordion-item-2401\" >\n\t\t\t\t\t<span class='e-n-accordion-item-title-header'><div class=\"e-n-accordion-item-title-text\"> Come faccio a riconoscere la mia navetta? <\/div><\/span>\n\t\t\t\t\t\t\t<span class='e-n-accordion-item-title-icon'>\n\t\t\t<span class='e-opened' ><svg aria-hidden=\"true\" class=\"e-font-icon-svg e-fas-minus\" viewBox=\"0 0 448 512\" xmlns=\"http:\/\/www.w3.org\/2000\/svg\"><path d=\"M416 208H32c-17.67 0-32 14.33-32 32v32c0 17.67 14.33 32 32 32h384c17.67 0 32-14.33 32-32v-32c0-17.67-14.33-32-32-32z\"><\/path><\/svg><\/span>\n\t\t\t<span class='e-closed'><svg aria-hidden=\"true\" class=\"e-font-icon-svg e-fas-plus\" viewBox=\"0 0 448 512\" xmlns=\"http:\/\/www.w3.org\/2000\/svg\"><path d=\"M416 208H272V64c0-17.67-14.33-32-32-32h-32c-17.67 0-32 14.33-32 32v144H32c-17.67 0-32 14.33-32 32v32c0 17.67 14.33 32 32 32h144v144c0 17.67 14.33 32 32 32h32c17.67 0 32-14.33 32-32V304h144c17.67 0 32-14.33 32-32v-32c0-17.67-14.33-32-32-32z\"><\/path><\/svg><\/span>\n\t\t<\/span>\n\n\t\t\t\t\t\t<\/summary>\n\t\t\t\t<div role=\"region\" aria-labelledby=\"e-n-accordion-item-2401\" class=\"elementor-element elementor-element-39ece7a e-con-full e-flex e-con e-child\" data-id=\"39ece7a\" data-element_type=\"container\">\n\t\t\t\t<div class=\"elementor-element elementor-element-fc2b6ff elementor-widget elementor-widget-text-editor\" data-id=\"fc2b6ff\" data-element_type=\"widget\" data-widget_type=\"text-editor.default\">\n\t\t\t\t<div class=\"elementor-widget-container\">\n\t\t\t\t\t\t\t<p>Tutti i nostri Autisti e i nostri Veicoli sono muniti del seguente cartello:<\/p><p><img loading=\"lazy\" decoding=\"async\" class=\"alignnone size-medium wp-image-31723\" src=\"https:\/\/giardinatour.it\/wp-content\/uploads\/2025\/12\/Cartello-Navetta-212x300.jpeg\" alt=\"\" width=\"212\" height=\"300\" srcset=\"https:\/\/giardinatour.it\/wp-content\/uploads\/2025\/12\/Cartello-Navetta-212x300.jpeg 212w, https:\/\/giardinatour.it\/wp-content\/uploads\/2025\/12\/Cartello-Navetta-724x1024.jpeg 724w, https:\/\/giardinatour.it\/wp-content\/uploads\/2025\/12\/Cartello-Navetta-768x1086.jpeg 768w, https:\/\/giardinatour.it\/wp-content\/uploads\/2025\/12\/Cartello-Navetta-1086x1536.jpeg 1086w, https:\/\/giardinatour.it\/wp-content\/uploads\/2025\/12\/Cartello-Navetta-600x849.jpeg 600w, https:\/\/giardinatour.it\/wp-content\/uploads\/2025\/12\/Cartello-Navetta.jpeg 1448w\" sizes=\"(max-width: 212px) 100vw, 212px\" \/><\/p>\t\t\t\t\t\t<\/div>\n\t\t\t\t<\/div>\n\t\t\t\t<\/div>\n\t\t\t\t\t<\/details>\n\t\t\t\t\t\t<details id=\"e-n-accordion-item-2402\" class=\"e-n-accordion-item\" >\n\t\t\t\t<summary class=\"e-n-accordion-item-title\" data-accordion-index=\"3\" tabindex=\"-1\" aria-expanded=\"false\" aria-controls=\"e-n-accordion-item-2402\" >\n\t\t\t\t\t<span class='e-n-accordion-item-title-header'><div class=\"e-n-accordion-item-title-text\"> Cosa succede se perdo la navetta o se il volo atterra in ritardo? <\/div><\/span>\n\t\t\t\t\t\t\t<span class='e-n-accordion-item-title-icon'>\n\t\t\t<span class='e-opened' ><svg aria-hidden=\"true\" class=\"e-font-icon-svg e-fas-minus\" viewBox=\"0 0 448 512\" xmlns=\"http:\/\/www.w3.org\/2000\/svg\"><path d=\"M416 208H32c-17.67 0-32 14.33-32 32v32c0 17.67 14.33 32 32 32h384c17.67 0 32-14.33 32-32v-32c0-17.67-14.33-32-32-32z\"><\/path><\/svg><\/span>\n\t\t\t<span class='e-closed'><svg aria-hidden=\"true\" class=\"e-font-icon-svg e-fas-plus\" viewBox=\"0 0 448 512\" xmlns=\"http:\/\/www.w3.org\/2000\/svg\"><path d=\"M416 208H272V64c0-17.67-14.33-32-32-32h-32c-17.67 0-32 14.33-32 32v144H32c-17.67 0-32 14.33-32 32v32c0 17.67 14.33 32 32 32h144v144c0 17.67 14.33 32 32 32h32c17.67 0 32-14.33 32-32V304h144c17.67 0 32-14.33 32-32v-32c0-17.67-14.33-32-32-32z\"><\/path><\/svg><\/span>\n\t\t<\/span>\n\n\t\t\t\t\t\t<\/summary>\n\t\t\t\t<div role=\"region\" aria-labelledby=\"e-n-accordion-item-2402\" class=\"elementor-element elementor-element-0c41ac7 e-con-full e-flex e-con e-child\" data-id=\"0c41ac7\" data-element_type=\"container\">\n\t\t\t\t<div class=\"elementor-element elementor-element-e5c0e0d elementor-widget elementor-widget-text-editor\" data-id=\"e5c0e0d\" data-element_type=\"widget\" data-widget_type=\"text-editor.default\">\n\t\t\t\t<div class=\"elementor-widget-container\">\n\t\t\t\t\t\t\t<p>Se il ritardo \u00e8 minimo, si attende compatibilmente con gli orari delle altre coincidenze. In caso di ritardi significativi, ti verr\u00e0 assegnata la partenza successiva disponibile.<\/p>\t\t\t\t\t\t<\/div>\n\t\t\t\t<\/div>\n\t\t\t\t<\/div>\n\t\t\t\t\t<\/details>\n\t\t\t\t\t\t<details id=\"e-n-accordion-item-2403\" class=\"e-n-accordion-item\" >\n\t\t\t\t<summary class=\"e-n-accordion-item-title\" data-accordion-index=\"4\" tabindex=\"-1\" aria-expanded=\"false\" aria-controls=\"e-n-accordion-item-2403\" >\n\t\t\t\t\t<span class='e-n-accordion-item-title-header'><div class=\"e-n-accordion-item-title-text\"> Qual \u00e8 il punto esatto delle varie fermate? <\/div><\/span>\n\t\t\t\t\t\t\t<span class='e-n-accordion-item-title-icon'>\n\t\t\t<span class='e-opened' ><svg aria-hidden=\"true\" class=\"e-font-icon-svg e-fas-minus\" viewBox=\"0 0 448 512\" xmlns=\"http:\/\/www.w3.org\/2000\/svg\"><path d=\"M416 208H32c-17.67 0-32 14.33-32 32v32c0 17.67 14.33 32 32 32h384c17.67 0 32-14.33 32-32v-32c0-17.67-14.33-32-32-32z\"><\/path><\/svg><\/span>\n\t\t\t<span class='e-closed'><svg aria-hidden=\"true\" class=\"e-font-icon-svg e-fas-plus\" viewBox=\"0 0 448 512\" xmlns=\"http:\/\/www.w3.org\/2000\/svg\"><path d=\"M416 208H272V64c0-17.67-14.33-32-32-32h-32c-17.67 0-32 14.33-32 32v144H32c-17.67 0-32 14.33-32 32v32c0 17.67 14.33 32 32 32h144v144c0 17.67 14.33 32 32 32h32c17.67 0 32-14.33 32-32V304h144c17.67 0 32-14.33 32-32v-32c0-17.67-14.33-32-32-32z\"><\/path><\/svg><\/span>\n\t\t<\/span>\n\n\t\t\t\t\t\t<\/summary>\n\t\t\t\t<div role=\"region\" aria-labelledby=\"e-n-accordion-item-2403\" class=\"elementor-element elementor-element-5c26022 e-flex e-con-boxed e-con e-child\" data-id=\"5c26022\" data-element_type=\"container\">\n\t\t\t\t\t<div class=\"e-con-inner\">\n\t\t\t\t<div class=\"elementor-element elementor-element-412a394 elementor-widget elementor-widget-text-editor\" data-id=\"412a394\" data-element_type=\"widget\" data-widget_type=\"text-editor.default\">\n\t\t\t\t<div class=\"elementor-widget-container\">\n\t\t\t\t\t\t\t<p>Puoi consultare <strong data-start=\"739\" data-end=\"801\">gli orari e la posizione precisa di ogni punto di raccolta<\/strong> direttamente da questo link<\/p>\t\t\t\t\t\t<\/div>\n\t\t\t\t<\/div>\n\t\t\t\t\t<\/div>\n\t\t\t\t<\/div>\n\t\t\t\t\t<\/details>\n\t\t\t\t\t\t<details id=\"e-n-accordion-item-2404\" class=\"e-n-accordion-item\" >\n\t\t\t\t<summary class=\"e-n-accordion-item-title\" data-accordion-index=\"5\" tabindex=\"-1\" aria-expanded=\"false\" aria-controls=\"e-n-accordion-item-2404\" >\n\t\t\t\t\t<span class='e-n-accordion-item-title-header'><div class=\"e-n-accordion-item-title-text\"> Posso portare bagagli aggiuntivi? <\/div><\/span>\n\t\t\t\t\t\t\t<span class='e-n-accordion-item-title-icon'>\n\t\t\t<span class='e-opened' ><svg aria-hidden=\"true\" class=\"e-font-icon-svg e-fas-minus\" viewBox=\"0 0 448 512\" xmlns=\"http:\/\/www.w3.org\/2000\/svg\"><path d=\"M416 208H32c-17.67 0-32 14.33-32 32v32c0 17.67 14.33 32 32 32h384c17.67 0 32-14.33 32-32v-32c0-17.67-14.33-32-32-32z\"><\/path><\/svg><\/span>\n\t\t\t<span class='e-closed'><svg aria-hidden=\"true\" class=\"e-font-icon-svg e-fas-plus\" viewBox=\"0 0 448 512\" xmlns=\"http:\/\/www.w3.org\/2000\/svg\"><path d=\"M416 208H272V64c0-17.67-14.33-32-32-32h-32c-17.67 0-32 14.33-32 32v144H32c-17.67 0-32 14.33-32 32v32c0 17.67 14.33 32 32 32h144v144c0 17.67 14.33 32 32 32h32c17.67 0 32-14.33 32-32V304h144c17.67 0 32-14.33 32-32v-32c0-17.67-14.33-32-32-32z\"><\/path><\/svg><\/span>\n\t\t<\/span>\n\n\t\t\t\t\t\t<\/summary>\n\t\t\t\t<div role=\"region\" aria-labelledby=\"e-n-accordion-item-2404\" class=\"elementor-element elementor-element-6bb11ba e-flex e-con-boxed e-con e-child\" data-id=\"6bb11ba\" data-element_type=\"container\">\n\t\t\t\t\t<div class=\"e-con-inner\">\n\t\t\t\t<div class=\"elementor-element elementor-element-7ca5d11 elementor-widget elementor-widget-text-editor\" data-id=\"7ca5d11\" data-element_type=\"widget\" data-widget_type=\"text-editor.default\">\n\t\t\t\t<div class=\"elementor-widget-container\">\n\t\t\t\t\t\t\t<p>Ad ogni passeggero prenotato, \u00e8 consentivo il trasporto di 1 bagaglio a mano che il passeggero tiene con s\u00e9 durante il tragitto + 1 bagaglio grande\u00a0 da riporre nella stiva dell&#8217;autobus. Eventuali bagagli aggiuntivi, vanno segnalati in fase di prenotazione e sar\u00e0 applicata una tariffa maggiorata di \u20ac2,50 per ogni bagaglio aggiuntivo<\/p>\t\t\t\t\t\t<\/div>\n\t\t\t\t<\/div>\n\t\t\t\t\t<\/div>\n\t\t\t\t<\/div>\n\t\t\t\t\t<\/details>\n\t\t\t\t\t\t<details id=\"e-n-accordion-item-2405\" class=\"e-n-accordion-item\" >\n\t\t\t\t<summary class=\"e-n-accordion-item-title\" data-accordion-index=\"6\" tabindex=\"-1\" aria-expanded=\"false\" aria-controls=\"e-n-accordion-item-2405\" >\n\t\t\t\t\t<span class='e-n-accordion-item-title-header'><div class=\"e-n-accordion-item-title-text\"> \u00c8 possibile richiedere un seggiolino per bambini? <\/div><\/span>\n\t\t\t\t\t\t\t<span class='e-n-accordion-item-title-icon'>\n\t\t\t<span class='e-opened' ><svg aria-hidden=\"true\" class=\"e-font-icon-svg e-fas-minus\" viewBox=\"0 0 448 512\" xmlns=\"http:\/\/www.w3.org\/2000\/svg\"><path d=\"M416 208H32c-17.67 0-32 14.33-32 32v32c0 17.67 14.33 32 32 32h384c17.67 0 32-14.33 32-32v-32c0-17.67-14.33-32-32-32z\"><\/path><\/svg><\/span>\n\t\t\t<span class='e-closed'><svg aria-hidden=\"true\" class=\"e-font-icon-svg e-fas-plus\" viewBox=\"0 0 448 512\" xmlns=\"http:\/\/www.w3.org\/2000\/svg\"><path d=\"M416 208H272V64c0-17.67-14.33-32-32-32h-32c-17.67 0-32 14.33-32 32v144H32c-17.67 0-32 14.33-32 32v32c0 17.67 14.33 32 32 32h144v144c0 17.67 14.33 32 32 32h32c17.67 0 32-14.33 32-32V304h144c17.67 0 32-14.33 32-32v-32c0-17.67-14.33-32-32-32z\"><\/path><\/svg><\/span>\n\t\t<\/span>\n\n\t\t\t\t\t\t<\/summary>\n\t\t\t\t<div role=\"region\" aria-labelledby=\"e-n-accordion-item-2405\" class=\"elementor-element elementor-element-2c3c779 e-flex e-con-boxed e-con e-child\" data-id=\"2c3c779\" data-element_type=\"container\">\n\t\t\t\t\t<div class=\"e-con-inner\">\n\t\t\t\t<div class=\"elementor-element elementor-element-79817db elementor-widget elementor-widget-text-editor\" data-id=\"79817db\" data-element_type=\"widget\" data-widget_type=\"text-editor.default\">\n\t\t\t\t<div class=\"elementor-widget-container\">\n\t\t\t\t\t\t\t<p>S\u00ec, il costo per bambini 0\/11 anni \u00e8 di \u20ac15 incluso di idoneo ovetto\/seggiolino, da specificare in fase di prenotazione. Ricordiamo come da normativa vigente in Italia \u00e8 obbligatorio per tutti i bambini con et\u00e0 inferiore ai 12 anni o la cui altezza \u00e8 inferiore ai 150 cm.<\/p>\t\t\t\t\t\t<\/div>\n\t\t\t\t<\/div>\n\t\t\t\t\t<\/div>\n\t\t\t\t<\/div>\n\t\t\t\t\t<\/details>\n\t\t\t\t\t\t<details id=\"e-n-accordion-item-2406\" class=\"e-n-accordion-item\" >\n\t\t\t\t<summary class=\"e-n-accordion-item-title\" data-accordion-index=\"7\" tabindex=\"-1\" aria-expanded=\"false\" aria-controls=\"e-n-accordion-item-2406\" >\n\t\t\t\t\t<span class='e-n-accordion-item-title-header'><div class=\"e-n-accordion-item-title-text\"> Gli animali possono viaggiare? <\/div><\/span>\n\t\t\t\t\t\t\t<span class='e-n-accordion-item-title-icon'>\n\t\t\t<span class='e-opened' ><svg aria-hidden=\"true\" class=\"e-font-icon-svg e-fas-minus\" viewBox=\"0 0 448 512\" xmlns=\"http:\/\/www.w3.org\/2000\/svg\"><path d=\"M416 208H32c-17.67 0-32 14.33-32 32v32c0 17.67 14.33 32 32 32h384c17.67 0 32-14.33 32-32v-32c0-17.67-14.33-32-32-32z\"><\/path><\/svg><\/span>\n\t\t\t<span class='e-closed'><svg aria-hidden=\"true\" class=\"e-font-icon-svg e-fas-plus\" viewBox=\"0 0 448 512\" xmlns=\"http:\/\/www.w3.org\/2000\/svg\"><path d=\"M416 208H272V64c0-17.67-14.33-32-32-32h-32c-17.67 0-32 14.33-32 32v144H32c-17.67 0-32 14.33-32 32v32c0 17.67 14.33 32 32 32h144v144c0 17.67 14.33 32 32 32h32c17.67 0 32-14.33 32-32V304h144c17.67 0 32-14.33 32-32v-32c0-17.67-14.33-32-32-32z\"><\/path><\/svg><\/span>\n\t\t<\/span>\n\n\t\t\t\t\t\t<\/summary>\n\t\t\t\t<div role=\"region\" aria-labelledby=\"e-n-accordion-item-2406\" class=\"elementor-element elementor-element-21894ba e-flex e-con-boxed e-con e-child\" data-id=\"21894ba\" data-element_type=\"container\">\n\t\t\t\t\t<div class=\"e-con-inner\">\n\t\t\t\t<div class=\"elementor-element elementor-element-9eeeb10 elementor-widget elementor-widget-text-editor\" data-id=\"9eeeb10\" data-element_type=\"widget\" data-widget_type=\"text-editor.default\">\n\t\t\t\t<div class=\"elementor-widget-container\">\n\t\t\t\t\t\t\t<p>\u00c8\u00a0ammesso il trasporto di animali di piccole dimensioni, se tenuti in appositi contenitori e\/o gabbiette coperti previa comunicazione al momento della prenotazione e il pagamento del corrispettivo di Euro 10,00, a eccezione dei cani di assistenza.<\/p>\t\t\t\t\t\t<\/div>\n\t\t\t\t<\/div>\n\t\t\t\t\t<\/div>\n\t\t\t\t<\/div>\n\t\t\t\t\t<\/details>\n\t\t\t\t\t<\/div>\n\t\t\t\t<\/div>\n\t\t\t\t<\/div>\n\t\t\t\t<\/div>\n\t\t<div class=\"elementor-element elementor-element-e1c7dde e-con-full e-flex e-con e-child\" data-id=\"e1c7dde\" data-element_type=\"container\" data-settings=\"{&quot;background_background&quot;:&quot;gradient&quot;}\">\n\t\t\t\t<div class=\"elementor-element elementor-element-e914b53 elementor-widget elementor-widget-n-accordion\" data-id=\"e914b53\" data-element_type=\"widget\" data-settings=\"{&quot;default_state&quot;:&quot;expanded&quot;,&quot;max_items_expended&quot;:&quot;one&quot;,&quot;n_accordion_animation_duration&quot;:{&quot;unit&quot;:&quot;ms&quot;,&quot;size&quot;:400,&quot;sizes&quot;:[]}}\" data-widget_type=\"nested-accordion.default\">\n\t\t\t\t<div class=\"elementor-widget-container\">\n\t\t\t\t\t<div class=\"e-n-accordion\" aria-label=\"Accordion. Open links with Enter or Space, close with Escape, and navigate with Arrow Keys\">\n\t\t\t\t\t\t<details id=\"e-n-accordion-item-2440\" class=\"e-n-accordion-item\" open>\n\t\t\t\t<summary class=\"e-n-accordion-item-title\" data-accordion-index=\"1\" tabindex=\"0\" aria-expanded=\"true\" aria-controls=\"e-n-accordion-item-2440\" >\n\t\t\t\t\t<span class='e-n-accordion-item-title-header'><div class=\"e-n-accordion-item-title-text\"> \u00c8 obbligatorio effettuare una prenotazione? <\/div><\/span>\n\t\t\t\t\t\t\t<span class='e-n-accordion-item-title-icon'>\n\t\t\t<span class='e-opened' ><svg aria-hidden=\"true\" class=\"e-font-icon-svg e-fas-minus\" viewBox=\"0 0 448 512\" xmlns=\"http:\/\/www.w3.org\/2000\/svg\"><path d=\"M416 208H32c-17.67 0-32 14.33-32 32v32c0 17.67 14.33 32 32 32h384c17.67 0 32-14.33 32-32v-32c0-17.67-14.33-32-32-32z\"><\/path><\/svg><\/span>\n\t\t\t<span class='e-closed'><svg aria-hidden=\"true\" class=\"e-font-icon-svg e-fas-plus\" viewBox=\"0 0 448 512\" xmlns=\"http:\/\/www.w3.org\/2000\/svg\"><path d=\"M416 208H272V64c0-17.67-14.33-32-32-32h-32c-17.67 0-32 14.33-32 32v144H32c-17.67 0-32 14.33-32 32v32c0 17.67 14.33 32 32 32h144v144c0 17.67 14.33 32 32 32h32c17.67 0 32-14.33 32-32V304h144c17.67 0 32-14.33 32-32v-32c0-17.67-14.33-32-32-32z\"><\/path><\/svg><\/span>\n\t\t<\/span>\n\n\t\t\t\t\t\t<\/summary>\n\t\t\t\t<div role=\"region\" aria-labelledby=\"e-n-accordion-item-2440\" class=\"elementor-element elementor-element-ddcb332 e-con-full e-flex e-con e-child\" data-id=\"ddcb332\" data-element_type=\"container\">\n\t\t\t\t<div class=\"elementor-element elementor-element-74c0ac8 elementor-widget elementor-widget-text-editor\" data-id=\"74c0ac8\" data-element_type=\"widget\" data-widget_type=\"text-editor.default\">\n\t\t\t\t<div class=\"elementor-widget-container\">\n\t\t\t\t\t\t\t<p><strong data-start=\"871\" data-end=\"910\">S\u00ec, la prenotazione \u00e8 obbligatoria.<\/strong><br data-start=\"910\" data-end=\"913\" \/>Serve per garantirti il posto, gestire correttamente i posti disponibili e assicurare partenze puntuali. Senza prenotazione potremmo non avere disponibilit\u00e0 e non potremmo garantirti il servizio.<\/p>\t\t\t\t\t\t<\/div>\n\t\t\t\t<\/div>\n\t\t\t\t<\/div>\n\t\t\t\t\t<\/details>\n\t\t\t\t\t\t<details id=\"e-n-accordion-item-2441\" class=\"e-n-accordion-item\" >\n\t\t\t\t<summary class=\"e-n-accordion-item-title\" data-accordion-index=\"2\" tabindex=\"-1\" aria-expanded=\"false\" aria-controls=\"e-n-accordion-item-2441\" >\n\t\t\t\t\t<span class='e-n-accordion-item-title-header'><div class=\"e-n-accordion-item-title-text\"> Cosa devo esibire una volta effettuata la prenotazione online? <\/div><\/span>\n\t\t\t\t\t\t\t<span class='e-n-accordion-item-title-icon'>\n\t\t\t<span class='e-opened' ><svg aria-hidden=\"true\" class=\"e-font-icon-svg e-fas-minus\" viewBox=\"0 0 448 512\" xmlns=\"http:\/\/www.w3.org\/2000\/svg\"><path d=\"M416 208H32c-17.67 0-32 14.33-32 32v32c0 17.67 14.33 32 32 32h384c17.67 0 32-14.33 32-32v-32c0-17.67-14.33-32-32-32z\"><\/path><\/svg><\/span>\n\t\t\t<span class='e-closed'><svg aria-hidden=\"true\" class=\"e-font-icon-svg e-fas-plus\" viewBox=\"0 0 448 512\" xmlns=\"http:\/\/www.w3.org\/2000\/svg\"><path d=\"M416 208H272V64c0-17.67-14.33-32-32-32h-32c-17.67 0-32 14.33-32 32v144H32c-17.67 0-32 14.33-32 32v32c0 17.67 14.33 32 32 32h144v144c0 17.67 14.33 32 32 32h32c17.67 0 32-14.33 32-32V304h144c17.67 0 32-14.33 32-32v-32c0-17.67-14.33-32-32-32z\"><\/path><\/svg><\/span>\n\t\t<\/span>\n\n\t\t\t\t\t\t<\/summary>\n\t\t\t\t<div role=\"region\" aria-labelledby=\"e-n-accordion-item-2441\" class=\"elementor-element elementor-element-0d689f4 e-con-full e-flex e-con e-child\" data-id=\"0d689f4\" data-element_type=\"container\">\n\t\t\t\t<div class=\"elementor-element elementor-element-aa1b3fa elementor-widget elementor-widget-text-editor\" data-id=\"aa1b3fa\" data-element_type=\"widget\" data-widget_type=\"text-editor.default\">\n\t\t\t\t<div class=\"elementor-widget-container\">\n\t\t\t\t\t\t\t<p class=\"p1\">Una volta concluso il pagamento, potrai stampare la tua prenotazione.<\/p><p class=\"p1\">Inoltre ti sar\u00e0 inviato anche per e-mail. In questo modo potrai stampare o scaricare la prenotazione direttamente sul tuo smartphone, non \u00e8 necessario esibire il cartaceo.<\/p>\t\t\t\t\t\t<\/div>\n\t\t\t\t<\/div>\n\t\t\t\t<\/div>\n\t\t\t\t\t<\/details>\n\t\t\t\t\t\t<details id=\"e-n-accordion-item-2442\" class=\"e-n-accordion-item\" >\n\t\t\t\t<summary class=\"e-n-accordion-item-title\" data-accordion-index=\"3\" tabindex=\"-1\" aria-expanded=\"false\" aria-controls=\"e-n-accordion-item-2442\" >\n\t\t\t\t\t<span class='e-n-accordion-item-title-header'><div class=\"e-n-accordion-item-title-text\"> Come faccio ad effettuare una prenotazione senza carta di credito? <\/div><\/span>\n\t\t\t\t\t\t\t<span class='e-n-accordion-item-title-icon'>\n\t\t\t<span class='e-opened' ><svg aria-hidden=\"true\" class=\"e-font-icon-svg e-fas-minus\" viewBox=\"0 0 448 512\" xmlns=\"http:\/\/www.w3.org\/2000\/svg\"><path d=\"M416 208H32c-17.67 0-32 14.33-32 32v32c0 17.67 14.33 32 32 32h384c17.67 0 32-14.33 32-32v-32c0-17.67-14.33-32-32-32z\"><\/path><\/svg><\/span>\n\t\t\t<span class='e-closed'><svg aria-hidden=\"true\" class=\"e-font-icon-svg e-fas-plus\" viewBox=\"0 0 448 512\" xmlns=\"http:\/\/www.w3.org\/2000\/svg\"><path d=\"M416 208H272V64c0-17.67-14.33-32-32-32h-32c-17.67 0-32 14.33-32 32v144H32c-17.67 0-32 14.33-32 32v32c0 17.67 14.33 32 32 32h144v144c0 17.67 14.33 32 32 32h32c17.67 0 32-14.33 32-32V304h144c17.67 0 32-14.33 32-32v-32c0-17.67-14.33-32-32-32z\"><\/path><\/svg><\/span>\n\t\t<\/span>\n\n\t\t\t\t\t\t<\/summary>\n\t\t\t\t<div role=\"region\" aria-labelledby=\"e-n-accordion-item-2442\" class=\"elementor-element elementor-element-19a9ef7 e-con-full e-flex e-con e-child\" data-id=\"19a9ef7\" data-element_type=\"container\">\n\t\t\t\t<div class=\"elementor-element elementor-element-25d7d92 elementor-widget elementor-widget-text-editor\" data-id=\"25d7d92\" data-element_type=\"widget\" data-widget_type=\"text-editor.default\">\n\t\t\t\t<div class=\"elementor-widget-container\">\n\t\t\t\t\t\t\t<p data-start=\"526\" data-end=\"664\">Puoi completare la tua prenotazione online utilizzando un conto PayPal.<\/p><p data-start=\"666\" data-end=\"796\">Se preferisci, puoi anche prenotare di persona: siamo disponibili nei nostri uffici oppure tramite le agenzie partner autorizzate.<\/p>\t\t\t\t\t\t<\/div>\n\t\t\t\t<\/div>\n\t\t\t\t<\/div>\n\t\t\t\t\t<\/details>\n\t\t\t\t\t\t<details id=\"e-n-accordion-item-2443\" class=\"e-n-accordion-item\" >\n\t\t\t\t<summary class=\"e-n-accordion-item-title\" data-accordion-index=\"4\" tabindex=\"-1\" aria-expanded=\"false\" aria-controls=\"e-n-accordion-item-2443\" >\n\t\t\t\t\t<span class='e-n-accordion-item-title-header'><div class=\"e-n-accordion-item-title-text\"> Cosa rende questo servizio diverso rispetto agli altri mezzi? <\/div><\/span>\n\t\t\t\t\t\t\t<span class='e-n-accordion-item-title-icon'>\n\t\t\t<span class='e-opened' ><svg aria-hidden=\"true\" class=\"e-font-icon-svg e-fas-minus\" viewBox=\"0 0 448 512\" xmlns=\"http:\/\/www.w3.org\/2000\/svg\"><path d=\"M416 208H32c-17.67 0-32 14.33-32 32v32c0 17.67 14.33 32 32 32h384c17.67 0 32-14.33 32-32v-32c0-17.67-14.33-32-32-32z\"><\/path><\/svg><\/span>\n\t\t\t<span class='e-closed'><svg aria-hidden=\"true\" class=\"e-font-icon-svg e-fas-plus\" viewBox=\"0 0 448 512\" xmlns=\"http:\/\/www.w3.org\/2000\/svg\"><path d=\"M416 208H272V64c0-17.67-14.33-32-32-32h-32c-17.67 0-32 14.33-32 32v144H32c-17.67 0-32 14.33-32 32v32c0 17.67 14.33 32 32 32h144v144c0 17.67 14.33 32 32 32h32c17.67 0 32-14.33 32-32V304h144c17.67 0 32-14.33 32-32v-32c0-17.67-14.33-32-32-32z\"><\/path><\/svg><\/span>\n\t\t<\/span>\n\n\t\t\t\t\t\t<\/summary>\n\t\t\t\t<div role=\"region\" aria-labelledby=\"e-n-accordion-item-2443\" class=\"elementor-element elementor-element-727283f e-flex e-con-boxed e-con e-child\" data-id=\"727283f\" data-element_type=\"container\">\n\t\t\t\t\t<div class=\"e-con-inner\">\n\t\t\t\t<div class=\"elementor-element elementor-element-8b27392 elementor-widget elementor-widget-text-editor\" data-id=\"8b27392\" data-element_type=\"widget\" data-widget_type=\"text-editor.default\">\n\t\t\t\t<div class=\"elementor-widget-container\">\n\t\t\t\t\t\t\t<p data-start=\"2772\" data-end=\"2938\">Orari affidabili, costo contenuto, percorso diretto via autostrada, gestione professionale e un\u2019esperienza pi\u00f9 confortevole rispetto al trasporto ferroviario o ai bus sovraffollati.<\/p>\t\t\t\t\t\t<\/div>\n\t\t\t\t<\/div>\n\t\t\t\t\t<\/div>\n\t\t\t\t<\/div>\n\t\t\t\t\t<\/details>\n\t\t\t\t\t\t<details id=\"e-n-accordion-item-2444\" class=\"e-n-accordion-item\" >\n\t\t\t\t<summary class=\"e-n-accordion-item-title\" data-accordion-index=\"5\" tabindex=\"-1\" aria-expanded=\"false\" aria-controls=\"e-n-accordion-item-2444\" >\n\t\t\t\t\t<span class='e-n-accordion-item-title-header'><div class=\"e-n-accordion-item-title-text\"> Posso annullare o modificare una prenotazione? <\/div><\/span>\n\t\t\t\t\t\t\t<span class='e-n-accordion-item-title-icon'>\n\t\t\t<span class='e-opened' ><svg aria-hidden=\"true\" class=\"e-font-icon-svg e-fas-minus\" viewBox=\"0 0 448 512\" xmlns=\"http:\/\/www.w3.org\/2000\/svg\"><path d=\"M416 208H32c-17.67 0-32 14.33-32 32v32c0 17.67 14.33 32 32 32h384c17.67 0 32-14.33 32-32v-32c0-17.67-14.33-32-32-32z\"><\/path><\/svg><\/span>\n\t\t\t<span class='e-closed'><svg aria-hidden=\"true\" class=\"e-font-icon-svg e-fas-plus\" viewBox=\"0 0 448 512\" xmlns=\"http:\/\/www.w3.org\/2000\/svg\"><path d=\"M416 208H272V64c0-17.67-14.33-32-32-32h-32c-17.67 0-32 14.33-32 32v144H32c-17.67 0-32 14.33-32 32v32c0 17.67 14.33 32 32 32h144v144c0 17.67 14.33 32 32 32h32c17.67 0 32-14.33 32-32V304h144c17.67 0 32-14.33 32-32v-32c0-17.67-14.33-32-32-32z\"><\/path><\/svg><\/span>\n\t\t<\/span>\n\n\t\t\t\t\t\t<\/summary>\n\t\t\t\t<div role=\"region\" aria-labelledby=\"e-n-accordion-item-2444\" class=\"elementor-element elementor-element-814fdc2 e-flex e-con-boxed e-con e-child\" data-id=\"814fdc2\" data-element_type=\"container\">\n\t\t\t\t\t<div class=\"e-con-inner\">\n\t\t\t\t<div class=\"elementor-element elementor-element-dba44ad elementor-widget elementor-widget-text-editor\" data-id=\"dba44ad\" data-element_type=\"widget\" data-widget_type=\"text-editor.default\">\n\t\t\t\t<div class=\"elementor-widget-container\">\n\t\t\t\t\t\t\t<p>S\u00ec. Puoi annullare o modificare la tua prenotazione <strong data-start=\"656\" data-end=\"694\">fino a 12 ore prima <\/strong>della partenza ed ottenere un voucher o il rimborso completo del servizio.<br data-start=\"695\" data-end=\"698\" \/><br \/><\/p>\t\t\t\t\t\t<\/div>\n\t\t\t\t<\/div>\n\t\t\t\t\t<\/div>\n\t\t\t\t<\/div>\n\t\t\t\t\t<\/details>\n\t\t\t\t\t\t<details id=\"e-n-accordion-item-2445\" class=\"e-n-accordion-item\" >\n\t\t\t\t<summary class=\"e-n-accordion-item-title\" data-accordion-index=\"6\" tabindex=\"-1\" aria-expanded=\"false\" aria-controls=\"e-n-accordion-item-2445\" >\n\t\t\t\t\t<span class='e-n-accordion-item-title-header'><div class=\"e-n-accordion-item-title-text\"> Qual \u00e8 il prezzo di una prenotazione? <\/div><\/span>\n\t\t\t\t\t\t\t<span class='e-n-accordion-item-title-icon'>\n\t\t\t<span class='e-opened' ><svg aria-hidden=\"true\" class=\"e-font-icon-svg e-fas-minus\" viewBox=\"0 0 448 512\" xmlns=\"http:\/\/www.w3.org\/2000\/svg\"><path d=\"M416 208H32c-17.67 0-32 14.33-32 32v32c0 17.67 14.33 32 32 32h384c17.67 0 32-14.33 32-32v-32c0-17.67-14.33-32-32-32z\"><\/path><\/svg><\/span>\n\t\t\t<span class='e-closed'><svg aria-hidden=\"true\" class=\"e-font-icon-svg e-fas-plus\" viewBox=\"0 0 448 512\" xmlns=\"http:\/\/www.w3.org\/2000\/svg\"><path d=\"M416 208H272V64c0-17.67-14.33-32-32-32h-32c-17.67 0-32 14.33-32 32v144H32c-17.67 0-32 14.33-32 32v32c0 17.67 14.33 32 32 32h144v144c0 17.67 14.33 32 32 32h32c17.67 0 32-14.33 32-32V304h144c17.67 0 32-14.33 32-32v-32c0-17.67-14.33-32-32-32z\"><\/path><\/svg><\/span>\n\t\t<\/span>\n\n\t\t\t\t\t\t<\/summary>\n\t\t\t\t<div role=\"region\" aria-labelledby=\"e-n-accordion-item-2445\" class=\"elementor-element elementor-element-bb8e3ff e-flex e-con-boxed e-con e-child\" data-id=\"bb8e3ff\" data-element_type=\"container\">\n\t\t\t\t\t<div class=\"e-con-inner\">\n\t\t\t\t<div class=\"elementor-element elementor-element-506af4f elementor-widget elementor-widget-text-editor\" data-id=\"506af4f\" data-element_type=\"widget\" data-widget_type=\"text-editor.default\">\n\t\t\t\t<div class=\"elementor-widget-container\">\n\t\t\t\t\t\t\t<p data-start=\"701\" data-end=\"841\">Il costo varia in base al punto di partenza o di arrivo.<br data-start=\"757\" data-end=\"760\" \/>La tariffa va <strong data-start=\"774\" data-end=\"802\">da \u20ac20 a \u20ac30 per persona<\/strong>, a seconda della tratta selezionata.<\/p><p data-start=\"843\" data-end=\"1001\">Eventuali <strong data-start=\"853\" data-end=\"870\">servizi extra<\/strong> (come bagagli aggiuntivi, ecc.) possono comportare un costo aggiuntivo, sempre indicato al momento della prenotazione.<\/p>\t\t\t\t\t\t<\/div>\n\t\t\t\t<\/div>\n\t\t\t\t\t<\/div>\n\t\t\t\t<\/div>\n\t\t\t\t\t<\/details>\n\t\t\t\t\t\t<details id=\"e-n-accordion-item-2446\" class=\"e-n-accordion-item\" >\n\t\t\t\t<summary class=\"e-n-accordion-item-title\" data-accordion-index=\"7\" tabindex=\"-1\" aria-expanded=\"false\" aria-controls=\"e-n-accordion-item-2446\" >\n\t\t\t\t\t<span class='e-n-accordion-item-title-header'><div class=\"e-n-accordion-item-title-text\"> Quanto tempo impiega la navetta per arrivare in aeroporto? <\/div><\/span>\n\t\t\t\t\t\t\t<span class='e-n-accordion-item-title-icon'>\n\t\t\t<span class='e-opened' ><svg aria-hidden=\"true\" class=\"e-font-icon-svg e-fas-minus\" viewBox=\"0 0 448 512\" xmlns=\"http:\/\/www.w3.org\/2000\/svg\"><path d=\"M416 208H32c-17.67 0-32 14.33-32 32v32c0 17.67 14.33 32 32 32h384c17.67 0 32-14.33 32-32v-32c0-17.67-14.33-32-32-32z\"><\/path><\/svg><\/span>\n\t\t\t<span class='e-closed'><svg aria-hidden=\"true\" class=\"e-font-icon-svg e-fas-plus\" viewBox=\"0 0 448 512\" xmlns=\"http:\/\/www.w3.org\/2000\/svg\"><path d=\"M416 208H272V64c0-17.67-14.33-32-32-32h-32c-17.67 0-32 14.33-32 32v144H32c-17.67 0-32 14.33-32 32v32c0 17.67 14.33 32 32 32h144v144c0 17.67 14.33 32 32 32h32c17.67 0 32-14.33 32-32V304h144c17.67 0 32-14.33 32-32v-32c0-17.67-14.33-32-32-32z\"><\/path><\/svg><\/span>\n\t\t<\/span>\n\n\t\t\t\t\t\t<\/summary>\n\t\t\t\t<div role=\"region\" aria-labelledby=\"e-n-accordion-item-2446\" class=\"elementor-element elementor-element-3d0db8f e-flex e-con-boxed e-con e-child\" data-id=\"3d0db8f\" data-element_type=\"container\">\n\t\t\t\t\t<div class=\"e-con-inner\">\n\t\t\t\t<div class=\"elementor-element elementor-element-a6898b6 elementor-widget elementor-widget-text-editor\" data-id=\"a6898b6\" data-element_type=\"widget\" data-widget_type=\"text-editor.default\">\n\t\t\t\t<div class=\"elementor-widget-container\">\n\t\t\t\t\t\t\t<p data-start=\"521\" data-end=\"741\">Il servizio navetta \u00c8 DIRETTO e organizzato per offrirti un viaggio rapido e puntuale. In alcuni casi, per garantire la massima efficienza, \u00e8 previsto un comodo cambio presso uno dei caselli autostradali predefiniti.<\/p><p class=\"p1\">\u2013 Tempo di percorrenza 2,00 ore da Milazzo &#8211; Terminal Aliscafi in viabilit\u00e0 ordinaria.<\/p><p>\u2013 Tempo di percorrenza 2,20 ore da Portorosa in viabilit\u00e0 ordinaria.<\/p><p>\u2013 Tempo di percorrenza 3,00 ore da Capo d\u2019Orlando in viabilit\u00e0 ordinaria.<\/p>\t\t\t\t\t\t<\/div>\n\t\t\t\t<\/div>\n\t\t\t\t\t<\/div>\n\t\t\t\t<\/div>\n\t\t\t\t\t<\/details>\n\t\t\t\t\t<\/div>\n\t\t\t\t<\/div>\n\t\t\t\t<\/div>\n\t\t\t\t<\/div>\n\t\t\t\t\t<\/div>\n\t\t\t\t<\/div>\n\t\t\t\t<section class=\"elementor-section elementor-top-section elementor-element elementor-element-d0dfa75 elementor-section-boxed elementor-section-height-default elementor-section-height-default\" data-id=\"d0dfa75\" data-element_type=\"section\">\n\t\t\t\t\t\t<div class=\"elementor-container elementor-column-gap-default\">\n\t\t\t\t\t<div class=\"elementor-column elementor-col-100 elementor-top-column elementor-element elementor-element-700a9f9\" data-id=\"700a9f9\" data-element_type=\"column\">\n\t\t\t<div class=\"elementor-widget-wrap elementor-element-populated\">\n\t\t\t\t\t\t<div class=\"elementor-element elementor-element-878a0dc elementor-widget elementor-widget-heading\" data-id=\"878a0dc\" data-element_type=\"widget\" data-widget_type=\"heading.default\">\n\t\t\t\t<div class=\"elementor-widget-container\">\n\t\t\t<h2 class=\"elementor-heading-title elementor-size-default\">Le nostre Navette<\/h2>\t\t<\/div>\n\t\t\t\t<\/div>\n\t\t\t\t<div class=\"elementor-element elementor-element-c21a72d elementor-widget-divider--view-line_icon elementor-view-default elementor-widget-divider--element-align-center elementor-widget elementor-widget-divider\" data-id=\"c21a72d\" data-element_type=\"widget\" data-widget_type=\"divider.default\">\n\t\t\t\t<div class=\"elementor-widget-container\">\n\t\t\t\t\t<div class=\"elementor-divider\">\n\t\t\t<span class=\"elementor-divider-separator\">\n\t\t\t\t\t\t\t<div class=\"elementor-icon elementor-divider__element\">\n\t\t\t\t\t<svg aria-hidden=\"true\" class=\"e-font-icon-svg e-fas-bus\" viewBox=\"0 0 512 512\" xmlns=\"http:\/\/www.w3.org\/2000\/svg\"><path d=\"M488 128h-8V80c0-44.8-99.2-80-224-80S32 35.2 32 80v48h-8c-13.25 0-24 10.74-24 24v80c0 13.25 10.75 24 24 24h8v160c0 17.67 14.33 32 32 32v32c0 17.67 14.33 32 32 32h32c17.67 0 32-14.33 32-32v-32h192v32c0 17.67 14.33 32 32 32h32c17.67 0 32-14.33 32-32v-32h6.4c16 0 25.6-12.8 25.6-25.6V256h8c13.25 0 24-10.75 24-24v-80c0-13.26-10.75-24-24-24zM112 400c-17.67 0-32-14.33-32-32s14.33-32 32-32 32 14.33 32 32-14.33 32-32 32zm16-112c-17.67 0-32-14.33-32-32V128c0-17.67 14.33-32 32-32h256c17.67 0 32 14.33 32 32v128c0 17.67-14.33 32-32 32H128zm272 112c-17.67 0-32-14.33-32-32s14.33-32 32-32 32 14.33 32 32-14.33 32-32 32z\"><\/path><\/svg><\/div>\n\t\t\t\t\t\t<\/span>\n\t\t<\/div>\n\t\t\t\t<\/div>\n\t\t\t\t<\/div>\n\t\t\t\t<div class=\"elementor-element elementor-element-051c1be elementor-widget elementor-widget-shortcode\" data-id=\"051c1be\" data-element_type=\"widget\" data-widget_type=\"shortcode.default\">\n\t\t\t\t<div class=\"elementor-widget-container\">\n\t\t\t\t\t<div class=\"elementor-shortcode\">\t\t\t\t\t<div class=\"mpStyle placeholderLoader mp_pagination_main_area\">\n\t\t\t\t\t\t<div class=\"mpContainer flexWrap\">\n\t\t\t\t\t\t\t\t\t\t\t\t\t\t\t\t\t\t\t\t\t\t\t<div class=\"placeholder_area mp_pagination_item _dShadow_9 grid_3 \">\n\t\t\t\t\t\t\t\t\t\t\t\t\t\t\t\t\t\t\t<div class=\"ribbon\">Navetta Condivisa<\/div>\n\t\t\t\t\t\t\t\t\t\t\t\t\t\t\t\t\t\t<div class=\"bg_image_area\" data-href=\"https:\/\/giardinatour.it\/fr\/navette\/navette-capo-dorlando-500\/\" data-placeholder>\n\t\t\t\t\t\t\t\t\t\t<div data-bg-image=\"https:\/\/giardinatour.it\/wp-content\/uploads\/2025\/01\/partenze.jpg\"><\/div>\n\t\t\t\t\t\t\t\t\t<\/div>\n\t\t\t\t\t\t\t\t\t<div class=\"divider\"><\/div>\n\t\t\t\t\t\t\t\t\t<a href=\"https:\/\/giardinatour.it\/fr\/navette\/navette-capo-dorlando-500\/\">\n\t\t\t\t\t\t\t\t\t\t<h5 class=\"_textCenter_textTheme\">A1 Capo d&#8217;Orlando 5:00<\/h5>\n\t\t\t\t\t\t\t\t\t<\/a>\n\t\t\t\t\t\t\t\t\t<div class=\"divider\"><\/div>\n\t\t\t\t\t\t\t\t\t<h6 class=\"_allCenter\">Capo d&#039;Orlando<small><span class=\"fas fa-long-arrow-alt-right _mLR_xs\"><\/span><\/small>Aeroporto Catania<\/h6>\n\t\t\t\t\t\t\t\t\t<div class=\"divider\"><\/div>\n\t\t\t\t\t\t\t\t\t<h6 class=\"_allCenter\">\n\t\t\t\t\t\t\t\t\t\t<strong>Passenger Capacity :<\/strong>\n\t\t\t\t\t\t\t\t\t\t100\t\t\t\t\t\t\t\t\t<\/h6>\n\t\t\t\t\t\t\t\t\t<div class=\"divider\"><\/div>\n\t\t\t\t\t\t\t\t\t<div class=\"mp_wp_editor\">\n\t\t\t\t\t\t\t\t\t\t\t\t\t\t\t\t\t\t\t<\/div>\n\t\t\t\t\t\t\t\t<\/div>\n\t\t\t\t\t\t\t\t\t\t\t\t\t\t\t\t\t\t\t\t\t\t\t<div class=\"placeholder_area mp_pagination_item _dShadow_9 grid_3 \">\n\t\t\t\t\t\t\t\t\t\t\t\t\t\t\t\t\t\t\t<div class=\"ribbon\">Navetta Condivisa<\/div>\n\t\t\t\t\t\t\t\t\t\t\t\t\t\t\t\t\t\t<div class=\"bg_image_area\" data-href=\"https:\/\/giardinatour.it\/fr\/navette\/a2-capo-dorlando-820\/\" data-placeholder>\n\t\t\t\t\t\t\t\t\t\t<div data-bg-image=\"https:\/\/giardinatour.it\/wp-content\/uploads\/2025\/01\/partenze.jpg\"><\/div>\n\t\t\t\t\t\t\t\t\t<\/div>\n\t\t\t\t\t\t\t\t\t<div class=\"divider\"><\/div>\n\t\t\t\t\t\t\t\t\t<a href=\"https:\/\/giardinatour.it\/fr\/navette\/a2-capo-dorlando-820\/\">\n\t\t\t\t\t\t\t\t\t\t<h5 class=\"_textCenter_textTheme\">A2 Capo d&#8217;Orlando 8:20<\/h5>\n\t\t\t\t\t\t\t\t\t<\/a>\n\t\t\t\t\t\t\t\t\t<div class=\"divider\"><\/div>\n\t\t\t\t\t\t\t\t\t<h6 class=\"_allCenter\">Capo d&#039;Orlando<small><span class=\"fas fa-long-arrow-alt-right _mLR_xs\"><\/span><\/small>Aeroporto Catania<\/h6>\n\t\t\t\t\t\t\t\t\t<div class=\"divider\"><\/div>\n\t\t\t\t\t\t\t\t\t<h6 class=\"_allCenter\">\n\t\t\t\t\t\t\t\t\t\t<strong>Passenger Capacity :<\/strong>\n\t\t\t\t\t\t\t\t\t\t100\t\t\t\t\t\t\t\t\t<\/h6>\n\t\t\t\t\t\t\t\t\t<div class=\"divider\"><\/div>\n\t\t\t\t\t\t\t\t\t<div class=\"mp_wp_editor\">\n\t\t\t\t\t\t\t\t\t\t\t\t\t\t\t\t\t\t\t<\/div>\n\t\t\t\t\t\t\t\t<\/div>\n\t\t\t\t\t\t\t\t\t\t\t\t\t\t\t\t\t\t\t\t\t\t\t<div class=\"placeholder_area mp_pagination_item _dShadow_9 grid_3 \">\n\t\t\t\t\t\t\t\t\t\t\t\t\t\t\t\t\t\t\t<div class=\"ribbon\">Navetta Condivisa<\/div>\n\t\t\t\t\t\t\t\t\t\t\t\t\t\t\t\t\t\t<div class=\"bg_image_area\" data-href=\"https:\/\/giardinatour.it\/fr\/navette\/navetta-capo-dorlando-1000\/\" data-placeholder>\n\t\t\t\t\t\t\t\t\t\t<div data-bg-image=\"https:\/\/giardinatour.it\/wp-content\/uploads\/2025\/01\/partenze.jpg\"><\/div>\n\t\t\t\t\t\t\t\t\t<\/div>\n\t\t\t\t\t\t\t\t\t<div class=\"divider\"><\/div>\n\t\t\t\t\t\t\t\t\t<a href=\"https:\/\/giardinatour.it\/fr\/navette\/navetta-capo-dorlando-1000\/\">\n\t\t\t\t\t\t\t\t\t\t<h5 class=\"_textCenter_textTheme\">A3 Capo d&#8217;Orlando 10:00<\/h5>\n\t\t\t\t\t\t\t\t\t<\/a>\n\t\t\t\t\t\t\t\t\t<div class=\"divider\"><\/div>\n\t\t\t\t\t\t\t\t\t<h6 class=\"_allCenter\">Capo d&#039;Orlando<small><span class=\"fas fa-long-arrow-alt-right _mLR_xs\"><\/span><\/small>Aeroporto Catania<\/h6>\n\t\t\t\t\t\t\t\t\t<div class=\"divider\"><\/div>\n\t\t\t\t\t\t\t\t\t<h6 class=\"_allCenter\">\n\t\t\t\t\t\t\t\t\t\t<strong>Passenger Capacity :<\/strong>\n\t\t\t\t\t\t\t\t\t\t100\t\t\t\t\t\t\t\t\t<\/h6>\n\t\t\t\t\t\t\t\t\t<div class=\"divider\"><\/div>\n\t\t\t\t\t\t\t\t\t<div class=\"mp_wp_editor\">\n\t\t\t\t\t\t\t\t\t\t\t\t\t\t\t\t\t\t\t<\/div>\n\t\t\t\t\t\t\t\t<\/div>\n\t\t\t\t\t\t\t\t\t\t\t\t\t\t\t\t\t\t\t\t\t\t\t<div class=\"placeholder_area mp_pagination_item _dShadow_9 grid_3 dNone\">\n\t\t\t\t\t\t\t\t\t\t\t\t\t\t\t\t\t\t\t<div class=\"ribbon\">Navetta Condivisa<\/div>\n\t\t\t\t\t\t\t\t\t\t\t\t\t\t\t\t\t\t<div class=\"bg_image_area\" data-href=\"https:\/\/giardinatour.it\/fr\/navette\/navetta-capo-dorlando-1210\/\" data-placeholder>\n\t\t\t\t\t\t\t\t\t\t<div data-bg-image=\"https:\/\/giardinatour.it\/wp-content\/uploads\/2025\/01\/partenze.jpg\"><\/div>\n\t\t\t\t\t\t\t\t\t<\/div>\n\t\t\t\t\t\t\t\t\t<div class=\"divider\"><\/div>\n\t\t\t\t\t\t\t\t\t<a href=\"https:\/\/giardinatour.it\/fr\/navette\/navetta-capo-dorlando-1210\/\">\n\t\t\t\t\t\t\t\t\t\t<h5 class=\"_textCenter_textTheme\">A4 Capo d&#8217;Orlando 12:10<\/h5>\n\t\t\t\t\t\t\t\t\t<\/a>\n\t\t\t\t\t\t\t\t\t<div class=\"divider\"><\/div>\n\t\t\t\t\t\t\t\t\t<h6 class=\"_allCenter\">Capo d&#039;Orlando<small><span class=\"fas fa-long-arrow-alt-right _mLR_xs\"><\/span><\/small>Aeroporto Catania<\/h6>\n\t\t\t\t\t\t\t\t\t<div class=\"divider\"><\/div>\n\t\t\t\t\t\t\t\t\t<h6 class=\"_allCenter\">\n\t\t\t\t\t\t\t\t\t\t<strong>Passenger Capacity :<\/strong>\n\t\t\t\t\t\t\t\t\t\t100\t\t\t\t\t\t\t\t\t<\/h6>\n\t\t\t\t\t\t\t\t\t<div class=\"divider\"><\/div>\n\t\t\t\t\t\t\t\t\t<div class=\"mp_wp_editor\">\n\t\t\t\t\t\t\t\t\t\t\t\t\t\t\t\t\t\t\t<\/div>\n\t\t\t\t\t\t\t\t<\/div>\n\t\t\t\t\t\t\t\t\t\t\t\t\t\t\t\t\t\t\t\t\t\t\t<div class=\"placeholder_area mp_pagination_item _dShadow_9 grid_3 dNone\">\n\t\t\t\t\t\t\t\t\t\t\t\t\t\t\t\t\t\t\t<div class=\"ribbon\">Navetta Condivisa<\/div>\n\t\t\t\t\t\t\t\t\t\t\t\t\t\t\t\t\t\t<div class=\"bg_image_area\" data-href=\"https:\/\/giardinatour.it\/fr\/navette\/navetta-capo-dorlando-1410\/\" data-placeholder>\n\t\t\t\t\t\t\t\t\t\t<div data-bg-image=\"https:\/\/giardinatour.it\/wp-content\/uploads\/2025\/01\/partenze.jpg\"><\/div>\n\t\t\t\t\t\t\t\t\t<\/div>\n\t\t\t\t\t\t\t\t\t<div class=\"divider\"><\/div>\n\t\t\t\t\t\t\t\t\t<a href=\"https:\/\/giardinatour.it\/fr\/navette\/navetta-capo-dorlando-1410\/\">\n\t\t\t\t\t\t\t\t\t\t<h5 class=\"_textCenter_textTheme\">A5 Capo d&#8217;Orlando 14:10<\/h5>\n\t\t\t\t\t\t\t\t\t<\/a>\n\t\t\t\t\t\t\t\t\t<div class=\"divider\"><\/div>\n\t\t\t\t\t\t\t\t\t<h6 class=\"_allCenter\">Capo d&#039;Orlando<small><span class=\"fas fa-long-arrow-alt-right _mLR_xs\"><\/span><\/small>Aeroporto Catania<\/h6>\n\t\t\t\t\t\t\t\t\t<div class=\"divider\"><\/div>\n\t\t\t\t\t\t\t\t\t<h6 class=\"_allCenter\">\n\t\t\t\t\t\t\t\t\t\t<strong>Passenger Capacity :<\/strong>\n\t\t\t\t\t\t\t\t\t\t100\t\t\t\t\t\t\t\t\t<\/h6>\n\t\t\t\t\t\t\t\t\t<div class=\"divider\"><\/div>\n\t\t\t\t\t\t\t\t\t<div class=\"mp_wp_editor\">\n\t\t\t\t\t\t\t\t\t\t\t\t\t\t\t\t\t\t\t<\/div>\n\t\t\t\t\t\t\t\t<\/div>\n\t\t\t\t\t\t\t\t\t\t\t\t\t\t\t\t\t\t\t\t\t\t\t<div class=\"placeholder_area mp_pagination_item _dShadow_9 grid_3 dNone\">\n\t\t\t\t\t\t\t\t\t\t\t\t\t\t\t\t\t\t\t<div class=\"ribbon\">Navetta Condivisa<\/div>\n\t\t\t\t\t\t\t\t\t\t\t\t\t\t\t\t\t\t<div class=\"bg_image_area\" data-href=\"https:\/\/giardinatour.it\/fr\/navette\/navetta-capo-dorlando-1710\/\" data-placeholder>\n\t\t\t\t\t\t\t\t\t\t<div data-bg-image=\"https:\/\/giardinatour.it\/wp-content\/uploads\/2025\/01\/partenze.jpg\"><\/div>\n\t\t\t\t\t\t\t\t\t<\/div>\n\t\t\t\t\t\t\t\t\t<div class=\"divider\"><\/div>\n\t\t\t\t\t\t\t\t\t<a href=\"https:\/\/giardinatour.it\/fr\/navette\/navetta-capo-dorlando-1710\/\">\n\t\t\t\t\t\t\t\t\t\t<h5 class=\"_textCenter_textTheme\">A6 Capo d&#8217;Orlando 17:10<\/h5>\n\t\t\t\t\t\t\t\t\t<\/a>\n\t\t\t\t\t\t\t\t\t<div class=\"divider\"><\/div>\n\t\t\t\t\t\t\t\t\t<h6 class=\"_allCenter\">Capo d&#039;Orlando<small><span class=\"fas fa-long-arrow-alt-right _mLR_xs\"><\/span><\/small>Aeroporto Catania<\/h6>\n\t\t\t\t\t\t\t\t\t<div class=\"divider\"><\/div>\n\t\t\t\t\t\t\t\t\t<h6 class=\"_allCenter\">\n\t\t\t\t\t\t\t\t\t\t<strong>Passenger Capacity :<\/strong>\n\t\t\t\t\t\t\t\t\t\t100\t\t\t\t\t\t\t\t\t<\/h6>\n\t\t\t\t\t\t\t\t\t<div class=\"divider\"><\/div>\n\t\t\t\t\t\t\t\t\t<div class=\"mp_wp_editor\">\n\t\t\t\t\t\t\t\t\t\t\t\t\t\t\t\t\t\t\t<\/div>\n\t\t\t\t\t\t\t\t<\/div>\n\t\t\t\t\t\t\t\t\t\t\t\t\t\t\t\t\t\t\t\t\t\t\t<div class=\"placeholder_area mp_pagination_item _dShadow_9 grid_3 dNone\">\n\t\t\t\t\t\t\t\t\t\t\t\t\t\t\t\t\t\t\t<div class=\"ribbon\">Navetta Condivisa<\/div>\n\t\t\t\t\t\t\t\t\t\t\t\t\t\t\t\t\t\t<div class=\"bg_image_area\" data-href=\"https:\/\/giardinatour.it\/fr\/navette\/un-brolo-200\/\" data-placeholder>\n\t\t\t\t\t\t\t\t\t\t<div data-bg-image=\"https:\/\/giardinatour.it\/wp-content\/uploads\/2025\/01\/partenze.jpg\"><\/div>\n\t\t\t\t\t\t\t\t\t<\/div>\n\t\t\t\t\t\t\t\t\t<div class=\"divider\"><\/div>\n\t\t\t\t\t\t\t\t\t<a href=\"https:\/\/giardinatour.it\/fr\/navette\/un-brolo-200\/\">\n\t\t\t\t\t\t\t\t\t\t<h5 class=\"_textCenter_textTheme\">AN Brolo 2:00<\/h5>\n\t\t\t\t\t\t\t\t\t<\/a>\n\t\t\t\t\t\t\t\t\t<div class=\"divider\"><\/div>\n\t\t\t\t\t\t\t\t\t<h6 class=\"_allCenter\">Brolo<small><span class=\"fas fa-long-arrow-alt-right _mLR_xs\"><\/span><\/small>Aeroporto Catania<\/h6>\n\t\t\t\t\t\t\t\t\t<div class=\"divider\"><\/div>\n\t\t\t\t\t\t\t\t\t<h6 class=\"_allCenter\">\n\t\t\t\t\t\t\t\t\t\t<strong>Passenger Capacity :<\/strong>\n\t\t\t\t\t\t\t\t\t\t100\t\t\t\t\t\t\t\t\t<\/h6>\n\t\t\t\t\t\t\t\t\t<div class=\"divider\"><\/div>\n\t\t\t\t\t\t\t\t\t<div class=\"mp_wp_editor\">\n\t\t\t\t\t\t\t\t\t\t\t\t\t\t\t\t\t\t\t<\/div>\n\t\t\t\t\t\t\t\t<\/div>\n\t\t\t\t\t\t\t\t\t\t\t\t\t\t\t\t\t\t\t\t\t\t\t<div class=\"placeholder_area mp_pagination_item _dShadow_9 grid_3 dNone\">\n\t\t\t\t\t\t\t\t\t\t\t\t\t\t\t\t\t\t\t<div class=\"ribbon\">Navetta Condivisa<\/div>\n\t\t\t\t\t\t\t\t\t\t\t\t\t\t\t\t\t\t<div class=\"bg_image_area\" data-href=\"https:\/\/giardinatour.it\/fr\/navette\/navette-brolo-520\/\" data-placeholder>\n\t\t\t\t\t\t\t\t\t\t<div data-bg-image=\"https:\/\/giardinatour.it\/wp-content\/uploads\/2025\/01\/partenze.jpg\"><\/div>\n\t\t\t\t\t\t\t\t\t<\/div>\n\t\t\t\t\t\t\t\t\t<div class=\"divider\"><\/div>\n\t\t\t\t\t\t\t\t\t<a href=\"https:\/\/giardinatour.it\/fr\/navette\/navette-brolo-520\/\">\n\t\t\t\t\t\t\t\t\t\t<h5 class=\"_textCenter_textTheme\">A1 Brolo 5:20<\/h5>\n\t\t\t\t\t\t\t\t\t<\/a>\n\t\t\t\t\t\t\t\t\t<div class=\"divider\"><\/div>\n\t\t\t\t\t\t\t\t\t<h6 class=\"_allCenter\">Brolo<small><span class=\"fas fa-long-arrow-alt-right _mLR_xs\"><\/span><\/small>Aeroporto Catania<\/h6>\n\t\t\t\t\t\t\t\t\t<div class=\"divider\"><\/div>\n\t\t\t\t\t\t\t\t\t<h6 class=\"_allCenter\">\n\t\t\t\t\t\t\t\t\t\t<strong>Passenger Capacity :<\/strong>\n\t\t\t\t\t\t\t\t\t\t100\t\t\t\t\t\t\t\t\t<\/h6>\n\t\t\t\t\t\t\t\t\t<div class=\"divider\"><\/div>\n\t\t\t\t\t\t\t\t\t<div class=\"mp_wp_editor\">\n\t\t\t\t\t\t\t\t\t\t\t\t\t\t\t\t\t\t\t<\/div>\n\t\t\t\t\t\t\t\t<\/div>\n\t\t\t\t\t\t\t\t\t\t\t\t\t\t\t\t\t\t\t\t\t\t\t<div class=\"placeholder_area mp_pagination_item _dShadow_9 grid_3 dNone\">\n\t\t\t\t\t\t\t\t\t\t\t\t\t\t\t\t\t\t\t<div class=\"ribbon\">Navetta Condivisa<\/div>\n\t\t\t\t\t\t\t\t\t\t\t\t\t\t\t\t\t\t<div class=\"bg_image_area\" data-href=\"https:\/\/giardinatour.it\/fr\/navette\/a2-brolo-840\/\" data-placeholder>\n\t\t\t\t\t\t\t\t\t\t<div data-bg-image=\"https:\/\/giardinatour.it\/wp-content\/uploads\/2025\/01\/partenze.jpg\"><\/div>\n\t\t\t\t\t\t\t\t\t<\/div>\n\t\t\t\t\t\t\t\t\t<div class=\"divider\"><\/div>\n\t\t\t\t\t\t\t\t\t<a href=\"https:\/\/giardinatour.it\/fr\/navette\/a2-brolo-840\/\">\n\t\t\t\t\t\t\t\t\t\t<h5 class=\"_textCenter_textTheme\">A2  Brolo 8:40<\/h5>\n\t\t\t\t\t\t\t\t\t<\/a>\n\t\t\t\t\t\t\t\t\t<div class=\"divider\"><\/div>\n\t\t\t\t\t\t\t\t\t<h6 class=\"_allCenter\">Brolo<small><span class=\"fas fa-long-arrow-alt-right _mLR_xs\"><\/span><\/small>Aeroporto Catania<\/h6>\n\t\t\t\t\t\t\t\t\t<div class=\"divider\"><\/div>\n\t\t\t\t\t\t\t\t\t<h6 class=\"_allCenter\">\n\t\t\t\t\t\t\t\t\t\t<strong>Passenger Capacity :<\/strong>\n\t\t\t\t\t\t\t\t\t\t100\t\t\t\t\t\t\t\t\t<\/h6>\n\t\t\t\t\t\t\t\t\t<div class=\"divider\"><\/div>\n\t\t\t\t\t\t\t\t\t<div class=\"mp_wp_editor\">\n\t\t\t\t\t\t\t\t\t\t\t\t\t\t\t\t\t\t\t<\/div>\n\t\t\t\t\t\t\t\t<\/div>\n\t\t\t\t\t\t\t\t\t\t\t\t\t\t\t\t\t\t\t\t\t\t\t<div class=\"placeholder_area mp_pagination_item _dShadow_9 grid_3 dNone\">\n\t\t\t\t\t\t\t\t\t\t\t\t\t\t\t\t\t\t<div class=\"bg_image_area\" data-href=\"https:\/\/giardinatour.it\/fr\/navette\/navetta-brolo-1020\/\" data-placeholder>\n\t\t\t\t\t\t\t\t\t\t<div data-bg-image=\"https:\/\/giardinatour.it\/wp-content\/uploads\/2025\/01\/partenze.jpg\"><\/div>\n\t\t\t\t\t\t\t\t\t<\/div>\n\t\t\t\t\t\t\t\t\t<div class=\"divider\"><\/div>\n\t\t\t\t\t\t\t\t\t<a href=\"https:\/\/giardinatour.it\/fr\/navette\/navetta-brolo-1020\/\">\n\t\t\t\t\t\t\t\t\t\t<h5 class=\"_textCenter_textTheme\">A3 Brolo 10:20<\/h5>\n\t\t\t\t\t\t\t\t\t<\/a>\n\t\t\t\t\t\t\t\t\t<div class=\"divider\"><\/div>\n\t\t\t\t\t\t\t\t\t<h6 class=\"_allCenter\">Brolo<small><span class=\"fas fa-long-arrow-alt-right _mLR_xs\"><\/span><\/small>Aeroporto Catania<\/h6>\n\t\t\t\t\t\t\t\t\t<div class=\"divider\"><\/div>\n\t\t\t\t\t\t\t\t\t<h6 class=\"_allCenter\">\n\t\t\t\t\t\t\t\t\t\t<strong>Passenger Capacity :<\/strong>\n\t\t\t\t\t\t\t\t\t\t100\t\t\t\t\t\t\t\t\t<\/h6>\n\t\t\t\t\t\t\t\t\t<div class=\"divider\"><\/div>\n\t\t\t\t\t\t\t\t\t<div class=\"mp_wp_editor\">\n\t\t\t\t\t\t\t\t\t\t\t\t\t\t\t\t\t\t\t<\/div>\n\t\t\t\t\t\t\t\t<\/div>\n\t\t\t\t\t\t\t\t\t\t\t\t\t\t\t\t\t\t\t\t\t\t\t<div class=\"placeholder_area mp_pagination_item _dShadow_9 grid_3 dNone\">\n\t\t\t\t\t\t\t\t\t\t\t\t\t\t\t\t\t\t\t<div class=\"ribbon\">Navetta Condivisa<\/div>\n\t\t\t\t\t\t\t\t\t\t\t\t\t\t\t\t\t\t<div class=\"bg_image_area\" data-href=\"https:\/\/giardinatour.it\/fr\/navette\/navetta-brolo-1230\/\" data-placeholder>\n\t\t\t\t\t\t\t\t\t\t<div data-bg-image=\"https:\/\/giardinatour.it\/wp-content\/uploads\/2025\/01\/partenze.jpg\"><\/div>\n\t\t\t\t\t\t\t\t\t<\/div>\n\t\t\t\t\t\t\t\t\t<div class=\"divider\"><\/div>\n\t\t\t\t\t\t\t\t\t<a href=\"https:\/\/giardinatour.it\/fr\/navette\/navetta-brolo-1230\/\">\n\t\t\t\t\t\t\t\t\t\t<h5 class=\"_textCenter_textTheme\">A4 Brolo 12:30<\/h5>\n\t\t\t\t\t\t\t\t\t<\/a>\n\t\t\t\t\t\t\t\t\t<div class=\"divider\"><\/div>\n\t\t\t\t\t\t\t\t\t<h6 class=\"_allCenter\">Brolo<small><span class=\"fas fa-long-arrow-alt-right _mLR_xs\"><\/span><\/small>Aeroporto Catania<\/h6>\n\t\t\t\t\t\t\t\t\t<div class=\"divider\"><\/div>\n\t\t\t\t\t\t\t\t\t<h6 class=\"_allCenter\">\n\t\t\t\t\t\t\t\t\t\t<strong>Passenger Capacity :<\/strong>\n\t\t\t\t\t\t\t\t\t\t100\t\t\t\t\t\t\t\t\t<\/h6>\n\t\t\t\t\t\t\t\t\t<div class=\"divider\"><\/div>\n\t\t\t\t\t\t\t\t\t<div class=\"mp_wp_editor\">\n\t\t\t\t\t\t\t\t\t\t\t\t\t\t\t\t\t\t\t<\/div>\n\t\t\t\t\t\t\t\t<\/div>\n\t\t\t\t\t\t\t\t\t\t\t\t\t\t\t\t\t\t\t\t\t\t\t<div class=\"placeholder_area mp_pagination_item _dShadow_9 grid_3 dNone\">\n\t\t\t\t\t\t\t\t\t\t\t\t\t\t\t\t\t\t\t<div class=\"ribbon\">Navetta Condivisa<\/div>\n\t\t\t\t\t\t\t\t\t\t\t\t\t\t\t\t\t\t<div class=\"bg_image_area\" data-href=\"https:\/\/giardinatour.it\/fr\/navette\/navetta-brolo-1430\/\" data-placeholder>\n\t\t\t\t\t\t\t\t\t\t<div data-bg-image=\"https:\/\/giardinatour.it\/wp-content\/uploads\/2025\/01\/partenze.jpg\"><\/div>\n\t\t\t\t\t\t\t\t\t<\/div>\n\t\t\t\t\t\t\t\t\t<div class=\"divider\"><\/div>\n\t\t\t\t\t\t\t\t\t<a href=\"https:\/\/giardinatour.it\/fr\/navette\/navetta-brolo-1430\/\">\n\t\t\t\t\t\t\t\t\t\t<h5 class=\"_textCenter_textTheme\">A5 Brolo 14:30<\/h5>\n\t\t\t\t\t\t\t\t\t<\/a>\n\t\t\t\t\t\t\t\t\t<div class=\"divider\"><\/div>\n\t\t\t\t\t\t\t\t\t<h6 class=\"_allCenter\">Brolo<small><span class=\"fas fa-long-arrow-alt-right _mLR_xs\"><\/span><\/small>Aeroporto Catania<\/h6>\n\t\t\t\t\t\t\t\t\t<div class=\"divider\"><\/div>\n\t\t\t\t\t\t\t\t\t<h6 class=\"_allCenter\">\n\t\t\t\t\t\t\t\t\t\t<strong>Passenger Capacity :<\/strong>\n\t\t\t\t\t\t\t\t\t\t200\t\t\t\t\t\t\t\t\t<\/h6>\n\t\t\t\t\t\t\t\t\t<div class=\"divider\"><\/div>\n\t\t\t\t\t\t\t\t\t<div class=\"mp_wp_editor\">\n\t\t\t\t\t\t\t\t\t\t\t\t\t\t\t\t\t\t\t<\/div>\n\t\t\t\t\t\t\t\t<\/div>\n\t\t\t\t\t\t\t\t\t\t\t\t\t\t\t\t\t\t\t\t\t\t\t<div class=\"placeholder_area mp_pagination_item _dShadow_9 grid_3 dNone\">\n\t\t\t\t\t\t\t\t\t\t\t\t\t\t\t\t\t\t\t<div class=\"ribbon\">Navetta Condivisa<\/div>\n\t\t\t\t\t\t\t\t\t\t\t\t\t\t\t\t\t\t<div class=\"bg_image_area\" data-href=\"https:\/\/giardinatour.it\/fr\/navette\/navetta-brolo-1730\/\" data-placeholder>\n\t\t\t\t\t\t\t\t\t\t<div data-bg-image=\"https:\/\/giardinatour.it\/wp-content\/uploads\/2025\/01\/partenze.jpg\"><\/div>\n\t\t\t\t\t\t\t\t\t<\/div>\n\t\t\t\t\t\t\t\t\t<div class=\"divider\"><\/div>\n\t\t\t\t\t\t\t\t\t<a href=\"https:\/\/giardinatour.it\/fr\/navette\/navetta-brolo-1730\/\">\n\t\t\t\t\t\t\t\t\t\t<h5 class=\"_textCenter_textTheme\">A6 Brolo 17:30<\/h5>\n\t\t\t\t\t\t\t\t\t<\/a>\n\t\t\t\t\t\t\t\t\t<div class=\"divider\"><\/div>\n\t\t\t\t\t\t\t\t\t<h6 class=\"_allCenter\">Brolo<small><span class=\"fas fa-long-arrow-alt-right _mLR_xs\"><\/span><\/small>Aeroporto Catania<\/h6>\n\t\t\t\t\t\t\t\t\t<div class=\"divider\"><\/div>\n\t\t\t\t\t\t\t\t\t<h6 class=\"_allCenter\">\n\t\t\t\t\t\t\t\t\t\t<strong>Passenger Capacity :<\/strong>\n\t\t\t\t\t\t\t\t\t\t9\t\t\t\t\t\t\t\t\t<\/h6>\n\t\t\t\t\t\t\t\t\t<div class=\"divider\"><\/div>\n\t\t\t\t\t\t\t\t\t<div class=\"mp_wp_editor\">\n\t\t\t\t\t\t\t\t\t\t\t\t\t\t\t\t\t\t\t<\/div>\n\t\t\t\t\t\t\t\t<\/div>\n\t\t\t\t\t\t\t\t\t\t\t\t\t\t\t\t\t\t\t\t\t\t\t<div class=\"placeholder_area mp_pagination_item _dShadow_9 grid_3 dNone\">\n\t\t\t\t\t\t\t\t\t\t\t\t\t\t\t\t\t\t\t<div class=\"ribbon\">Navetta Condivisa<\/div>\n\t\t\t\t\t\t\t\t\t\t\t\t\t\t\t\t\t\t<div class=\"bg_image_area\" data-href=\"https:\/\/giardinatour.it\/fr\/navette\/navette-joyeuse-maree-530\/\" data-placeholder>\n\t\t\t\t\t\t\t\t\t\t<div data-bg-image=\"https:\/\/giardinatour.it\/wp-content\/uploads\/2025\/01\/partenze.jpg\"><\/div>\n\t\t\t\t\t\t\t\t\t<\/div>\n\t\t\t\t\t\t\t\t\t<div class=\"divider\"><\/div>\n\t\t\t\t\t\t\t\t\t<a href=\"https:\/\/giardinatour.it\/fr\/navette\/navette-joyeuse-maree-530\/\">\n\t\t\t\t\t\t\t\t\t\t<h5 class=\"_textCenter_textTheme\">A1 Gioiosa Marea 5:30<\/h5>\n\t\t\t\t\t\t\t\t\t<\/a>\n\t\t\t\t\t\t\t\t\t<div class=\"divider\"><\/div>\n\t\t\t\t\t\t\t\t\t<h6 class=\"_allCenter\">Gioiosa Marea<small><span class=\"fas fa-long-arrow-alt-right _mLR_xs\"><\/span><\/small>Aeroporto Catania<\/h6>\n\t\t\t\t\t\t\t\t\t<div class=\"divider\"><\/div>\n\t\t\t\t\t\t\t\t\t<h6 class=\"_allCenter\">\n\t\t\t\t\t\t\t\t\t\t<strong>Passenger Capacity :<\/strong>\n\t\t\t\t\t\t\t\t\t\t200\t\t\t\t\t\t\t\t\t<\/h6>\n\t\t\t\t\t\t\t\t\t<div class=\"divider\"><\/div>\n\t\t\t\t\t\t\t\t\t<div class=\"mp_wp_editor\">\n\t\t\t\t\t\t\t\t\t\t\t\t\t\t\t\t\t\t\t<\/div>\n\t\t\t\t\t\t\t\t<\/div>\n\t\t\t\t\t\t\t\t\t\t\t\t\t\t\t\t\t\t\t\t\t\t\t<div class=\"placeholder_area mp_pagination_item _dShadow_9 grid_3 dNone\">\n\t\t\t\t\t\t\t\t\t\t\t\t\t\t\t\t\t\t\t<div class=\"ribbon\">Navetta Condivisa<\/div>\n\t\t\t\t\t\t\t\t\t\t\t\t\t\t\t\t\t\t<div class=\"bg_image_area\" data-href=\"https:\/\/giardinatour.it\/fr\/navette\/a2-gioiosa-marea-840\/\" data-placeholder>\n\t\t\t\t\t\t\t\t\t\t<div data-bg-image=\"https:\/\/giardinatour.it\/wp-content\/uploads\/2025\/01\/partenze.jpg\"><\/div>\n\t\t\t\t\t\t\t\t\t<\/div>\n\t\t\t\t\t\t\t\t\t<div class=\"divider\"><\/div>\n\t\t\t\t\t\t\t\t\t<a href=\"https:\/\/giardinatour.it\/fr\/navette\/a2-gioiosa-marea-840\/\">\n\t\t\t\t\t\t\t\t\t\t<h5 class=\"_textCenter_textTheme\">A2 Gioiosa Marea 8:40<\/h5>\n\t\t\t\t\t\t\t\t\t<\/a>\n\t\t\t\t\t\t\t\t\t<div class=\"divider\"><\/div>\n\t\t\t\t\t\t\t\t\t<h6 class=\"_allCenter\">Gioiosa Marea<small><span class=\"fas fa-long-arrow-alt-right _mLR_xs\"><\/span><\/small>Aeroporto Catania<\/h6>\n\t\t\t\t\t\t\t\t\t<div class=\"divider\"><\/div>\n\t\t\t\t\t\t\t\t\t<h6 class=\"_allCenter\">\n\t\t\t\t\t\t\t\t\t\t<strong>Passenger Capacity :<\/strong>\n\t\t\t\t\t\t\t\t\t\t100\t\t\t\t\t\t\t\t\t<\/h6>\n\t\t\t\t\t\t\t\t\t<div class=\"divider\"><\/div>\n\t\t\t\t\t\t\t\t\t<div class=\"mp_wp_editor\">\n\t\t\t\t\t\t\t\t\t\t\t\t\t\t\t\t\t\t\t<\/div>\n\t\t\t\t\t\t\t\t<\/div>\n\t\t\t\t\t\t\t\t\t\t\t\t\t\t\t\t\t\t\t\t\t\t\t<div class=\"placeholder_area mp_pagination_item _dShadow_9 grid_3 dNone\">\n\t\t\t\t\t\t\t\t\t\t\t\t\t\t\t\t\t\t\t<div class=\"ribbon\">Navetta Condivisa<\/div>\n\t\t\t\t\t\t\t\t\t\t\t\t\t\t\t\t\t\t<div class=\"bg_image_area\" data-href=\"https:\/\/giardinatour.it\/fr\/navette\/navette-joyeuse-maree-1020\/\" data-placeholder>\n\t\t\t\t\t\t\t\t\t\t<div data-bg-image=\"https:\/\/giardinatour.it\/wp-content\/uploads\/2025\/01\/partenze.jpg\"><\/div>\n\t\t\t\t\t\t\t\t\t<\/div>\n\t\t\t\t\t\t\t\t\t<div class=\"divider\"><\/div>\n\t\t\t\t\t\t\t\t\t<a href=\"https:\/\/giardinatour.it\/fr\/navette\/navette-joyeuse-maree-1020\/\">\n\t\t\t\t\t\t\t\t\t\t<h5 class=\"_textCenter_textTheme\">A3 Gioiosa Marea 10:20<\/h5>\n\t\t\t\t\t\t\t\t\t<\/a>\n\t\t\t\t\t\t\t\t\t<div class=\"divider\"><\/div>\n\t\t\t\t\t\t\t\t\t<h6 class=\"_allCenter\">Gioiosa Marea<small><span class=\"fas fa-long-arrow-alt-right _mLR_xs\"><\/span><\/small>Aeroporto Catania<\/h6>\n\t\t\t\t\t\t\t\t\t<div class=\"divider\"><\/div>\n\t\t\t\t\t\t\t\t\t<h6 class=\"_allCenter\">\n\t\t\t\t\t\t\t\t\t\t<strong>Passenger Capacity :<\/strong>\n\t\t\t\t\t\t\t\t\t\t100\t\t\t\t\t\t\t\t\t<\/h6>\n\t\t\t\t\t\t\t\t\t<div class=\"divider\"><\/div>\n\t\t\t\t\t\t\t\t\t<div class=\"mp_wp_editor\">\n\t\t\t\t\t\t\t\t\t\t\t\t\t\t\t\t\t\t\t<\/div>\n\t\t\t\t\t\t\t\t<\/div>\n\t\t\t\t\t\t\t\t\t\t\t\t\t\t\t\t\t\t\t\t\t\t\t<div class=\"placeholder_area mp_pagination_item _dShadow_9 grid_3 dNone\">\n\t\t\t\t\t\t\t\t\t\t\t\t\t\t\t\t\t\t\t<div class=\"ribbon\">Navetta Condivisa<\/div>\n\t\t\t\t\t\t\t\t\t\t\t\t\t\t\t\t\t\t<div class=\"bg_image_area\" data-href=\"https:\/\/giardinatour.it\/fr\/navette\/navette-gioiosa-marea-1230\/\" data-placeholder>\n\t\t\t\t\t\t\t\t\t\t<div data-bg-image=\"https:\/\/giardinatour.it\/wp-content\/uploads\/2025\/01\/partenze.jpg\"><\/div>\n\t\t\t\t\t\t\t\t\t<\/div>\n\t\t\t\t\t\t\t\t\t<div class=\"divider\"><\/div>\n\t\t\t\t\t\t\t\t\t<a href=\"https:\/\/giardinatour.it\/fr\/navette\/navette-gioiosa-marea-1230\/\">\n\t\t\t\t\t\t\t\t\t\t<h5 class=\"_textCenter_textTheme\">A4 Gioiosa Marea 12:30<\/h5>\n\t\t\t\t\t\t\t\t\t<\/a>\n\t\t\t\t\t\t\t\t\t<div class=\"divider\"><\/div>\n\t\t\t\t\t\t\t\t\t<h6 class=\"_allCenter\">Gioiosa Marea<small><span class=\"fas fa-long-arrow-alt-right _mLR_xs\"><\/span><\/small>Aeroporto Catania<\/h6>\n\t\t\t\t\t\t\t\t\t<div class=\"divider\"><\/div>\n\t\t\t\t\t\t\t\t\t<h6 class=\"_allCenter\">\n\t\t\t\t\t\t\t\t\t\t<strong>Passenger Capacity :<\/strong>\n\t\t\t\t\t\t\t\t\t\t100\t\t\t\t\t\t\t\t\t<\/h6>\n\t\t\t\t\t\t\t\t\t<div class=\"divider\"><\/div>\n\t\t\t\t\t\t\t\t\t<div class=\"mp_wp_editor\">\n\t\t\t\t\t\t\t\t\t\t\t\t\t\t\t\t\t\t\t<\/div>\n\t\t\t\t\t\t\t\t<\/div>\n\t\t\t\t\t\t\t\t\t\t\t\t\t\t\t\t\t\t\t\t\t\t\t<div class=\"placeholder_area mp_pagination_item _dShadow_9 grid_3 dNone\">\n\t\t\t\t\t\t\t\t\t\t\t\t\t\t\t\t\t\t\t<div class=\"ribbon\">Navetta Condivisa<\/div>\n\t\t\t\t\t\t\t\t\t\t\t\t\t\t\t\t\t\t<div class=\"bg_image_area\" data-href=\"https:\/\/giardinatour.it\/fr\/navette\/navette-gioiosa-marea-1430\/\" data-placeholder>\n\t\t\t\t\t\t\t\t\t\t<div data-bg-image=\"https:\/\/giardinatour.it\/wp-content\/uploads\/2025\/01\/partenze.jpg\"><\/div>\n\t\t\t\t\t\t\t\t\t<\/div>\n\t\t\t\t\t\t\t\t\t<div class=\"divider\"><\/div>\n\t\t\t\t\t\t\t\t\t<a href=\"https:\/\/giardinatour.it\/fr\/navette\/navette-gioiosa-marea-1430\/\">\n\t\t\t\t\t\t\t\t\t\t<h5 class=\"_textCenter_textTheme\">A5 Gioiosa Marea 14:30<\/h5>\n\t\t\t\t\t\t\t\t\t<\/a>\n\t\t\t\t\t\t\t\t\t<div class=\"divider\"><\/div>\n\t\t\t\t\t\t\t\t\t<h6 class=\"_allCenter\">Gioiosa Marea<small><span class=\"fas fa-long-arrow-alt-right _mLR_xs\"><\/span><\/small>Aeroporto Catania<\/h6>\n\t\t\t\t\t\t\t\t\t<div class=\"divider\"><\/div>\n\t\t\t\t\t\t\t\t\t<h6 class=\"_allCenter\">\n\t\t\t\t\t\t\t\t\t\t<strong>Passenger Capacity :<\/strong>\n\t\t\t\t\t\t\t\t\t\t100\t\t\t\t\t\t\t\t\t<\/h6>\n\t\t\t\t\t\t\t\t\t<div class=\"divider\"><\/div>\n\t\t\t\t\t\t\t\t\t<div class=\"mp_wp_editor\">\n\t\t\t\t\t\t\t\t\t\t\t\t\t\t\t\t\t\t\t<\/div>\n\t\t\t\t\t\t\t\t<\/div>\n\t\t\t\t\t\t\t\t\t\t\t\t\t\t\t\t\t\t\t\t\t\t\t<div class=\"placeholder_area mp_pagination_item _dShadow_9 grid_3 dNone\">\n\t\t\t\t\t\t\t\t\t\t\t\t\t\t\t\t\t\t\t<div class=\"ribbon\">Navetta Condivisa<\/div>\n\t\t\t\t\t\t\t\t\t\t\t\t\t\t\t\t\t\t<div class=\"bg_image_area\" data-href=\"https:\/\/giardinatour.it\/fr\/navette\/navette-gioiosa-marea-1720\/\" data-placeholder>\n\t\t\t\t\t\t\t\t\t\t<div data-bg-image=\"https:\/\/giardinatour.it\/wp-content\/uploads\/2025\/01\/partenze.jpg\"><\/div>\n\t\t\t\t\t\t\t\t\t<\/div>\n\t\t\t\t\t\t\t\t\t<div class=\"divider\"><\/div>\n\t\t\t\t\t\t\t\t\t<a href=\"https:\/\/giardinatour.it\/fr\/navette\/navette-gioiosa-marea-1720\/\">\n\t\t\t\t\t\t\t\t\t\t<h5 class=\"_textCenter_textTheme\">A6 Gioiosa Marea 17:20<\/h5>\n\t\t\t\t\t\t\t\t\t<\/a>\n\t\t\t\t\t\t\t\t\t<div class=\"divider\"><\/div>\n\t\t\t\t\t\t\t\t\t<h6 class=\"_allCenter\">Gioiosa Marea<small><span class=\"fas fa-long-arrow-alt-right _mLR_xs\"><\/span><\/small>Aeroporto Catania<\/h6>\n\t\t\t\t\t\t\t\t\t<div class=\"divider\"><\/div>\n\t\t\t\t\t\t\t\t\t<h6 class=\"_allCenter\">\n\t\t\t\t\t\t\t\t\t\t<strong>Passenger Capacity :<\/strong>\n\t\t\t\t\t\t\t\t\t\t100\t\t\t\t\t\t\t\t\t<\/h6>\n\t\t\t\t\t\t\t\t\t<div class=\"divider\"><\/div>\n\t\t\t\t\t\t\t\t\t<div class=\"mp_wp_editor\">\n\t\t\t\t\t\t\t\t\t\t\t\t\t\t\t\t\t\t\t<\/div>\n\t\t\t\t\t\t\t\t<\/div>\n\t\t\t\t\t\t\t\t\t\t\t\t\t\t\t\t\t\t\t\t\t\t\t<div class=\"placeholder_area mp_pagination_item _dShadow_9 grid_3 dNone\">\n\t\t\t\t\t\t\t\t\t\t\t\t\t\t\t\t\t\t\t<div class=\"ribbon\">Navetta Condivisa<\/div>\n\t\t\t\t\t\t\t\t\t\t\t\t\t\t\t\t\t\t<div class=\"bg_image_area\" data-href=\"https:\/\/giardinatour.it\/fr\/navette\/un-patti-215\/\" data-placeholder>\n\t\t\t\t\t\t\t\t\t\t<div data-bg-image=\"https:\/\/giardinatour.it\/wp-content\/uploads\/2025\/01\/partenze.jpg\"><\/div>\n\t\t\t\t\t\t\t\t\t<\/div>\n\t\t\t\t\t\t\t\t\t<div class=\"divider\"><\/div>\n\t\t\t\t\t\t\t\t\t<a href=\"https:\/\/giardinatour.it\/fr\/navette\/un-patti-215\/\">\n\t\t\t\t\t\t\t\t\t\t<h5 class=\"_textCenter_textTheme\">AN Patti 2:15<\/h5>\n\t\t\t\t\t\t\t\t\t<\/a>\n\t\t\t\t\t\t\t\t\t<div class=\"divider\"><\/div>\n\t\t\t\t\t\t\t\t\t<h6 class=\"_allCenter\">Patti<small><span class=\"fas fa-long-arrow-alt-right _mLR_xs\"><\/span><\/small>Aeroporto Catania<\/h6>\n\t\t\t\t\t\t\t\t\t<div class=\"divider\"><\/div>\n\t\t\t\t\t\t\t\t\t<h6 class=\"_allCenter\">\n\t\t\t\t\t\t\t\t\t\t<strong>Passenger Capacity :<\/strong>\n\t\t\t\t\t\t\t\t\t\t100\t\t\t\t\t\t\t\t\t<\/h6>\n\t\t\t\t\t\t\t\t\t<div class=\"divider\"><\/div>\n\t\t\t\t\t\t\t\t\t<div class=\"mp_wp_editor\">\n\t\t\t\t\t\t\t\t\t\t\t\t\t\t\t\t\t\t\t<\/div>\n\t\t\t\t\t\t\t\t<\/div>\n\t\t\t\t\t\t\t\t\t\t\t\t\t\t\t\t\t\t\t\t\t\t\t<div class=\"placeholder_area mp_pagination_item _dShadow_9 grid_3 dNone\">\n\t\t\t\t\t\t\t\t\t\t\t\t\t\t\t\t\t\t\t<div class=\"ribbon\">Navetta Condivisa<\/div>\n\t\t\t\t\t\t\t\t\t\t\t\t\t\t\t\t\t\t<div class=\"bg_image_area\" data-href=\"https:\/\/giardinatour.it\/fr\/navette\/a1-patti-540\/\" data-placeholder>\n\t\t\t\t\t\t\t\t\t\t<div data-bg-image=\"https:\/\/giardinatour.it\/wp-content\/uploads\/2025\/01\/partenze.jpg\"><\/div>\n\t\t\t\t\t\t\t\t\t<\/div>\n\t\t\t\t\t\t\t\t\t<div class=\"divider\"><\/div>\n\t\t\t\t\t\t\t\t\t<a href=\"https:\/\/giardinatour.it\/fr\/navette\/a1-patti-540\/\">\n\t\t\t\t\t\t\t\t\t\t<h5 class=\"_textCenter_textTheme\">A1 Patti 5:40<\/h5>\n\t\t\t\t\t\t\t\t\t<\/a>\n\t\t\t\t\t\t\t\t\t<div class=\"divider\"><\/div>\n\t\t\t\t\t\t\t\t\t<h6 class=\"_allCenter\">Patti<small><span class=\"fas fa-long-arrow-alt-right _mLR_xs\"><\/span><\/small>Aeroporto Catania<\/h6>\n\t\t\t\t\t\t\t\t\t<div class=\"divider\"><\/div>\n\t\t\t\t\t\t\t\t\t<h6 class=\"_allCenter\">\n\t\t\t\t\t\t\t\t\t\t<strong>Passenger Capacity :<\/strong>\n\t\t\t\t\t\t\t\t\t\t100\t\t\t\t\t\t\t\t\t<\/h6>\n\t\t\t\t\t\t\t\t\t<div class=\"divider\"><\/div>\n\t\t\t\t\t\t\t\t\t<div class=\"mp_wp_editor\">\n\t\t\t\t\t\t\t\t\t\t\t\t\t\t\t\t\t\t\t<\/div>\n\t\t\t\t\t\t\t\t<\/div>\n\t\t\t\t\t\t\t\t\t\t\t\t\t\t\t\t\t\t\t\t\t\t\t<div class=\"placeholder_area mp_pagination_item _dShadow_9 grid_3 dNone\">\n\t\t\t\t\t\t\t\t\t\t\t\t\t\t\t\t\t\t\t<div class=\"ribbon\">Navetta Condivisa<\/div>\n\t\t\t\t\t\t\t\t\t\t\t\t\t\t\t\t\t\t<div class=\"bg_image_area\" data-href=\"https:\/\/giardinatour.it\/fr\/navette\/a2-patti-900\/\" data-placeholder>\n\t\t\t\t\t\t\t\t\t\t<div data-bg-image=\"https:\/\/giardinatour.it\/wp-content\/uploads\/2025\/01\/partenze.jpg\"><\/div>\n\t\t\t\t\t\t\t\t\t<\/div>\n\t\t\t\t\t\t\t\t\t<div class=\"divider\"><\/div>\n\t\t\t\t\t\t\t\t\t<a href=\"https:\/\/giardinatour.it\/fr\/navette\/a2-patti-900\/\">\n\t\t\t\t\t\t\t\t\t\t<h5 class=\"_textCenter_textTheme\">A2 Patti 9:00<\/h5>\n\t\t\t\t\t\t\t\t\t<\/a>\n\t\t\t\t\t\t\t\t\t<div class=\"divider\"><\/div>\n\t\t\t\t\t\t\t\t\t<h6 class=\"_allCenter\">Patti<small><span class=\"fas fa-long-arrow-alt-right _mLR_xs\"><\/span><\/small>Aeroporto Catania<\/h6>\n\t\t\t\t\t\t\t\t\t<div class=\"divider\"><\/div>\n\t\t\t\t\t\t\t\t\t<h6 class=\"_allCenter\">\n\t\t\t\t\t\t\t\t\t\t<strong>Passenger Capacity :<\/strong>\n\t\t\t\t\t\t\t\t\t\t100\t\t\t\t\t\t\t\t\t<\/h6>\n\t\t\t\t\t\t\t\t\t<div class=\"divider\"><\/div>\n\t\t\t\t\t\t\t\t\t<div class=\"mp_wp_editor\">\n\t\t\t\t\t\t\t\t\t\t\t\t\t\t\t\t\t\t\t<\/div>\n\t\t\t\t\t\t\t\t<\/div>\n\t\t\t\t\t\t\t\t\t\t\t\t\t\t\t\t\t\t\t\t\t\t\t<div class=\"placeholder_area mp_pagination_item _dShadow_9 grid_3 dNone\">\n\t\t\t\t\t\t\t\t\t\t\t\t\t\t\t\t\t\t\t<div class=\"ribbon\">Navetta Condivisa<\/div>\n\t\t\t\t\t\t\t\t\t\t\t\t\t\t\t\t\t\t<div class=\"bg_image_area\" data-href=\"https:\/\/giardinatour.it\/fr\/navette\/a3-patti-1040\/\" data-placeholder>\n\t\t\t\t\t\t\t\t\t\t<div data-bg-image=\"https:\/\/giardinatour.it\/wp-content\/uploads\/2025\/01\/partenze.jpg\"><\/div>\n\t\t\t\t\t\t\t\t\t<\/div>\n\t\t\t\t\t\t\t\t\t<div class=\"divider\"><\/div>\n\t\t\t\t\t\t\t\t\t<a href=\"https:\/\/giardinatour.it\/fr\/navette\/a3-patti-1040\/\">\n\t\t\t\t\t\t\t\t\t\t<h5 class=\"_textCenter_textTheme\">A3 Patti 10:40<\/h5>\n\t\t\t\t\t\t\t\t\t<\/a>\n\t\t\t\t\t\t\t\t\t<div class=\"divider\"><\/div>\n\t\t\t\t\t\t\t\t\t<h6 class=\"_allCenter\">Patti<small><span class=\"fas fa-long-arrow-alt-right _mLR_xs\"><\/span><\/small>Aeroporto Catania<\/h6>\n\t\t\t\t\t\t\t\t\t<div class=\"divider\"><\/div>\n\t\t\t\t\t\t\t\t\t<h6 class=\"_allCenter\">\n\t\t\t\t\t\t\t\t\t\t<strong>Passenger Capacity :<\/strong>\n\t\t\t\t\t\t\t\t\t\t100\t\t\t\t\t\t\t\t\t<\/h6>\n\t\t\t\t\t\t\t\t\t<div class=\"divider\"><\/div>\n\t\t\t\t\t\t\t\t\t<div class=\"mp_wp_editor\">\n\t\t\t\t\t\t\t\t\t\t\t\t\t\t\t\t\t\t\t<\/div>\n\t\t\t\t\t\t\t\t<\/div>\n\t\t\t\t\t\t\t\t\t\t\t\t\t\t\t\t\t\t\t\t\t\t\t<div class=\"placeholder_area mp_pagination_item _dShadow_9 grid_3 dNone\">\n\t\t\t\t\t\t\t\t\t\t\t\t\t\t\t\t\t\t\t<div class=\"ribbon\">Navetta Condivisa<\/div>\n\t\t\t\t\t\t\t\t\t\t\t\t\t\t\t\t\t\t<div class=\"bg_image_area\" data-href=\"https:\/\/giardinatour.it\/fr\/navette\/navette-patti-1250\/\" data-placeholder>\n\t\t\t\t\t\t\t\t\t\t<div data-bg-image=\"https:\/\/giardinatour.it\/wp-content\/uploads\/2025\/01\/partenze.jpg\"><\/div>\n\t\t\t\t\t\t\t\t\t<\/div>\n\t\t\t\t\t\t\t\t\t<div class=\"divider\"><\/div>\n\t\t\t\t\t\t\t\t\t<a href=\"https:\/\/giardinatour.it\/fr\/navette\/navette-patti-1250\/\">\n\t\t\t\t\t\t\t\t\t\t<h5 class=\"_textCenter_textTheme\">A4 Patti 12:50<\/h5>\n\t\t\t\t\t\t\t\t\t<\/a>\n\t\t\t\t\t\t\t\t\t<div class=\"divider\"><\/div>\n\t\t\t\t\t\t\t\t\t<h6 class=\"_allCenter\">Patti<small><span class=\"fas fa-long-arrow-alt-right _mLR_xs\"><\/span><\/small>Aeroporto Catania<\/h6>\n\t\t\t\t\t\t\t\t\t<div class=\"divider\"><\/div>\n\t\t\t\t\t\t\t\t\t<h6 class=\"_allCenter\">\n\t\t\t\t\t\t\t\t\t\t<strong>Passenger Capacity :<\/strong>\n\t\t\t\t\t\t\t\t\t\t100\t\t\t\t\t\t\t\t\t<\/h6>\n\t\t\t\t\t\t\t\t\t<div class=\"divider\"><\/div>\n\t\t\t\t\t\t\t\t\t<div class=\"mp_wp_editor\">\n\t\t\t\t\t\t\t\t\t\t\t\t\t\t\t\t\t\t\t<\/div>\n\t\t\t\t\t\t\t\t<\/div>\n\t\t\t\t\t\t\t\t\t\t\t\t\t\t\t\t\t\t\t\t\t\t\t<div class=\"placeholder_area mp_pagination_item _dShadow_9 grid_3 dNone\">\n\t\t\t\t\t\t\t\t\t\t\t\t\t\t\t\t\t\t\t<div class=\"ribbon\">Navetta Condivisa<\/div>\n\t\t\t\t\t\t\t\t\t\t\t\t\t\t\t\t\t\t<div class=\"bg_image_area\" data-href=\"https:\/\/giardinatour.it\/fr\/navette\/navette-patti-1450\/\" data-placeholder>\n\t\t\t\t\t\t\t\t\t\t<div data-bg-image=\"https:\/\/giardinatour.it\/wp-content\/uploads\/2025\/01\/partenze.jpg\"><\/div>\n\t\t\t\t\t\t\t\t\t<\/div>\n\t\t\t\t\t\t\t\t\t<div class=\"divider\"><\/div>\n\t\t\t\t\t\t\t\t\t<a href=\"https:\/\/giardinatour.it\/fr\/navette\/navette-patti-1450\/\">\n\t\t\t\t\t\t\t\t\t\t<h5 class=\"_textCenter_textTheme\">A5 Patti 14:50<\/h5>\n\t\t\t\t\t\t\t\t\t<\/a>\n\t\t\t\t\t\t\t\t\t<div class=\"divider\"><\/div>\n\t\t\t\t\t\t\t\t\t<h6 class=\"_allCenter\">Patti<small><span class=\"fas fa-long-arrow-alt-right _mLR_xs\"><\/span><\/small>Aeroporto Catania<\/h6>\n\t\t\t\t\t\t\t\t\t<div class=\"divider\"><\/div>\n\t\t\t\t\t\t\t\t\t<h6 class=\"_allCenter\">\n\t\t\t\t\t\t\t\t\t\t<strong>Passenger Capacity :<\/strong>\n\t\t\t\t\t\t\t\t\t\t100\t\t\t\t\t\t\t\t\t<\/h6>\n\t\t\t\t\t\t\t\t\t<div class=\"divider\"><\/div>\n\t\t\t\t\t\t\t\t\t<div class=\"mp_wp_editor\">\n\t\t\t\t\t\t\t\t\t\t\t\t\t\t\t\t\t\t\t<\/div>\n\t\t\t\t\t\t\t\t<\/div>\n\t\t\t\t\t\t\t\t\t\t\t\t\t\t\t\t\t\t\t\t\t\t\t<div class=\"placeholder_area mp_pagination_item _dShadow_9 grid_3 dNone\">\n\t\t\t\t\t\t\t\t\t\t\t\t\t\t\t\t\t\t\t<div class=\"ribbon\">Navetta Condivisa<\/div>\n\t\t\t\t\t\t\t\t\t\t\t\t\t\t\t\t\t\t<div class=\"bg_image_area\" data-href=\"https:\/\/giardinatour.it\/fr\/navette\/navetta-patti-1750\/\" data-placeholder>\n\t\t\t\t\t\t\t\t\t\t<div data-bg-image=\"https:\/\/giardinatour.it\/wp-content\/uploads\/2025\/01\/partenze.jpg\"><\/div>\n\t\t\t\t\t\t\t\t\t<\/div>\n\t\t\t\t\t\t\t\t\t<div class=\"divider\"><\/div>\n\t\t\t\t\t\t\t\t\t<a href=\"https:\/\/giardinatour.it\/fr\/navette\/navetta-patti-1750\/\">\n\t\t\t\t\t\t\t\t\t\t<h5 class=\"_textCenter_textTheme\">A6 Patti 17:50<\/h5>\n\t\t\t\t\t\t\t\t\t<\/a>\n\t\t\t\t\t\t\t\t\t<div class=\"divider\"><\/div>\n\t\t\t\t\t\t\t\t\t<h6 class=\"_allCenter\">Patti<small><span class=\"fas fa-long-arrow-alt-right _mLR_xs\"><\/span><\/small>Aeroporto Catania<\/h6>\n\t\t\t\t\t\t\t\t\t<div class=\"divider\"><\/div>\n\t\t\t\t\t\t\t\t\t<h6 class=\"_allCenter\">\n\t\t\t\t\t\t\t\t\t\t<strong>Passenger Capacity :<\/strong>\n\t\t\t\t\t\t\t\t\t\t100\t\t\t\t\t\t\t\t\t<\/h6>\n\t\t\t\t\t\t\t\t\t<div class=\"divider\"><\/div>\n\t\t\t\t\t\t\t\t\t<div class=\"mp_wp_editor\">\n\t\t\t\t\t\t\t\t\t\t\t\t\t\t\t\t\t\t\t<\/div>\n\t\t\t\t\t\t\t\t<\/div>\n\t\t\t\t\t\t\t\t\t\t\t\t\t\t\t\t\t\t\t\t\t\t\t<div class=\"placeholder_area mp_pagination_item _dShadow_9 grid_3 dNone\">\n\t\t\t\t\t\t\t\t\t\t\t\t\t\t\t\t\t\t\t<div class=\"ribbon\">Navetta Condivisa<\/div>\n\t\t\t\t\t\t\t\t\t\t\t\t\t\t\t\t\t\t<div class=\"bg_image_area\" data-href=\"https:\/\/giardinatour.it\/fr\/navette\/a1-portorosa-530\/\" data-placeholder>\n\t\t\t\t\t\t\t\t\t\t<div data-bg-image=\"https:\/\/giardinatour.it\/wp-content\/uploads\/2025\/01\/partenze.jpg\"><\/div>\n\t\t\t\t\t\t\t\t\t<\/div>\n\t\t\t\t\t\t\t\t\t<div class=\"divider\"><\/div>\n\t\t\t\t\t\t\t\t\t<a href=\"https:\/\/giardinatour.it\/fr\/navette\/a1-portorosa-530\/\">\n\t\t\t\t\t\t\t\t\t\t<h5 class=\"_textCenter_textTheme\">A1 Portorosa 5:30<\/h5>\n\t\t\t\t\t\t\t\t\t<\/a>\n\t\t\t\t\t\t\t\t\t<div class=\"divider\"><\/div>\n\t\t\t\t\t\t\t\t\t<h6 class=\"_allCenter\">Portorosa<small><span class=\"fas fa-long-arrow-alt-right _mLR_xs\"><\/span><\/small>Aeroporto Catania<\/h6>\n\t\t\t\t\t\t\t\t\t<div class=\"divider\"><\/div>\n\t\t\t\t\t\t\t\t\t<h6 class=\"_allCenter\">\n\t\t\t\t\t\t\t\t\t\t<strong>Passenger Capacity :<\/strong>\n\t\t\t\t\t\t\t\t\t\t100\t\t\t\t\t\t\t\t\t<\/h6>\n\t\t\t\t\t\t\t\t\t<div class=\"divider\"><\/div>\n\t\t\t\t\t\t\t\t\t<div class=\"mp_wp_editor\">\n\t\t\t\t\t\t\t\t\t\t\t\t\t\t\t\t\t\t\t<\/div>\n\t\t\t\t\t\t\t\t<\/div>\n\t\t\t\t\t\t\t\t\t\t\t\t\t\t\t\t\t\t\t\t\t\t\t<div class=\"placeholder_area mp_pagination_item _dShadow_9 grid_3 dNone\">\n\t\t\t\t\t\t\t\t\t\t\t\t\t\t\t\t\t\t\t<div class=\"ribbon\">Navetta Condivisa<\/div>\n\t\t\t\t\t\t\t\t\t\t\t\t\t\t\t\t\t\t<div class=\"bg_image_area\" data-href=\"https:\/\/giardinatour.it\/fr\/navette\/a2-portorosa-840\/\" data-placeholder>\n\t\t\t\t\t\t\t\t\t\t<div data-bg-image=\"https:\/\/giardinatour.it\/wp-content\/uploads\/2025\/01\/partenze.jpg\"><\/div>\n\t\t\t\t\t\t\t\t\t<\/div>\n\t\t\t\t\t\t\t\t\t<div class=\"divider\"><\/div>\n\t\t\t\t\t\t\t\t\t<a href=\"https:\/\/giardinatour.it\/fr\/navette\/a2-portorosa-840\/\">\n\t\t\t\t\t\t\t\t\t\t<h5 class=\"_textCenter_textTheme\">A2 Portorosa 8:40<\/h5>\n\t\t\t\t\t\t\t\t\t<\/a>\n\t\t\t\t\t\t\t\t\t<div class=\"divider\"><\/div>\n\t\t\t\t\t\t\t\t\t<h6 class=\"_allCenter\">Portorosa<small><span class=\"fas fa-long-arrow-alt-right _mLR_xs\"><\/span><\/small>Aeroporto Catania<\/h6>\n\t\t\t\t\t\t\t\t\t<div class=\"divider\"><\/div>\n\t\t\t\t\t\t\t\t\t<h6 class=\"_allCenter\">\n\t\t\t\t\t\t\t\t\t\t<strong>Passenger Capacity :<\/strong>\n\t\t\t\t\t\t\t\t\t\t100\t\t\t\t\t\t\t\t\t<\/h6>\n\t\t\t\t\t\t\t\t\t<div class=\"divider\"><\/div>\n\t\t\t\t\t\t\t\t\t<div class=\"mp_wp_editor\">\n\t\t\t\t\t\t\t\t\t\t\t\t\t\t\t\t\t\t\t<\/div>\n\t\t\t\t\t\t\t\t<\/div>\n\t\t\t\t\t\t\t\t\t\t\t\t\t\t\t\t\t\t\t\t\t\t\t<div class=\"placeholder_area mp_pagination_item _dShadow_9 grid_3 dNone\">\n\t\t\t\t\t\t\t\t\t\t\t\t\t\t\t\t\t\t\t<div class=\"ribbon\">Navetta Condivisa<\/div>\n\t\t\t\t\t\t\t\t\t\t\t\t\t\t\t\t\t\t<div class=\"bg_image_area\" data-href=\"https:\/\/giardinatour.it\/fr\/navette\/navetta-portorosa-1010\/\" data-placeholder>\n\t\t\t\t\t\t\t\t\t\t<div data-bg-image=\"https:\/\/giardinatour.it\/wp-content\/uploads\/2025\/01\/partenze.jpg\"><\/div>\n\t\t\t\t\t\t\t\t\t<\/div>\n\t\t\t\t\t\t\t\t\t<div class=\"divider\"><\/div>\n\t\t\t\t\t\t\t\t\t<a href=\"https:\/\/giardinatour.it\/fr\/navette\/navetta-portorosa-1010\/\">\n\t\t\t\t\t\t\t\t\t\t<h5 class=\"_textCenter_textTheme\">A3 Portorosa 10:10<\/h5>\n\t\t\t\t\t\t\t\t\t<\/a>\n\t\t\t\t\t\t\t\t\t<div class=\"divider\"><\/div>\n\t\t\t\t\t\t\t\t\t<h6 class=\"_allCenter\">Portorosa<small><span class=\"fas fa-long-arrow-alt-right _mLR_xs\"><\/span><\/small>Aeroporto Catania<\/h6>\n\t\t\t\t\t\t\t\t\t<div class=\"divider\"><\/div>\n\t\t\t\t\t\t\t\t\t<h6 class=\"_allCenter\">\n\t\t\t\t\t\t\t\t\t\t<strong>Passenger Capacity :<\/strong>\n\t\t\t\t\t\t\t\t\t\t100\t\t\t\t\t\t\t\t\t<\/h6>\n\t\t\t\t\t\t\t\t\t<div class=\"divider\"><\/div>\n\t\t\t\t\t\t\t\t\t<div class=\"mp_wp_editor\">\n\t\t\t\t\t\t\t\t\t\t\t\t\t\t\t\t\t\t\t<\/div>\n\t\t\t\t\t\t\t\t<\/div>\n\t\t\t\t\t\t\t\t\t\t\t\t\t\t\t\t\t\t\t\t\t\t\t<div class=\"placeholder_area mp_pagination_item _dShadow_9 grid_3 dNone\">\n\t\t\t\t\t\t\t\t\t\t\t\t\t\t\t\t\t\t\t<div class=\"ribbon\">Navetta Condivisa<\/div>\n\t\t\t\t\t\t\t\t\t\t\t\t\t\t\t\t\t\t<div class=\"bg_image_area\" data-href=\"https:\/\/giardinatour.it\/fr\/navette\/navetta-portorosa-1240\/\" data-placeholder>\n\t\t\t\t\t\t\t\t\t\t<div data-bg-image=\"https:\/\/giardinatour.it\/wp-content\/uploads\/2025\/01\/partenze.jpg\"><\/div>\n\t\t\t\t\t\t\t\t\t<\/div>\n\t\t\t\t\t\t\t\t\t<div class=\"divider\"><\/div>\n\t\t\t\t\t\t\t\t\t<a href=\"https:\/\/giardinatour.it\/fr\/navette\/navetta-portorosa-1240\/\">\n\t\t\t\t\t\t\t\t\t\t<h5 class=\"_textCenter_textTheme\">A4 Portorosa 12:40<\/h5>\n\t\t\t\t\t\t\t\t\t<\/a>\n\t\t\t\t\t\t\t\t\t<div class=\"divider\"><\/div>\n\t\t\t\t\t\t\t\t\t<h6 class=\"_allCenter\">Portorosa<small><span class=\"fas fa-long-arrow-alt-right _mLR_xs\"><\/span><\/small>Aeroporto Catania<\/h6>\n\t\t\t\t\t\t\t\t\t<div class=\"divider\"><\/div>\n\t\t\t\t\t\t\t\t\t<h6 class=\"_allCenter\">\n\t\t\t\t\t\t\t\t\t\t<strong>Passenger Capacity :<\/strong>\n\t\t\t\t\t\t\t\t\t\t100\t\t\t\t\t\t\t\t\t<\/h6>\n\t\t\t\t\t\t\t\t\t<div class=\"divider\"><\/div>\n\t\t\t\t\t\t\t\t\t<div class=\"mp_wp_editor\">\n\t\t\t\t\t\t\t\t\t\t\t\t\t\t\t\t\t\t\t<\/div>\n\t\t\t\t\t\t\t\t<\/div>\n\t\t\t\t\t\t\t\t\t\t\t\t\t\t\t\t\t\t\t\t\t\t\t<div class=\"placeholder_area mp_pagination_item _dShadow_9 grid_3 dNone\">\n\t\t\t\t\t\t\t\t\t\t\t\t\t\t\t\t\t\t\t<div class=\"ribbon\">Navetta Condivisa<\/div>\n\t\t\t\t\t\t\t\t\t\t\t\t\t\t\t\t\t\t<div class=\"bg_image_area\" data-href=\"https:\/\/giardinatour.it\/fr\/navette\/navetta-portorosa-1420\/\" data-placeholder>\n\t\t\t\t\t\t\t\t\t\t<div data-bg-image=\"https:\/\/giardinatour.it\/wp-content\/uploads\/2025\/01\/partenze.jpg\"><\/div>\n\t\t\t\t\t\t\t\t\t<\/div>\n\t\t\t\t\t\t\t\t\t<div class=\"divider\"><\/div>\n\t\t\t\t\t\t\t\t\t<a href=\"https:\/\/giardinatour.it\/fr\/navette\/navetta-portorosa-1420\/\">\n\t\t\t\t\t\t\t\t\t\t<h5 class=\"_textCenter_textTheme\">A5 Portorosa 14:20<\/h5>\n\t\t\t\t\t\t\t\t\t<\/a>\n\t\t\t\t\t\t\t\t\t<div class=\"divider\"><\/div>\n\t\t\t\t\t\t\t\t\t<h6 class=\"_allCenter\">Portorosa<small><span class=\"fas fa-long-arrow-alt-right _mLR_xs\"><\/span><\/small>Aeroporto Catania<\/h6>\n\t\t\t\t\t\t\t\t\t<div class=\"divider\"><\/div>\n\t\t\t\t\t\t\t\t\t<h6 class=\"_allCenter\">\n\t\t\t\t\t\t\t\t\t\t<strong>Passenger Capacity :<\/strong>\n\t\t\t\t\t\t\t\t\t\t100\t\t\t\t\t\t\t\t\t<\/h6>\n\t\t\t\t\t\t\t\t\t<div class=\"divider\"><\/div>\n\t\t\t\t\t\t\t\t\t<div class=\"mp_wp_editor\">\n\t\t\t\t\t\t\t\t\t\t\t\t\t\t\t\t\t\t\t<\/div>\n\t\t\t\t\t\t\t\t<\/div>\n\t\t\t\t\t\t\t\t\t\t\t\t\t\t\t\t\t\t\t\t\t\t\t<div class=\"placeholder_area mp_pagination_item _dShadow_9 grid_3 dNone\">\n\t\t\t\t\t\t\t\t\t\t\t\t\t\t\t\t\t\t\t<div class=\"ribbon\">Navetta Condivisa<\/div>\n\t\t\t\t\t\t\t\t\t\t\t\t\t\t\t\t\t\t<div class=\"bg_image_area\" data-href=\"https:\/\/giardinatour.it\/fr\/navette\/navetta-portorosa-1730\/\" data-placeholder>\n\t\t\t\t\t\t\t\t\t\t<div data-bg-image=\"https:\/\/giardinatour.it\/wp-content\/uploads\/2025\/01\/partenze.jpg\"><\/div>\n\t\t\t\t\t\t\t\t\t<\/div>\n\t\t\t\t\t\t\t\t\t<div class=\"divider\"><\/div>\n\t\t\t\t\t\t\t\t\t<a href=\"https:\/\/giardinatour.it\/fr\/navette\/navetta-portorosa-1730\/\">\n\t\t\t\t\t\t\t\t\t\t<h5 class=\"_textCenter_textTheme\">A6 Portorosa 17:30<\/h5>\n\t\t\t\t\t\t\t\t\t<\/a>\n\t\t\t\t\t\t\t\t\t<div class=\"divider\"><\/div>\n\t\t\t\t\t\t\t\t\t<h6 class=\"_allCenter\">Portorosa<small><span class=\"fas fa-long-arrow-alt-right _mLR_xs\"><\/span><\/small>Aeroporto Catania<\/h6>\n\t\t\t\t\t\t\t\t\t<div class=\"divider\"><\/div>\n\t\t\t\t\t\t\t\t\t<h6 class=\"_allCenter\">\n\t\t\t\t\t\t\t\t\t\t<strong>Passenger Capacity :<\/strong>\n\t\t\t\t\t\t\t\t\t\t100\t\t\t\t\t\t\t\t\t<\/h6>\n\t\t\t\t\t\t\t\t\t<div class=\"divider\"><\/div>\n\t\t\t\t\t\t\t\t\t<div class=\"mp_wp_editor\">\n\t\t\t\t\t\t\t\t\t\t\t\t\t\t\t\t\t\t\t<\/div>\n\t\t\t\t\t\t\t\t<\/div>\n\t\t\t\t\t\t\t\t\t\t\t\t\t\t\t\t\t\t\t\t\t\t\t<div class=\"placeholder_area mp_pagination_item _dShadow_9 grid_3 dNone\">\n\t\t\t\t\t\t\t\t\t\t\t\t\t\t\t\t\t\t\t<div class=\"ribbon\">Navetta Condivisa<\/div>\n\t\t\t\t\t\t\t\t\t\t\t\t\t\t\t\t\t\t<div class=\"bg_image_area\" data-href=\"https:\/\/giardinatour.it\/fr\/navette\/un-faucon-220\/\" data-placeholder>\n\t\t\t\t\t\t\t\t\t\t<div data-bg-image=\"https:\/\/giardinatour.it\/wp-content\/uploads\/2025\/01\/partenze.jpg\"><\/div>\n\t\t\t\t\t\t\t\t\t<\/div>\n\t\t\t\t\t\t\t\t\t<div class=\"divider\"><\/div>\n\t\t\t\t\t\t\t\t\t<a href=\"https:\/\/giardinatour.it\/fr\/navette\/un-faucon-220\/\">\n\t\t\t\t\t\t\t\t\t\t<h5 class=\"_textCenter_textTheme\">AN Falcone  2:20<\/h5>\n\t\t\t\t\t\t\t\t\t<\/a>\n\t\t\t\t\t\t\t\t\t<div class=\"divider\"><\/div>\n\t\t\t\t\t\t\t\t\t<h6 class=\"_allCenter\">Falcone<small><span class=\"fas fa-long-arrow-alt-right _mLR_xs\"><\/span><\/small>Aeroporto Catania<\/h6>\n\t\t\t\t\t\t\t\t\t<div class=\"divider\"><\/div>\n\t\t\t\t\t\t\t\t\t<h6 class=\"_allCenter\">\n\t\t\t\t\t\t\t\t\t\t<strong>Passenger Capacity :<\/strong>\n\t\t\t\t\t\t\t\t\t\t100\t\t\t\t\t\t\t\t\t<\/h6>\n\t\t\t\t\t\t\t\t\t<div class=\"divider\"><\/div>\n\t\t\t\t\t\t\t\t\t<div class=\"mp_wp_editor\">\n\t\t\t\t\t\t\t\t\t\t\t\t\t\t\t\t\t\t\t<\/div>\n\t\t\t\t\t\t\t\t<\/div>\n\t\t\t\t\t\t\t\t\t\t\t\t\t\t\t\t\t\t\t\t\t\t\t<div class=\"placeholder_area mp_pagination_item _dShadow_9 grid_3 dNone\">\n\t\t\t\t\t\t\t\t\t\t\t\t\t\t\t\t\t\t\t<div class=\"ribbon\">Navetta Condivisa<\/div>\n\t\t\t\t\t\t\t\t\t\t\t\t\t\t\t\t\t\t<div class=\"bg_image_area\" data-href=\"https:\/\/giardinatour.it\/fr\/navette\/navetta-falcone-550\/\" data-placeholder>\n\t\t\t\t\t\t\t\t\t\t<div data-bg-image=\"https:\/\/giardinatour.it\/wp-content\/uploads\/2025\/01\/partenze.jpg\"><\/div>\n\t\t\t\t\t\t\t\t\t<\/div>\n\t\t\t\t\t\t\t\t\t<div class=\"divider\"><\/div>\n\t\t\t\t\t\t\t\t\t<a href=\"https:\/\/giardinatour.it\/fr\/navette\/navetta-falcone-550\/\">\n\t\t\t\t\t\t\t\t\t\t<h5 class=\"_textCenter_textTheme\">A1 Falcone 5:50<\/h5>\n\t\t\t\t\t\t\t\t\t<\/a>\n\t\t\t\t\t\t\t\t\t<div class=\"divider\"><\/div>\n\t\t\t\t\t\t\t\t\t<h6 class=\"_allCenter\">Falcone<small><span class=\"fas fa-long-arrow-alt-right _mLR_xs\"><\/span><\/small>Aeroporto Catania<\/h6>\n\t\t\t\t\t\t\t\t\t<div class=\"divider\"><\/div>\n\t\t\t\t\t\t\t\t\t<h6 class=\"_allCenter\">\n\t\t\t\t\t\t\t\t\t\t<strong>Passenger Capacity :<\/strong>\n\t\t\t\t\t\t\t\t\t\t100\t\t\t\t\t\t\t\t\t<\/h6>\n\t\t\t\t\t\t\t\t\t<div class=\"divider\"><\/div>\n\t\t\t\t\t\t\t\t\t<div class=\"mp_wp_editor\">\n\t\t\t\t\t\t\t\t\t\t\t\t\t\t\t\t\t\t\t<\/div>\n\t\t\t\t\t\t\t\t<\/div>\n\t\t\t\t\t\t\t\t\t\t\t\t\t\t\t\t\t\t\t\t\t\t\t<div class=\"placeholder_area mp_pagination_item _dShadow_9 grid_3 dNone\">\n\t\t\t\t\t\t\t\t\t\t\t\t\t\t\t\t\t\t\t<div class=\"ribbon\">Navetta Condivisa<\/div>\n\t\t\t\t\t\t\t\t\t\t\t\t\t\t\t\t\t\t<div class=\"bg_image_area\" data-href=\"https:\/\/giardinatour.it\/fr\/navette\/a2-faucon-910\/\" data-placeholder>\n\t\t\t\t\t\t\t\t\t\t<div data-bg-image=\"https:\/\/giardinatour.it\/wp-content\/uploads\/2025\/01\/partenze.jpg\"><\/div>\n\t\t\t\t\t\t\t\t\t<\/div>\n\t\t\t\t\t\t\t\t\t<div class=\"divider\"><\/div>\n\t\t\t\t\t\t\t\t\t<a href=\"https:\/\/giardinatour.it\/fr\/navette\/a2-faucon-910\/\">\n\t\t\t\t\t\t\t\t\t\t<h5 class=\"_textCenter_textTheme\">A2 Falcone 9:10<\/h5>\n\t\t\t\t\t\t\t\t\t<\/a>\n\t\t\t\t\t\t\t\t\t<div class=\"divider\"><\/div>\n\t\t\t\t\t\t\t\t\t<h6 class=\"_allCenter\">Falcone<small><span class=\"fas fa-long-arrow-alt-right _mLR_xs\"><\/span><\/small>Aeroporto Catania<\/h6>\n\t\t\t\t\t\t\t\t\t<div class=\"divider\"><\/div>\n\t\t\t\t\t\t\t\t\t<h6 class=\"_allCenter\">\n\t\t\t\t\t\t\t\t\t\t<strong>Passenger Capacity :<\/strong>\n\t\t\t\t\t\t\t\t\t\t100\t\t\t\t\t\t\t\t\t<\/h6>\n\t\t\t\t\t\t\t\t\t<div class=\"divider\"><\/div>\n\t\t\t\t\t\t\t\t\t<div class=\"mp_wp_editor\">\n\t\t\t\t\t\t\t\t\t\t\t\t\t\t\t\t\t\t\t<\/div>\n\t\t\t\t\t\t\t\t<\/div>\n\t\t\t\t\t\t\t\t\t\t\t\t\t\t\t\t\t\t\t\t\t\t\t<div class=\"placeholder_area mp_pagination_item _dShadow_9 grid_3 dNone\">\n\t\t\t\t\t\t\t\t\t\t\t\t\t\t\t\t\t\t\t<div class=\"ribbon\">Navetta Condivisa<\/div>\n\t\t\t\t\t\t\t\t\t\t\t\t\t\t\t\t\t\t<div class=\"bg_image_area\" data-href=\"https:\/\/giardinatour.it\/fr\/navette\/navette-faucon-1050\/\" data-placeholder>\n\t\t\t\t\t\t\t\t\t\t<div data-bg-image=\"https:\/\/giardinatour.it\/wp-content\/uploads\/2025\/01\/partenze.jpg\"><\/div>\n\t\t\t\t\t\t\t\t\t<\/div>\n\t\t\t\t\t\t\t\t\t<div class=\"divider\"><\/div>\n\t\t\t\t\t\t\t\t\t<a href=\"https:\/\/giardinatour.it\/fr\/navette\/navette-faucon-1050\/\">\n\t\t\t\t\t\t\t\t\t\t<h5 class=\"_textCenter_textTheme\">A3 Falcone 10:50<\/h5>\n\t\t\t\t\t\t\t\t\t<\/a>\n\t\t\t\t\t\t\t\t\t<div class=\"divider\"><\/div>\n\t\t\t\t\t\t\t\t\t<h6 class=\"_allCenter\">Falcone<small><span class=\"fas fa-long-arrow-alt-right _mLR_xs\"><\/span><\/small>Aeroporto Catania<\/h6>\n\t\t\t\t\t\t\t\t\t<div class=\"divider\"><\/div>\n\t\t\t\t\t\t\t\t\t<h6 class=\"_allCenter\">\n\t\t\t\t\t\t\t\t\t\t<strong>Passenger Capacity :<\/strong>\n\t\t\t\t\t\t\t\t\t\t100\t\t\t\t\t\t\t\t\t<\/h6>\n\t\t\t\t\t\t\t\t\t<div class=\"divider\"><\/div>\n\t\t\t\t\t\t\t\t\t<div class=\"mp_wp_editor\">\n\t\t\t\t\t\t\t\t\t\t\t\t\t\t\t\t\t\t\t<\/div>\n\t\t\t\t\t\t\t\t<\/div>\n\t\t\t\t\t\t\t\t\t\t\t\t\t\t\t\t\t\t\t\t\t\t\t<div class=\"placeholder_area mp_pagination_item _dShadow_9 grid_3 dNone\">\n\t\t\t\t\t\t\t\t\t\t\t\t\t\t\t\t\t\t\t<div class=\"ribbon\">Navetta Condivisa<\/div>\n\t\t\t\t\t\t\t\t\t\t\t\t\t\t\t\t\t\t<div class=\"bg_image_area\" data-href=\"https:\/\/giardinatour.it\/fr\/navette\/navette-faucon-1300\/\" data-placeholder>\n\t\t\t\t\t\t\t\t\t\t<div data-bg-image=\"https:\/\/giardinatour.it\/wp-content\/uploads\/2025\/01\/partenze.jpg\"><\/div>\n\t\t\t\t\t\t\t\t\t<\/div>\n\t\t\t\t\t\t\t\t\t<div class=\"divider\"><\/div>\n\t\t\t\t\t\t\t\t\t<a href=\"https:\/\/giardinatour.it\/fr\/navette\/navette-faucon-1300\/\">\n\t\t\t\t\t\t\t\t\t\t<h5 class=\"_textCenter_textTheme\">A4 Falcone 13:00<\/h5>\n\t\t\t\t\t\t\t\t\t<\/a>\n\t\t\t\t\t\t\t\t\t<div class=\"divider\"><\/div>\n\t\t\t\t\t\t\t\t\t<h6 class=\"_allCenter\">Falcone<small><span class=\"fas fa-long-arrow-alt-right _mLR_xs\"><\/span><\/small>Aeroporto Catania<\/h6>\n\t\t\t\t\t\t\t\t\t<div class=\"divider\"><\/div>\n\t\t\t\t\t\t\t\t\t<h6 class=\"_allCenter\">\n\t\t\t\t\t\t\t\t\t\t<strong>Passenger Capacity :<\/strong>\n\t\t\t\t\t\t\t\t\t\t100\t\t\t\t\t\t\t\t\t<\/h6>\n\t\t\t\t\t\t\t\t\t<div class=\"divider\"><\/div>\n\t\t\t\t\t\t\t\t\t<div class=\"mp_wp_editor\">\n\t\t\t\t\t\t\t\t\t\t\t\t\t\t\t\t\t\t\t<\/div>\n\t\t\t\t\t\t\t\t<\/div>\n\t\t\t\t\t\t\t\t\t\t\t\t\t\t\t\t\t\t\t\t\t\t\t<div class=\"placeholder_area mp_pagination_item _dShadow_9 grid_3 dNone\">\n\t\t\t\t\t\t\t\t\t\t\t\t\t\t\t\t\t\t\t<div class=\"ribbon\">Navetta Condivisa<\/div>\n\t\t\t\t\t\t\t\t\t\t\t\t\t\t\t\t\t\t<div class=\"bg_image_area\" data-href=\"https:\/\/giardinatour.it\/fr\/navette\/navette-faucon-1500\/\" data-placeholder>\n\t\t\t\t\t\t\t\t\t\t<div data-bg-image=\"https:\/\/giardinatour.it\/wp-content\/uploads\/2025\/01\/partenze.jpg\"><\/div>\n\t\t\t\t\t\t\t\t\t<\/div>\n\t\t\t\t\t\t\t\t\t<div class=\"divider\"><\/div>\n\t\t\t\t\t\t\t\t\t<a href=\"https:\/\/giardinatour.it\/fr\/navette\/navette-faucon-1500\/\">\n\t\t\t\t\t\t\t\t\t\t<h5 class=\"_textCenter_textTheme\">A5 Falcone 15:00<\/h5>\n\t\t\t\t\t\t\t\t\t<\/a>\n\t\t\t\t\t\t\t\t\t<div class=\"divider\"><\/div>\n\t\t\t\t\t\t\t\t\t<h6 class=\"_allCenter\">Falcone<small><span class=\"fas fa-long-arrow-alt-right _mLR_xs\"><\/span><\/small>Aeroporto Catania<\/h6>\n\t\t\t\t\t\t\t\t\t<div class=\"divider\"><\/div>\n\t\t\t\t\t\t\t\t\t<h6 class=\"_allCenter\">\n\t\t\t\t\t\t\t\t\t\t<strong>Passenger Capacity :<\/strong>\n\t\t\t\t\t\t\t\t\t\t100\t\t\t\t\t\t\t\t\t<\/h6>\n\t\t\t\t\t\t\t\t\t<div class=\"divider\"><\/div>\n\t\t\t\t\t\t\t\t\t<div class=\"mp_wp_editor\">\n\t\t\t\t\t\t\t\t\t\t\t\t\t\t\t\t\t\t\t<\/div>\n\t\t\t\t\t\t\t\t<\/div>\n\t\t\t\t\t\t\t\t\t\t\t\t\t\t\t\t\t\t\t\t\t\t\t<div class=\"placeholder_area mp_pagination_item _dShadow_9 grid_3 dNone\">\n\t\t\t\t\t\t\t\t\t\t\t\t\t\t\t\t\t\t\t<div class=\"ribbon\">Navetta Condivisa<\/div>\n\t\t\t\t\t\t\t\t\t\t\t\t\t\t\t\t\t\t<div class=\"bg_image_area\" data-href=\"https:\/\/giardinatour.it\/fr\/navette\/navetta-falcone-1800\/\" data-placeholder>\n\t\t\t\t\t\t\t\t\t\t<div data-bg-image=\"https:\/\/giardinatour.it\/wp-content\/uploads\/2025\/01\/partenze.jpg\"><\/div>\n\t\t\t\t\t\t\t\t\t<\/div>\n\t\t\t\t\t\t\t\t\t<div class=\"divider\"><\/div>\n\t\t\t\t\t\t\t\t\t<a href=\"https:\/\/giardinatour.it\/fr\/navette\/navetta-falcone-1800\/\">\n\t\t\t\t\t\t\t\t\t\t<h5 class=\"_textCenter_textTheme\">A6 Falcone 18:00<\/h5>\n\t\t\t\t\t\t\t\t\t<\/a>\n\t\t\t\t\t\t\t\t\t<div class=\"divider\"><\/div>\n\t\t\t\t\t\t\t\t\t<h6 class=\"_allCenter\">Falcone<small><span class=\"fas fa-long-arrow-alt-right _mLR_xs\"><\/span><\/small>Aeroporto Catania<\/h6>\n\t\t\t\t\t\t\t\t\t<div class=\"divider\"><\/div>\n\t\t\t\t\t\t\t\t\t<h6 class=\"_allCenter\">\n\t\t\t\t\t\t\t\t\t\t<strong>Passenger Capacity :<\/strong>\n\t\t\t\t\t\t\t\t\t\t100\t\t\t\t\t\t\t\t\t<\/h6>\n\t\t\t\t\t\t\t\t\t<div class=\"divider\"><\/div>\n\t\t\t\t\t\t\t\t\t<div class=\"mp_wp_editor\">\n\t\t\t\t\t\t\t\t\t\t\t\t\t\t\t\t\t\t\t<\/div>\n\t\t\t\t\t\t\t\t<\/div>\n\t\t\t\t\t\t\t\t\t\t\t\t\t\t\t\t\t\t\t\t\t\t\t<div class=\"placeholder_area mp_pagination_item _dShadow_9 grid_3 dNone\">\n\t\t\t\t\t\t\t\t\t\t\t\t\t\t\t\t\t\t\t<div class=\"ribbon\">Navetta Condivisa<\/div>\n\t\t\t\t\t\t\t\t\t\t\t\t\t\t\t\t\t\t<div class=\"bg_image_area\" data-href=\"https:\/\/giardinatour.it\/fr\/navette\/un-barcelone-p-g-230\/\" data-placeholder>\n\t\t\t\t\t\t\t\t\t\t<div data-bg-image=\"https:\/\/giardinatour.it\/wp-content\/uploads\/2025\/01\/partenze.jpg\"><\/div>\n\t\t\t\t\t\t\t\t\t<\/div>\n\t\t\t\t\t\t\t\t\t<div class=\"divider\"><\/div>\n\t\t\t\t\t\t\t\t\t<a href=\"https:\/\/giardinatour.it\/fr\/navette\/un-barcelone-p-g-230\/\">\n\t\t\t\t\t\t\t\t\t\t<h5 class=\"_textCenter_textTheme\">AN Barcellona P.G 2:30<\/h5>\n\t\t\t\t\t\t\t\t\t<\/a>\n\t\t\t\t\t\t\t\t\t<div class=\"divider\"><\/div>\n\t\t\t\t\t\t\t\t\t<h6 class=\"_allCenter\">Barcellona P.G.<small><span class=\"fas fa-long-arrow-alt-right _mLR_xs\"><\/span><\/small>Aeroporto Catania<\/h6>\n\t\t\t\t\t\t\t\t\t<div class=\"divider\"><\/div>\n\t\t\t\t\t\t\t\t\t<h6 class=\"_allCenter\">\n\t\t\t\t\t\t\t\t\t\t<strong>Passenger Capacity :<\/strong>\n\t\t\t\t\t\t\t\t\t\t100\t\t\t\t\t\t\t\t\t<\/h6>\n\t\t\t\t\t\t\t\t\t<div class=\"divider\"><\/div>\n\t\t\t\t\t\t\t\t\t<div class=\"mp_wp_editor\">\n\t\t\t\t\t\t\t\t\t\t\t\t\t\t\t\t\t\t\t<\/div>\n\t\t\t\t\t\t\t\t<\/div>\n\t\t\t\t\t\t\t\t\t\t\t\t\t\t\t\t\t\t\t\t\t\t\t<div class=\"placeholder_area mp_pagination_item _dShadow_9 grid_3 dNone\">\n\t\t\t\t\t\t\t\t\t\t\t\t\t\t\t\t\t\t\t<div class=\"ribbon\">Navetta Condivisa<\/div>\n\t\t\t\t\t\t\t\t\t\t\t\t\t\t\t\t\t\t<div class=\"bg_image_area\" data-href=\"https:\/\/giardinatour.it\/fr\/navette\/navetta-barcellona-p-g-600\/\" data-placeholder>\n\t\t\t\t\t\t\t\t\t\t<div data-bg-image=\"https:\/\/giardinatour.it\/wp-content\/uploads\/2025\/01\/partenze.jpg\"><\/div>\n\t\t\t\t\t\t\t\t\t<\/div>\n\t\t\t\t\t\t\t\t\t<div class=\"divider\"><\/div>\n\t\t\t\t\t\t\t\t\t<a href=\"https:\/\/giardinatour.it\/fr\/navette\/navetta-barcellona-p-g-600\/\">\n\t\t\t\t\t\t\t\t\t\t<h5 class=\"_textCenter_textTheme\">A1 Barcellona P.G. 6:00<\/h5>\n\t\t\t\t\t\t\t\t\t<\/a>\n\t\t\t\t\t\t\t\t\t<div class=\"divider\"><\/div>\n\t\t\t\t\t\t\t\t\t<h6 class=\"_allCenter\">Barcellona P.G.<small><span class=\"fas fa-long-arrow-alt-right _mLR_xs\"><\/span><\/small>Aeroporto Catania<\/h6>\n\t\t\t\t\t\t\t\t\t<div class=\"divider\"><\/div>\n\t\t\t\t\t\t\t\t\t<h6 class=\"_allCenter\">\n\t\t\t\t\t\t\t\t\t\t<strong>Passenger Capacity :<\/strong>\n\t\t\t\t\t\t\t\t\t\t100\t\t\t\t\t\t\t\t\t<\/h6>\n\t\t\t\t\t\t\t\t\t<div class=\"divider\"><\/div>\n\t\t\t\t\t\t\t\t\t<div class=\"mp_wp_editor\">\n\t\t\t\t\t\t\t\t\t\t\t\t\t\t\t\t\t\t\t<\/div>\n\t\t\t\t\t\t\t\t<\/div>\n\t\t\t\t\t\t\t\t\t\t\t\t\t\t\t\t\t\t\t\t\t\t\t<div class=\"placeholder_area mp_pagination_item _dShadow_9 grid_3 dNone\">\n\t\t\t\t\t\t\t\t\t\t\t\t\t\t\t\t\t\t\t<div class=\"ribbon\">Navetta Condivisa<\/div>\n\t\t\t\t\t\t\t\t\t\t\t\t\t\t\t\t\t\t<div class=\"bg_image_area\" data-href=\"https:\/\/giardinatour.it\/fr\/navette\/a2-barcellona-p-g-920\/\" data-placeholder>\n\t\t\t\t\t\t\t\t\t\t<div data-bg-image=\"https:\/\/giardinatour.it\/wp-content\/uploads\/2025\/01\/partenze.jpg\"><\/div>\n\t\t\t\t\t\t\t\t\t<\/div>\n\t\t\t\t\t\t\t\t\t<div class=\"divider\"><\/div>\n\t\t\t\t\t\t\t\t\t<a href=\"https:\/\/giardinatour.it\/fr\/navette\/a2-barcellona-p-g-920\/\">\n\t\t\t\t\t\t\t\t\t\t<h5 class=\"_textCenter_textTheme\">A2 Barcellona P.G. 9:20<\/h5>\n\t\t\t\t\t\t\t\t\t<\/a>\n\t\t\t\t\t\t\t\t\t<div class=\"divider\"><\/div>\n\t\t\t\t\t\t\t\t\t<h6 class=\"_allCenter\">Barcellona P.G.<small><span class=\"fas fa-long-arrow-alt-right _mLR_xs\"><\/span><\/small>Aeroporto Catania<\/h6>\n\t\t\t\t\t\t\t\t\t<div class=\"divider\"><\/div>\n\t\t\t\t\t\t\t\t\t<h6 class=\"_allCenter\">\n\t\t\t\t\t\t\t\t\t\t<strong>Passenger Capacity :<\/strong>\n\t\t\t\t\t\t\t\t\t\t100\t\t\t\t\t\t\t\t\t<\/h6>\n\t\t\t\t\t\t\t\t\t<div class=\"divider\"><\/div>\n\t\t\t\t\t\t\t\t\t<div class=\"mp_wp_editor\">\n\t\t\t\t\t\t\t\t\t\t\t\t\t\t\t\t\t\t\t<\/div>\n\t\t\t\t\t\t\t\t<\/div>\n\t\t\t\t\t\t\t\t\t\t\t\t\t\t\t\t\t\t\t\t\t\t\t<div class=\"placeholder_area mp_pagination_item _dShadow_9 grid_3 dNone\">\n\t\t\t\t\t\t\t\t\t\t\t\t\t\t\t\t\t\t\t<div class=\"ribbon\">Navetta Condivisa<\/div>\n\t\t\t\t\t\t\t\t\t\t\t\t\t\t\t\t\t\t<div class=\"bg_image_area\" data-href=\"https:\/\/giardinatour.it\/fr\/navette\/navette-barcelone-p-g-1100\/\" data-placeholder>\n\t\t\t\t\t\t\t\t\t\t<div data-bg-image=\"https:\/\/giardinatour.it\/wp-content\/uploads\/2025\/01\/partenze.jpg\"><\/div>\n\t\t\t\t\t\t\t\t\t<\/div>\n\t\t\t\t\t\t\t\t\t<div class=\"divider\"><\/div>\n\t\t\t\t\t\t\t\t\t<a href=\"https:\/\/giardinatour.it\/fr\/navette\/navette-barcelone-p-g-1100\/\">\n\t\t\t\t\t\t\t\t\t\t<h5 class=\"_textCenter_textTheme\">A3 Barcellona P.G. 11:00<\/h5>\n\t\t\t\t\t\t\t\t\t<\/a>\n\t\t\t\t\t\t\t\t\t<div class=\"divider\"><\/div>\n\t\t\t\t\t\t\t\t\t<h6 class=\"_allCenter\">Barcellona P.G.<small><span class=\"fas fa-long-arrow-alt-right _mLR_xs\"><\/span><\/small>Aeroporto Catania<\/h6>\n\t\t\t\t\t\t\t\t\t<div class=\"divider\"><\/div>\n\t\t\t\t\t\t\t\t\t<h6 class=\"_allCenter\">\n\t\t\t\t\t\t\t\t\t\t<strong>Passenger Capacity :<\/strong>\n\t\t\t\t\t\t\t\t\t\t100\t\t\t\t\t\t\t\t\t<\/h6>\n\t\t\t\t\t\t\t\t\t<div class=\"divider\"><\/div>\n\t\t\t\t\t\t\t\t\t<div class=\"mp_wp_editor\">\n\t\t\t\t\t\t\t\t\t\t\t\t\t\t\t\t\t\t\t<\/div>\n\t\t\t\t\t\t\t\t<\/div>\n\t\t\t\t\t\t\t\t\t\t\t\t\t\t\t\t\t\t\t\t\t\t\t<div class=\"placeholder_area mp_pagination_item _dShadow_9 grid_3 dNone\">\n\t\t\t\t\t\t\t\t\t\t\t\t\t\t\t\t\t\t\t<div class=\"ribbon\">Navetta Condivisa<\/div>\n\t\t\t\t\t\t\t\t\t\t\t\t\t\t\t\t\t\t<div class=\"bg_image_area\" data-href=\"https:\/\/giardinatour.it\/fr\/navette\/navette-barcelone-p-g-1320\/\" data-placeholder>\n\t\t\t\t\t\t\t\t\t\t<div data-bg-image=\"https:\/\/giardinatour.it\/wp-content\/uploads\/2025\/01\/partenze.jpg\"><\/div>\n\t\t\t\t\t\t\t\t\t<\/div>\n\t\t\t\t\t\t\t\t\t<div class=\"divider\"><\/div>\n\t\t\t\t\t\t\t\t\t<a href=\"https:\/\/giardinatour.it\/fr\/navette\/navette-barcelone-p-g-1320\/\">\n\t\t\t\t\t\t\t\t\t\t<h5 class=\"_textCenter_textTheme\">A4 Barcellona P.G. 13:20<\/h5>\n\t\t\t\t\t\t\t\t\t<\/a>\n\t\t\t\t\t\t\t\t\t<div class=\"divider\"><\/div>\n\t\t\t\t\t\t\t\t\t<h6 class=\"_allCenter\">Barcellona P.G.<small><span class=\"fas fa-long-arrow-alt-right _mLR_xs\"><\/span><\/small>Aeroporto Catania<\/h6>\n\t\t\t\t\t\t\t\t\t<div class=\"divider\"><\/div>\n\t\t\t\t\t\t\t\t\t<h6 class=\"_allCenter\">\n\t\t\t\t\t\t\t\t\t\t<strong>Passenger Capacity :<\/strong>\n\t\t\t\t\t\t\t\t\t\t100\t\t\t\t\t\t\t\t\t<\/h6>\n\t\t\t\t\t\t\t\t\t<div class=\"divider\"><\/div>\n\t\t\t\t\t\t\t\t\t<div class=\"mp_wp_editor\">\n\t\t\t\t\t\t\t\t\t\t\t\t\t\t\t\t\t\t\t<\/div>\n\t\t\t\t\t\t\t\t<\/div>\n\t\t\t\t\t\t\t\t\t\t\t\t\t\t\t\t\t\t\t\t\t\t\t<div class=\"placeholder_area mp_pagination_item _dShadow_9 grid_3 dNone\">\n\t\t\t\t\t\t\t\t\t\t\t\t\t\t\t\t\t\t\t<div class=\"ribbon\">Navetta Condivisa<\/div>\n\t\t\t\t\t\t\t\t\t\t\t\t\t\t\t\t\t\t<div class=\"bg_image_area\" data-href=\"https:\/\/giardinatour.it\/fr\/navette\/navetta-barcellona-p-g-1510\/\" data-placeholder>\n\t\t\t\t\t\t\t\t\t\t<div data-bg-image=\"https:\/\/giardinatour.it\/wp-content\/uploads\/2025\/01\/partenze.jpg\"><\/div>\n\t\t\t\t\t\t\t\t\t<\/div>\n\t\t\t\t\t\t\t\t\t<div class=\"divider\"><\/div>\n\t\t\t\t\t\t\t\t\t<a href=\"https:\/\/giardinatour.it\/fr\/navette\/navetta-barcellona-p-g-1510\/\">\n\t\t\t\t\t\t\t\t\t\t<h5 class=\"_textCenter_textTheme\">A5 Barcellona P.G. 15:10<\/h5>\n\t\t\t\t\t\t\t\t\t<\/a>\n\t\t\t\t\t\t\t\t\t<div class=\"divider\"><\/div>\n\t\t\t\t\t\t\t\t\t<h6 class=\"_allCenter\">Barcellona P.G.<small><span class=\"fas fa-long-arrow-alt-right _mLR_xs\"><\/span><\/small>Aeroporto Catania<\/h6>\n\t\t\t\t\t\t\t\t\t<div class=\"divider\"><\/div>\n\t\t\t\t\t\t\t\t\t<h6 class=\"_allCenter\">\n\t\t\t\t\t\t\t\t\t\t<strong>Passenger Capacity :<\/strong>\n\t\t\t\t\t\t\t\t\t\t100\t\t\t\t\t\t\t\t\t<\/h6>\n\t\t\t\t\t\t\t\t\t<div class=\"divider\"><\/div>\n\t\t\t\t\t\t\t\t\t<div class=\"mp_wp_editor\">\n\t\t\t\t\t\t\t\t\t\t\t\t\t\t\t\t\t\t\t<\/div>\n\t\t\t\t\t\t\t\t<\/div>\n\t\t\t\t\t\t\t\t\t\t\t\t\t\t\t\t\t\t\t\t\t\t\t<div class=\"placeholder_area mp_pagination_item _dShadow_9 grid_3 dNone\">\n\t\t\t\t\t\t\t\t\t\t\t\t\t\t\t\t\t\t\t<div class=\"ribbon\">Navetta Condivisa<\/div>\n\t\t\t\t\t\t\t\t\t\t\t\t\t\t\t\t\t\t<div class=\"bg_image_area\" data-href=\"https:\/\/giardinatour.it\/fr\/navette\/navette-barcelone-p-g-1810\/\" data-placeholder>\n\t\t\t\t\t\t\t\t\t\t<div data-bg-image=\"https:\/\/giardinatour.it\/wp-content\/uploads\/2025\/01\/partenze.jpg\"><\/div>\n\t\t\t\t\t\t\t\t\t<\/div>\n\t\t\t\t\t\t\t\t\t<div class=\"divider\"><\/div>\n\t\t\t\t\t\t\t\t\t<a href=\"https:\/\/giardinatour.it\/fr\/navette\/navette-barcelone-p-g-1810\/\">\n\t\t\t\t\t\t\t\t\t\t<h5 class=\"_textCenter_textTheme\">A6 Barcellona P.G. 18:10<\/h5>\n\t\t\t\t\t\t\t\t\t<\/a>\n\t\t\t\t\t\t\t\t\t<div class=\"divider\"><\/div>\n\t\t\t\t\t\t\t\t\t<h6 class=\"_allCenter\">Barcellona P.G.<small><span class=\"fas fa-long-arrow-alt-right _mLR_xs\"><\/span><\/small>Aeroporto Catania<\/h6>\n\t\t\t\t\t\t\t\t\t<div class=\"divider\"><\/div>\n\t\t\t\t\t\t\t\t\t<h6 class=\"_allCenter\">\n\t\t\t\t\t\t\t\t\t\t<strong>Passenger Capacity :<\/strong>\n\t\t\t\t\t\t\t\t\t\t100\t\t\t\t\t\t\t\t\t<\/h6>\n\t\t\t\t\t\t\t\t\t<div class=\"divider\"><\/div>\n\t\t\t\t\t\t\t\t\t<div class=\"mp_wp_editor\">\n\t\t\t\t\t\t\t\t\t\t\t\t\t\t\t\t\t\t\t<\/div>\n\t\t\t\t\t\t\t\t<\/div>\n\t\t\t\t\t\t\t\t\t\t\t\t\t\t\t\t\t\t\t\t\t\t\t<div class=\"placeholder_area mp_pagination_item _dShadow_9 grid_3 dNone\">\n\t\t\t\t\t\t\t\t\t\t\t\t\t\t\t\t\t\t\t<div class=\"ribbon\">Navetta Condivisa<\/div>\n\t\t\t\t\t\t\t\t\t\t\t\t\t\t\t\t\t\t<div class=\"bg_image_area\" data-href=\"https:\/\/giardinatour.it\/fr\/navette\/un-milazzo-250\/\" data-placeholder>\n\t\t\t\t\t\t\t\t\t\t<div data-bg-image=\"https:\/\/giardinatour.it\/wp-content\/uploads\/2025\/01\/partenze.jpg\"><\/div>\n\t\t\t\t\t\t\t\t\t<\/div>\n\t\t\t\t\t\t\t\t\t<div class=\"divider\"><\/div>\n\t\t\t\t\t\t\t\t\t<a href=\"https:\/\/giardinatour.it\/fr\/navette\/un-milazzo-250\/\">\n\t\t\t\t\t\t\t\t\t\t<h5 class=\"_textCenter_textTheme\">AN Milazzo 2:50<\/h5>\n\t\t\t\t\t\t\t\t\t<\/a>\n\t\t\t\t\t\t\t\t\t<div class=\"divider\"><\/div>\n\t\t\t\t\t\t\t\t\t<h6 class=\"_allCenter\">Milazzo<small><span class=\"fas fa-long-arrow-alt-right _mLR_xs\"><\/span><\/small>Aeroporto Catania<\/h6>\n\t\t\t\t\t\t\t\t\t<div class=\"divider\"><\/div>\n\t\t\t\t\t\t\t\t\t<h6 class=\"_allCenter\">\n\t\t\t\t\t\t\t\t\t\t<strong>Passenger Capacity :<\/strong>\n\t\t\t\t\t\t\t\t\t\t100\t\t\t\t\t\t\t\t\t<\/h6>\n\t\t\t\t\t\t\t\t\t<div class=\"divider\"><\/div>\n\t\t\t\t\t\t\t\t\t<div class=\"mp_wp_editor\">\n\t\t\t\t\t\t\t\t\t\t\t\t\t\t\t\t\t\t\t<\/div>\n\t\t\t\t\t\t\t\t<\/div>\n\t\t\t\t\t\t\t\t\t\t\t\t\t\t\t\t\t\t\t\t\t\t\t<div class=\"placeholder_area mp_pagination_item _dShadow_9 grid_3 dNone\">\n\t\t\t\t\t\t\t\t\t\t\t\t\t\t\t\t\t\t\t<div class=\"ribbon\">Navetta Condivisa<\/div>\n\t\t\t\t\t\t\t\t\t\t\t\t\t\t\t\t\t\t<div class=\"bg_image_area\" data-href=\"https:\/\/giardinatour.it\/fr\/navette\/navetta-milazzo-615\/\" data-placeholder>\n\t\t\t\t\t\t\t\t\t\t<div data-bg-image=\"https:\/\/giardinatour.it\/wp-content\/uploads\/2025\/01\/partenze.jpg\"><\/div>\n\t\t\t\t\t\t\t\t\t<\/div>\n\t\t\t\t\t\t\t\t\t<div class=\"divider\"><\/div>\n\t\t\t\t\t\t\t\t\t<a href=\"https:\/\/giardinatour.it\/fr\/navette\/navetta-milazzo-615\/\">\n\t\t\t\t\t\t\t\t\t\t<h5 class=\"_textCenter_textTheme\">A1 Milazzo 6:15<\/h5>\n\t\t\t\t\t\t\t\t\t<\/a>\n\t\t\t\t\t\t\t\t\t<div class=\"divider\"><\/div>\n\t\t\t\t\t\t\t\t\t<h6 class=\"_allCenter\">Milazzo<small><span class=\"fas fa-long-arrow-alt-right _mLR_xs\"><\/span><\/small>Aeroporto Catania<\/h6>\n\t\t\t\t\t\t\t\t\t<div class=\"divider\"><\/div>\n\t\t\t\t\t\t\t\t\t<h6 class=\"_allCenter\">\n\t\t\t\t\t\t\t\t\t\t<strong>Passenger Capacity :<\/strong>\n\t\t\t\t\t\t\t\t\t\t100\t\t\t\t\t\t\t\t\t<\/h6>\n\t\t\t\t\t\t\t\t\t<div class=\"divider\"><\/div>\n\t\t\t\t\t\t\t\t\t<div class=\"mp_wp_editor\">\n\t\t\t\t\t\t\t\t\t\t\t\t\t\t\t\t\t\t\t<\/div>\n\t\t\t\t\t\t\t\t<\/div>\n\t\t\t\t\t\t\t\t\t\t\t\t\t\t\t\t\t\t\t\t\t\t\t<div class=\"placeholder_area mp_pagination_item _dShadow_9 grid_3 dNone\">\n\t\t\t\t\t\t\t\t\t\t\t\t\t\t\t\t\t\t\t<div class=\"ribbon\">Navetta Condivisa<\/div>\n\t\t\t\t\t\t\t\t\t\t\t\t\t\t\t\t\t\t<div class=\"bg_image_area\" data-href=\"https:\/\/giardinatour.it\/fr\/navette\/navette-milazzo-810\/\" data-placeholder>\n\t\t\t\t\t\t\t\t\t\t<div data-bg-image=\"https:\/\/giardinatour.it\/wp-content\/uploads\/2025\/01\/partenze.jpg\"><\/div>\n\t\t\t\t\t\t\t\t\t<\/div>\n\t\t\t\t\t\t\t\t\t<div class=\"divider\"><\/div>\n\t\t\t\t\t\t\t\t\t<a href=\"https:\/\/giardinatour.it\/fr\/navette\/navette-milazzo-810\/\">\n\t\t\t\t\t\t\t\t\t\t<h5 class=\"_textCenter_textTheme\">VECCHIO A3 Milazzo 8:10<\/h5>\n\t\t\t\t\t\t\t\t\t<\/a>\n\t\t\t\t\t\t\t\t\t<div class=\"divider\"><\/div>\n\t\t\t\t\t\t\t\t\t<h6 class=\"_allCenter\">Milazzo<small><span class=\"fas fa-long-arrow-alt-right _mLR_xs\"><\/span><\/small>Aeroporto Catania<\/h6>\n\t\t\t\t\t\t\t\t\t<div class=\"divider\"><\/div>\n\t\t\t\t\t\t\t\t\t<h6 class=\"_allCenter\">\n\t\t\t\t\t\t\t\t\t\t<strong>Passenger Capacity :<\/strong>\n\t\t\t\t\t\t\t\t\t\t100\t\t\t\t\t\t\t\t\t<\/h6>\n\t\t\t\t\t\t\t\t\t<div class=\"divider\"><\/div>\n\t\t\t\t\t\t\t\t\t<div class=\"mp_wp_editor\">\n\t\t\t\t\t\t\t\t\t\t\t\t\t\t\t\t\t\t\t<\/div>\n\t\t\t\t\t\t\t\t<\/div>\n\t\t\t\t\t\t\t\t\t\t\t\t\t\t\t\t\t\t\t\t\t\t\t<div class=\"placeholder_area mp_pagination_item _dShadow_9 grid_3 dNone\">\n\t\t\t\t\t\t\t\t\t\t\t\t\t\t\t\t\t\t\t<div class=\"ribbon\">Navetta Condivisa<\/div>\n\t\t\t\t\t\t\t\t\t\t\t\t\t\t\t\t\t\t<div class=\"bg_image_area\" data-href=\"https:\/\/giardinatour.it\/fr\/navette\/a2-milazzo-920\/\" data-placeholder>\n\t\t\t\t\t\t\t\t\t\t<div data-bg-image=\"https:\/\/giardinatour.it\/wp-content\/uploads\/2025\/01\/partenze.jpg\"><\/div>\n\t\t\t\t\t\t\t\t\t<\/div>\n\t\t\t\t\t\t\t\t\t<div class=\"divider\"><\/div>\n\t\t\t\t\t\t\t\t\t<a href=\"https:\/\/giardinatour.it\/fr\/navette\/a2-milazzo-920\/\">\n\t\t\t\t\t\t\t\t\t\t<h5 class=\"_textCenter_textTheme\">A2 Milazzo 9:20<\/h5>\n\t\t\t\t\t\t\t\t\t<\/a>\n\t\t\t\t\t\t\t\t\t<div class=\"divider\"><\/div>\n\t\t\t\t\t\t\t\t\t<h6 class=\"_allCenter\">Milazzo<small><span class=\"fas fa-long-arrow-alt-right _mLR_xs\"><\/span><\/small>Aeroporto Catania<\/h6>\n\t\t\t\t\t\t\t\t\t<div class=\"divider\"><\/div>\n\t\t\t\t\t\t\t\t\t<h6 class=\"_allCenter\">\n\t\t\t\t\t\t\t\t\t\t<strong>Passenger Capacity :<\/strong>\n\t\t\t\t\t\t\t\t\t\t100\t\t\t\t\t\t\t\t\t<\/h6>\n\t\t\t\t\t\t\t\t\t<div class=\"divider\"><\/div>\n\t\t\t\t\t\t\t\t\t<div class=\"mp_wp_editor\">\n\t\t\t\t\t\t\t\t\t\t\t\t\t\t\t\t\t\t\t<\/div>\n\t\t\t\t\t\t\t\t<\/div>\n\t\t\t\t\t\t\t\t\t\t\t\t\t\t\t\t\t\t\t\t\t\t\t<div class=\"placeholder_area mp_pagination_item _dShadow_9 grid_3 dNone\">\n\t\t\t\t\t\t\t\t\t\t\t\t\t\t\t\t\t\t\t<div class=\"ribbon\">Navetta Condivisa<\/div>\n\t\t\t\t\t\t\t\t\t\t\t\t\t\t\t\t\t\t<div class=\"bg_image_area\" data-href=\"https:\/\/giardinatour.it\/fr\/navette\/navette-milazzo-1050\/\" data-placeholder>\n\t\t\t\t\t\t\t\t\t\t<div data-bg-image=\"https:\/\/giardinatour.it\/wp-content\/uploads\/2025\/01\/partenze.jpg\"><\/div>\n\t\t\t\t\t\t\t\t\t<\/div>\n\t\t\t\t\t\t\t\t\t<div class=\"divider\"><\/div>\n\t\t\t\t\t\t\t\t\t<a href=\"https:\/\/giardinatour.it\/fr\/navette\/navette-milazzo-1050\/\">\n\t\t\t\t\t\t\t\t\t\t<h5 class=\"_textCenter_textTheme\">A3 Milazzo 10:50<\/h5>\n\t\t\t\t\t\t\t\t\t<\/a>\n\t\t\t\t\t\t\t\t\t<div class=\"divider\"><\/div>\n\t\t\t\t\t\t\t\t\t<h6 class=\"_allCenter\">Milazzo<small><span class=\"fas fa-long-arrow-alt-right _mLR_xs\"><\/span><\/small>Aeroporto Catania<\/h6>\n\t\t\t\t\t\t\t\t\t<div class=\"divider\"><\/div>\n\t\t\t\t\t\t\t\t\t<h6 class=\"_allCenter\">\n\t\t\t\t\t\t\t\t\t\t<strong>Passenger Capacity :<\/strong>\n\t\t\t\t\t\t\t\t\t\t100\t\t\t\t\t\t\t\t\t<\/h6>\n\t\t\t\t\t\t\t\t\t<div class=\"divider\"><\/div>\n\t\t\t\t\t\t\t\t\t<div class=\"mp_wp_editor\">\n\t\t\t\t\t\t\t\t\t\t\t\t\t\t\t\t\t\t\t<\/div>\n\t\t\t\t\t\t\t\t<\/div>\n\t\t\t\t\t\t\t\t\t\t\t\t\t\t\t\t\t\t\t\t\t\t\t<div class=\"placeholder_area mp_pagination_item _dShadow_9 grid_3 dNone\">\n\t\t\t\t\t\t\t\t\t\t\t\t\t\t\t\t\t\t\t<div class=\"ribbon\">Navetta Condivisa<\/div>\n\t\t\t\t\t\t\t\t\t\t\t\t\t\t\t\t\t\t<div class=\"bg_image_area\" data-href=\"https:\/\/giardinatour.it\/fr\/navette\/navette-milazzo-1320\/\" data-placeholder>\n\t\t\t\t\t\t\t\t\t\t<div data-bg-image=\"https:\/\/giardinatour.it\/wp-content\/uploads\/2025\/01\/partenze.jpg\"><\/div>\n\t\t\t\t\t\t\t\t\t<\/div>\n\t\t\t\t\t\t\t\t\t<div class=\"divider\"><\/div>\n\t\t\t\t\t\t\t\t\t<a href=\"https:\/\/giardinatour.it\/fr\/navette\/navette-milazzo-1320\/\">\n\t\t\t\t\t\t\t\t\t\t<h5 class=\"_textCenter_textTheme\">A4 Milazzo 13:20<\/h5>\n\t\t\t\t\t\t\t\t\t<\/a>\n\t\t\t\t\t\t\t\t\t<div class=\"divider\"><\/div>\n\t\t\t\t\t\t\t\t\t<h6 class=\"_allCenter\">Milazzo<small><span class=\"fas fa-long-arrow-alt-right _mLR_xs\"><\/span><\/small>Aeroporto Catania<\/h6>\n\t\t\t\t\t\t\t\t\t<div class=\"divider\"><\/div>\n\t\t\t\t\t\t\t\t\t<h6 class=\"_allCenter\">\n\t\t\t\t\t\t\t\t\t\t<strong>Passenger Capacity :<\/strong>\n\t\t\t\t\t\t\t\t\t\t100\t\t\t\t\t\t\t\t\t<\/h6>\n\t\t\t\t\t\t\t\t\t<div class=\"divider\"><\/div>\n\t\t\t\t\t\t\t\t\t<div class=\"mp_wp_editor\">\n\t\t\t\t\t\t\t\t\t\t\t\t\t\t\t\t\t\t\t<\/div>\n\t\t\t\t\t\t\t\t<\/div>\n\t\t\t\t\t\t\t\t\t\t\t\t\t\t\t\t\t\t\t\t\t\t\t<div class=\"placeholder_area mp_pagination_item _dShadow_9 grid_3 dNone\">\n\t\t\t\t\t\t\t\t\t\t\t\t\t\t\t\t\t\t\t<div class=\"ribbon\">Navetta Condivisa<\/div>\n\t\t\t\t\t\t\t\t\t\t\t\t\t\t\t\t\t\t<div class=\"bg_image_area\" data-href=\"https:\/\/giardinatour.it\/fr\/navette\/navette-milazzo-1500\/\" data-placeholder>\n\t\t\t\t\t\t\t\t\t\t<div data-bg-image=\"https:\/\/giardinatour.it\/wp-content\/uploads\/2025\/01\/partenze.jpg\"><\/div>\n\t\t\t\t\t\t\t\t\t<\/div>\n\t\t\t\t\t\t\t\t\t<div class=\"divider\"><\/div>\n\t\t\t\t\t\t\t\t\t<a href=\"https:\/\/giardinatour.it\/fr\/navette\/navette-milazzo-1500\/\">\n\t\t\t\t\t\t\t\t\t\t<h5 class=\"_textCenter_textTheme\">A5 Milazzo 15:00<\/h5>\n\t\t\t\t\t\t\t\t\t<\/a>\n\t\t\t\t\t\t\t\t\t<div class=\"divider\"><\/div>\n\t\t\t\t\t\t\t\t\t<h6 class=\"_allCenter\">Milazzo<small><span class=\"fas fa-long-arrow-alt-right _mLR_xs\"><\/span><\/small>Aeroporto Catania<\/h6>\n\t\t\t\t\t\t\t\t\t<div class=\"divider\"><\/div>\n\t\t\t\t\t\t\t\t\t<h6 class=\"_allCenter\">\n\t\t\t\t\t\t\t\t\t\t<strong>Passenger Capacity :<\/strong>\n\t\t\t\t\t\t\t\t\t\t100\t\t\t\t\t\t\t\t\t<\/h6>\n\t\t\t\t\t\t\t\t\t<div class=\"divider\"><\/div>\n\t\t\t\t\t\t\t\t\t<div class=\"mp_wp_editor\">\n\t\t\t\t\t\t\t\t\t\t\t\t\t\t\t\t\t\t\t<\/div>\n\t\t\t\t\t\t\t\t<\/div>\n\t\t\t\t\t\t\t\t\t\t\t\t\t\t\t\t\t\t\t\t\t\t\t<div class=\"placeholder_area mp_pagination_item _dShadow_9 grid_3 dNone\">\n\t\t\t\t\t\t\t\t\t\t\t\t\t\t\t\t\t\t\t<div class=\"ribbon\">Navetta Condivisa<\/div>\n\t\t\t\t\t\t\t\t\t\t\t\t\t\t\t\t\t\t<div class=\"bg_image_area\" data-href=\"https:\/\/giardinatour.it\/fr\/navette\/a6-milazzo-1815\/\" data-placeholder>\n\t\t\t\t\t\t\t\t\t\t<div data-bg-image=\"https:\/\/giardinatour.it\/wp-content\/uploads\/2025\/01\/partenze.jpg\"><\/div>\n\t\t\t\t\t\t\t\t\t<\/div>\n\t\t\t\t\t\t\t\t\t<div class=\"divider\"><\/div>\n\t\t\t\t\t\t\t\t\t<a href=\"https:\/\/giardinatour.it\/fr\/navette\/a6-milazzo-1815\/\">\n\t\t\t\t\t\t\t\t\t\t<h5 class=\"_textCenter_textTheme\">A6 Milazzo 18:15<\/h5>\n\t\t\t\t\t\t\t\t\t<\/a>\n\t\t\t\t\t\t\t\t\t<div class=\"divider\"><\/div>\n\t\t\t\t\t\t\t\t\t<h6 class=\"_allCenter\">Milazzo<small><span class=\"fas fa-long-arrow-alt-right _mLR_xs\"><\/span><\/small>Aeroporto Catania<\/h6>\n\t\t\t\t\t\t\t\t\t<div class=\"divider\"><\/div>\n\t\t\t\t\t\t\t\t\t<h6 class=\"_allCenter\">\n\t\t\t\t\t\t\t\t\t\t<strong>Passenger Capacity :<\/strong>\n\t\t\t\t\t\t\t\t\t\t100\t\t\t\t\t\t\t\t\t<\/h6>\n\t\t\t\t\t\t\t\t\t<div class=\"divider\"><\/div>\n\t\t\t\t\t\t\t\t\t<div class=\"mp_wp_editor\">\n\t\t\t\t\t\t\t\t\t\t\t\t\t\t\t\t\t\t\t<\/div>\n\t\t\t\t\t\t\t\t<\/div>\n\t\t\t\t\t\t\t\t\t\t\t\t\t\t\t\t\t\t\t\t\t\t\t<div class=\"placeholder_area mp_pagination_item _dShadow_9 grid_3 dNone\">\n\t\t\t\t\t\t\t\t\t\t\t\t\t\t\t\t\t\t\t<div class=\"ribbon\">Navetta Condivisa<\/div>\n\t\t\t\t\t\t\t\t\t\t\t\t\t\t\t\t\t\t<div class=\"bg_image_area\" data-href=\"https:\/\/giardinatour.it\/fr\/navette\/un-rometta-300\/\" data-placeholder>\n\t\t\t\t\t\t\t\t\t\t<div data-bg-image=\"https:\/\/giardinatour.it\/wp-content\/uploads\/2025\/01\/partenze.jpg\"><\/div>\n\t\t\t\t\t\t\t\t\t<\/div>\n\t\t\t\t\t\t\t\t\t<div class=\"divider\"><\/div>\n\t\t\t\t\t\t\t\t\t<a href=\"https:\/\/giardinatour.it\/fr\/navette\/un-rometta-300\/\">\n\t\t\t\t\t\t\t\t\t\t<h5 class=\"_textCenter_textTheme\">AN Rometta 3:00<\/h5>\n\t\t\t\t\t\t\t\t\t<\/a>\n\t\t\t\t\t\t\t\t\t<div class=\"divider\"><\/div>\n\t\t\t\t\t\t\t\t\t<h6 class=\"_allCenter\">Rometta<small><span class=\"fas fa-long-arrow-alt-right _mLR_xs\"><\/span><\/small>Aeroporto Catania<\/h6>\n\t\t\t\t\t\t\t\t\t<div class=\"divider\"><\/div>\n\t\t\t\t\t\t\t\t\t<h6 class=\"_allCenter\">\n\t\t\t\t\t\t\t\t\t\t<strong>Passenger Capacity :<\/strong>\n\t\t\t\t\t\t\t\t\t\t100\t\t\t\t\t\t\t\t\t<\/h6>\n\t\t\t\t\t\t\t\t\t<div class=\"divider\"><\/div>\n\t\t\t\t\t\t\t\t\t<div class=\"mp_wp_editor\">\n\t\t\t\t\t\t\t\t\t\t\t\t\t\t\t\t\t\t\t<\/div>\n\t\t\t\t\t\t\t\t<\/div>\n\t\t\t\t\t\t\t\t\t\t\t\t\t\t\t\t\t\t\t\t\t\t\t<div class=\"placeholder_area mp_pagination_item _dShadow_9 grid_3 dNone\">\n\t\t\t\t\t\t\t\t\t\t\t\t\t\t\t\t\t\t\t<div class=\"ribbon\">Navetta Condivisa<\/div>\n\t\t\t\t\t\t\t\t\t\t\t\t\t\t\t\t\t\t<div class=\"bg_image_area\" data-href=\"https:\/\/giardinatour.it\/fr\/navette\/navette-rometta-630\/\" data-placeholder>\n\t\t\t\t\t\t\t\t\t\t<div data-bg-image=\"https:\/\/giardinatour.it\/wp-content\/uploads\/2025\/01\/partenze.jpg\"><\/div>\n\t\t\t\t\t\t\t\t\t<\/div>\n\t\t\t\t\t\t\t\t\t<div class=\"divider\"><\/div>\n\t\t\t\t\t\t\t\t\t<a href=\"https:\/\/giardinatour.it\/fr\/navette\/navette-rometta-630\/\">\n\t\t\t\t\t\t\t\t\t\t<h5 class=\"_textCenter_textTheme\">A1 Rometta 6:30<\/h5>\n\t\t\t\t\t\t\t\t\t<\/a>\n\t\t\t\t\t\t\t\t\t<div class=\"divider\"><\/div>\n\t\t\t\t\t\t\t\t\t<h6 class=\"_allCenter\">Rometta<small><span class=\"fas fa-long-arrow-alt-right _mLR_xs\"><\/span><\/small>Aeroporto Catania<\/h6>\n\t\t\t\t\t\t\t\t\t<div class=\"divider\"><\/div>\n\t\t\t\t\t\t\t\t\t<h6 class=\"_allCenter\">\n\t\t\t\t\t\t\t\t\t\t<strong>Passenger Capacity :<\/strong>\n\t\t\t\t\t\t\t\t\t\t100\t\t\t\t\t\t\t\t\t<\/h6>\n\t\t\t\t\t\t\t\t\t<div class=\"divider\"><\/div>\n\t\t\t\t\t\t\t\t\t<div class=\"mp_wp_editor\">\n\t\t\t\t\t\t\t\t\t\t\t\t\t\t\t\t\t\t\t<\/div>\n\t\t\t\t\t\t\t\t<\/div>\n\t\t\t\t\t\t\t\t\t\t\t\t\t\t\t\t\t\t\t\t\t\t\t<div class=\"placeholder_area mp_pagination_item _dShadow_9 grid_3 dNone\">\n\t\t\t\t\t\t\t\t\t\t\t\t\t\t\t\t\t\t\t<div class=\"ribbon\">Navetta Condivisa<\/div>\n\t\t\t\t\t\t\t\t\t\t\t\t\t\t\t\t\t\t<div class=\"bg_image_area\" data-href=\"https:\/\/giardinatour.it\/fr\/navette\/a2-rometta-0940\/\" data-placeholder>\n\t\t\t\t\t\t\t\t\t\t<div data-bg-image=\"https:\/\/giardinatour.it\/wp-content\/uploads\/2025\/01\/partenze.jpg\"><\/div>\n\t\t\t\t\t\t\t\t\t<\/div>\n\t\t\t\t\t\t\t\t\t<div class=\"divider\"><\/div>\n\t\t\t\t\t\t\t\t\t<a href=\"https:\/\/giardinatour.it\/fr\/navette\/a2-rometta-0940\/\">\n\t\t\t\t\t\t\t\t\t\t<h5 class=\"_textCenter_textTheme\">A2 Rometta 09:40<\/h5>\n\t\t\t\t\t\t\t\t\t<\/a>\n\t\t\t\t\t\t\t\t\t<div class=\"divider\"><\/div>\n\t\t\t\t\t\t\t\t\t<h6 class=\"_allCenter\">Rometta<small><span class=\"fas fa-long-arrow-alt-right _mLR_xs\"><\/span><\/small>Aeroporto Catania<\/h6>\n\t\t\t\t\t\t\t\t\t<div class=\"divider\"><\/div>\n\t\t\t\t\t\t\t\t\t<h6 class=\"_allCenter\">\n\t\t\t\t\t\t\t\t\t\t<strong>Passenger Capacity :<\/strong>\n\t\t\t\t\t\t\t\t\t\t100\t\t\t\t\t\t\t\t\t<\/h6>\n\t\t\t\t\t\t\t\t\t<div class=\"divider\"><\/div>\n\t\t\t\t\t\t\t\t\t<div class=\"mp_wp_editor\">\n\t\t\t\t\t\t\t\t\t\t\t\t\t\t\t\t\t\t\t<\/div>\n\t\t\t\t\t\t\t\t<\/div>\n\t\t\t\t\t\t\t\t\t\t\t\t\t\t\t\t\t\t\t\t\t\t\t<div class=\"placeholder_area mp_pagination_item _dShadow_9 grid_3 dNone\">\n\t\t\t\t\t\t\t\t\t\t\t\t\t\t\t\t\t\t\t<div class=\"ribbon\">Navetta Condivisa<\/div>\n\t\t\t\t\t\t\t\t\t\t\t\t\t\t\t\t\t\t<div class=\"bg_image_area\" data-href=\"https:\/\/giardinatour.it\/fr\/navette\/navette-romette-1120\/\" data-placeholder>\n\t\t\t\t\t\t\t\t\t\t<div data-bg-image=\"https:\/\/giardinatour.it\/wp-content\/uploads\/2025\/01\/partenze.jpg\"><\/div>\n\t\t\t\t\t\t\t\t\t<\/div>\n\t\t\t\t\t\t\t\t\t<div class=\"divider\"><\/div>\n\t\t\t\t\t\t\t\t\t<a href=\"https:\/\/giardinatour.it\/fr\/navette\/navette-romette-1120\/\">\n\t\t\t\t\t\t\t\t\t\t<h5 class=\"_textCenter_textTheme\">A3 Rometta 11:20<\/h5>\n\t\t\t\t\t\t\t\t\t<\/a>\n\t\t\t\t\t\t\t\t\t<div class=\"divider\"><\/div>\n\t\t\t\t\t\t\t\t\t<h6 class=\"_allCenter\">Rometta<small><span class=\"fas fa-long-arrow-alt-right _mLR_xs\"><\/span><\/small>Aeroporto Catania<\/h6>\n\t\t\t\t\t\t\t\t\t<div class=\"divider\"><\/div>\n\t\t\t\t\t\t\t\t\t<h6 class=\"_allCenter\">\n\t\t\t\t\t\t\t\t\t\t<strong>Passenger Capacity :<\/strong>\n\t\t\t\t\t\t\t\t\t\t100\t\t\t\t\t\t\t\t\t<\/h6>\n\t\t\t\t\t\t\t\t\t<div class=\"divider\"><\/div>\n\t\t\t\t\t\t\t\t\t<div class=\"mp_wp_editor\">\n\t\t\t\t\t\t\t\t\t\t\t\t\t\t\t\t\t\t\t<\/div>\n\t\t\t\t\t\t\t\t<\/div>\n\t\t\t\t\t\t\t\t\t\t\t\t\t\t\t\t\t\t\t\t\t\t\t<div class=\"placeholder_area mp_pagination_item _dShadow_9 grid_3 dNone\">\n\t\t\t\t\t\t\t\t\t\t\t\t\t\t\t\t\t\t\t<div class=\"ribbon\">Navetta Condivisa<\/div>\n\t\t\t\t\t\t\t\t\t\t\t\t\t\t\t\t\t\t<div class=\"bg_image_area\" data-href=\"https:\/\/giardinatour.it\/fr\/navette\/navette-romette-1340\/\" data-placeholder>\n\t\t\t\t\t\t\t\t\t\t<div data-bg-image=\"https:\/\/giardinatour.it\/wp-content\/uploads\/2025\/01\/partenze.jpg\"><\/div>\n\t\t\t\t\t\t\t\t\t<\/div>\n\t\t\t\t\t\t\t\t\t<div class=\"divider\"><\/div>\n\t\t\t\t\t\t\t\t\t<a href=\"https:\/\/giardinatour.it\/fr\/navette\/navette-romette-1340\/\">\n\t\t\t\t\t\t\t\t\t\t<h5 class=\"_textCenter_textTheme\">A4 Rometta 13:40<\/h5>\n\t\t\t\t\t\t\t\t\t<\/a>\n\t\t\t\t\t\t\t\t\t<div class=\"divider\"><\/div>\n\t\t\t\t\t\t\t\t\t<h6 class=\"_allCenter\">Rometta<small><span class=\"fas fa-long-arrow-alt-right _mLR_xs\"><\/span><\/small>Aeroporto Catania<\/h6>\n\t\t\t\t\t\t\t\t\t<div class=\"divider\"><\/div>\n\t\t\t\t\t\t\t\t\t<h6 class=\"_allCenter\">\n\t\t\t\t\t\t\t\t\t\t<strong>Passenger Capacity :<\/strong>\n\t\t\t\t\t\t\t\t\t\t100\t\t\t\t\t\t\t\t\t<\/h6>\n\t\t\t\t\t\t\t\t\t<div class=\"divider\"><\/div>\n\t\t\t\t\t\t\t\t\t<div class=\"mp_wp_editor\">\n\t\t\t\t\t\t\t\t\t\t\t\t\t\t\t\t\t\t\t<\/div>\n\t\t\t\t\t\t\t\t<\/div>\n\t\t\t\t\t\t\t\t\t\t\t\t\t\t\t\t\t\t\t\t\t\t\t<div class=\"placeholder_area mp_pagination_item _dShadow_9 grid_3 dNone\">\n\t\t\t\t\t\t\t\t\t\t\t\t\t\t\t\t\t\t\t<div class=\"ribbon\">Navetta Condivisa<\/div>\n\t\t\t\t\t\t\t\t\t\t\t\t\t\t\t\t\t\t<div class=\"bg_image_area\" data-href=\"https:\/\/giardinatour.it\/fr\/navette\/navette-rometta-1520\/\" data-placeholder>\n\t\t\t\t\t\t\t\t\t\t<div data-bg-image=\"https:\/\/giardinatour.it\/wp-content\/uploads\/2025\/01\/partenze.jpg\"><\/div>\n\t\t\t\t\t\t\t\t\t<\/div>\n\t\t\t\t\t\t\t\t\t<div class=\"divider\"><\/div>\n\t\t\t\t\t\t\t\t\t<a href=\"https:\/\/giardinatour.it\/fr\/navette\/navette-rometta-1520\/\">\n\t\t\t\t\t\t\t\t\t\t<h5 class=\"_textCenter_textTheme\">A5  Rometta 15:20<\/h5>\n\t\t\t\t\t\t\t\t\t<\/a>\n\t\t\t\t\t\t\t\t\t<div class=\"divider\"><\/div>\n\t\t\t\t\t\t\t\t\t<h6 class=\"_allCenter\">Rometta<small><span class=\"fas fa-long-arrow-alt-right _mLR_xs\"><\/span><\/small>Aeroporto Catania<\/h6>\n\t\t\t\t\t\t\t\t\t<div class=\"divider\"><\/div>\n\t\t\t\t\t\t\t\t\t<h6 class=\"_allCenter\">\n\t\t\t\t\t\t\t\t\t\t<strong>Passenger Capacity :<\/strong>\n\t\t\t\t\t\t\t\t\t\t100\t\t\t\t\t\t\t\t\t<\/h6>\n\t\t\t\t\t\t\t\t\t<div class=\"divider\"><\/div>\n\t\t\t\t\t\t\t\t\t<div class=\"mp_wp_editor\">\n\t\t\t\t\t\t\t\t\t\t\t\t\t\t\t\t\t\t\t<\/div>\n\t\t\t\t\t\t\t\t<\/div>\n\t\t\t\t\t\t\t\t\t\t\t\t\t\t\t\t\t\t\t\t\t\t\t<div class=\"placeholder_area mp_pagination_item _dShadow_9 grid_3 dNone\">\n\t\t\t\t\t\t\t\t\t\t\t\t\t\t\t\t\t\t\t<div class=\"ribbon\">Navetta Condivisa<\/div>\n\t\t\t\t\t\t\t\t\t\t\t\t\t\t\t\t\t\t<div class=\"bg_image_area\" data-href=\"https:\/\/giardinatour.it\/fr\/navette\/a6-rometta-1840\/\" data-placeholder>\n\t\t\t\t\t\t\t\t\t\t<div data-bg-image=\"https:\/\/giardinatour.it\/wp-content\/uploads\/2025\/01\/partenze.jpg\"><\/div>\n\t\t\t\t\t\t\t\t\t<\/div>\n\t\t\t\t\t\t\t\t\t<div class=\"divider\"><\/div>\n\t\t\t\t\t\t\t\t\t<a href=\"https:\/\/giardinatour.it\/fr\/navette\/a6-rometta-1840\/\">\n\t\t\t\t\t\t\t\t\t\t<h5 class=\"_textCenter_textTheme\">A6 Rometta 18:40<\/h5>\n\t\t\t\t\t\t\t\t\t<\/a>\n\t\t\t\t\t\t\t\t\t<div class=\"divider\"><\/div>\n\t\t\t\t\t\t\t\t\t<h6 class=\"_allCenter\">Rometta<small><span class=\"fas fa-long-arrow-alt-right _mLR_xs\"><\/span><\/small>Aeroporto Catania<\/h6>\n\t\t\t\t\t\t\t\t\t<div class=\"divider\"><\/div>\n\t\t\t\t\t\t\t\t\t<h6 class=\"_allCenter\">\n\t\t\t\t\t\t\t\t\t\t<strong>Passenger Capacity :<\/strong>\n\t\t\t\t\t\t\t\t\t\t100\t\t\t\t\t\t\t\t\t<\/h6>\n\t\t\t\t\t\t\t\t\t<div class=\"divider\"><\/div>\n\t\t\t\t\t\t\t\t\t<div class=\"mp_wp_editor\">\n\t\t\t\t\t\t\t\t\t\t\t\t\t\t\t\t\t\t\t<\/div>\n\t\t\t\t\t\t\t\t<\/div>\n\t\t\t\t\t\t\t\t\t\t\t\t\t\t\t\t\t\t\t\t\t\t\t<div class=\"placeholder_area mp_pagination_item _dShadow_9 grid_3 dNone\">\n\t\t\t\t\t\t\t\t\t\t\t\t\t\t\t\t\t\t\t<div class=\"ribbon\">Navetta Condivisa<\/div>\n\t\t\t\t\t\t\t\t\t\t\t\t\t\t\t\t\t\t<div class=\"bg_image_area\" data-href=\"https:\/\/giardinatour.it\/fr\/navette\/r1-catane-950\/\" data-placeholder>\n\t\t\t\t\t\t\t\t\t\t<div data-bg-image=\"https:\/\/giardinatour.it\/wp-content\/uploads\/2025\/02\/arrivi.jpg\"><\/div>\n\t\t\t\t\t\t\t\t\t<\/div>\n\t\t\t\t\t\t\t\t\t<div class=\"divider\"><\/div>\n\t\t\t\t\t\t\t\t\t<a href=\"https:\/\/giardinatour.it\/fr\/navette\/r1-catane-950\/\">\n\t\t\t\t\t\t\t\t\t\t<h5 class=\"_textCenter_textTheme\">R1 Catania 9:50<\/h5>\n\t\t\t\t\t\t\t\t\t<\/a>\n\t\t\t\t\t\t\t\t\t<div class=\"divider\"><\/div>\n\t\t\t\t\t\t\t\t\t<h6 class=\"_allCenter\">Aeroporto Catania<small><span class=\"fas fa-long-arrow-alt-right _mLR_xs\"><\/span><\/small>Capo d&#039;Orlando<\/h6>\n\t\t\t\t\t\t\t\t\t<div class=\"divider\"><\/div>\n\t\t\t\t\t\t\t\t\t<h6 class=\"_allCenter\">\n\t\t\t\t\t\t\t\t\t\t<strong>Passenger Capacity :<\/strong>\n\t\t\t\t\t\t\t\t\t\t100\t\t\t\t\t\t\t\t\t<\/h6>\n\t\t\t\t\t\t\t\t\t<div class=\"divider\"><\/div>\n\t\t\t\t\t\t\t\t\t<div class=\"mp_wp_editor\">\n\t\t\t\t\t\t\t\t\t\t\t\t\t\t\t\t\t\t\t<\/div>\n\t\t\t\t\t\t\t\t<\/div>\n\t\t\t\t\t\t\t\t\t\t\t\t\t\t\t\t\t\t\t\t\t\t\t<div class=\"placeholder_area mp_pagination_item _dShadow_9 grid_3 dNone\">\n\t\t\t\t\t\t\t\t\t\t\t\t\t\t\t\t\t\t\t<div class=\"ribbon\">Navetta Condivisa<\/div>\n\t\t\t\t\t\t\t\t\t\t\t\t\t\t\t\t\t\t<div class=\"bg_image_area\" data-href=\"https:\/\/giardinatour.it\/fr\/navette\/r2-catane-1200\/\" data-placeholder>\n\t\t\t\t\t\t\t\t\t\t<div data-bg-image=\"https:\/\/giardinatour.it\/wp-content\/uploads\/2025\/02\/arrivi.jpg\"><\/div>\n\t\t\t\t\t\t\t\t\t<\/div>\n\t\t\t\t\t\t\t\t\t<div class=\"divider\"><\/div>\n\t\t\t\t\t\t\t\t\t<a href=\"https:\/\/giardinatour.it\/fr\/navette\/r2-catane-1200\/\">\n\t\t\t\t\t\t\t\t\t\t<h5 class=\"_textCenter_textTheme\">R2 Catania 12:00<\/h5>\n\t\t\t\t\t\t\t\t\t<\/a>\n\t\t\t\t\t\t\t\t\t<div class=\"divider\"><\/div>\n\t\t\t\t\t\t\t\t\t<h6 class=\"_allCenter\">Aeroporto Catania<small><span class=\"fas fa-long-arrow-alt-right _mLR_xs\"><\/span><\/small>Capo d&#039;Orlando<\/h6>\n\t\t\t\t\t\t\t\t\t<div class=\"divider\"><\/div>\n\t\t\t\t\t\t\t\t\t<h6 class=\"_allCenter\">\n\t\t\t\t\t\t\t\t\t\t<strong>Passenger Capacity :<\/strong>\n\t\t\t\t\t\t\t\t\t\t100\t\t\t\t\t\t\t\t\t<\/h6>\n\t\t\t\t\t\t\t\t\t<div class=\"divider\"><\/div>\n\t\t\t\t\t\t\t\t\t<div class=\"mp_wp_editor\">\n\t\t\t\t\t\t\t\t\t\t\t\t\t\t\t\t\t\t\t<\/div>\n\t\t\t\t\t\t\t\t<\/div>\n\t\t\t\t\t\t\t\t\t\t\t\t\t\t\t\t\t\t\t\t\t\t\t<div class=\"placeholder_area mp_pagination_item _dShadow_9 grid_3 dNone\">\n\t\t\t\t\t\t\t\t\t\t\t\t\t\t\t\t\t\t\t<div class=\"ribbon\">Navetta Condivisa<\/div>\n\t\t\t\t\t\t\t\t\t\t\t\t\t\t\t\t\t\t<div class=\"bg_image_area\" data-href=\"https:\/\/giardinatour.it\/fr\/navette\/r3-catane-1400\/\" data-placeholder>\n\t\t\t\t\t\t\t\t\t\t<div data-bg-image=\"https:\/\/giardinatour.it\/wp-content\/uploads\/2025\/02\/arrivi.jpg\"><\/div>\n\t\t\t\t\t\t\t\t\t<\/div>\n\t\t\t\t\t\t\t\t\t<div class=\"divider\"><\/div>\n\t\t\t\t\t\t\t\t\t<a href=\"https:\/\/giardinatour.it\/fr\/navette\/r3-catane-1400\/\">\n\t\t\t\t\t\t\t\t\t\t<h5 class=\"_textCenter_textTheme\">R3 Catania 14:00<\/h5>\n\t\t\t\t\t\t\t\t\t<\/a>\n\t\t\t\t\t\t\t\t\t<div class=\"divider\"><\/div>\n\t\t\t\t\t\t\t\t\t<h6 class=\"_allCenter\">Aeroporto Catania<small><span class=\"fas fa-long-arrow-alt-right _mLR_xs\"><\/span><\/small>Capo d&#039;Orlando<\/h6>\n\t\t\t\t\t\t\t\t\t<div class=\"divider\"><\/div>\n\t\t\t\t\t\t\t\t\t<h6 class=\"_allCenter\">\n\t\t\t\t\t\t\t\t\t\t<strong>Passenger Capacity :<\/strong>\n\t\t\t\t\t\t\t\t\t\t100\t\t\t\t\t\t\t\t\t<\/h6>\n\t\t\t\t\t\t\t\t\t<div class=\"divider\"><\/div>\n\t\t\t\t\t\t\t\t\t<div class=\"mp_wp_editor\">\n\t\t\t\t\t\t\t\t\t\t\t\t\t\t\t\t\t\t\t<\/div>\n\t\t\t\t\t\t\t\t<\/div>\n\t\t\t\t\t\t\t\t\t\t\t\t\t\t\t\t\t\t\t\t\t\t\t<div class=\"placeholder_area mp_pagination_item _dShadow_9 grid_3 dNone\">\n\t\t\t\t\t\t\t\t\t\t\t\t\t\t\t\t\t\t\t<div class=\"ribbon\">Navetta Condivisa<\/div>\n\t\t\t\t\t\t\t\t\t\t\t\t\t\t\t\t\t\t<div class=\"bg_image_area\" data-href=\"https:\/\/giardinatour.it\/fr\/navette\/r4-catane-1630\/\" data-placeholder>\n\t\t\t\t\t\t\t\t\t\t<div data-bg-image=\"https:\/\/giardinatour.it\/wp-content\/uploads\/2025\/02\/arrivi.jpg\"><\/div>\n\t\t\t\t\t\t\t\t\t<\/div>\n\t\t\t\t\t\t\t\t\t<div class=\"divider\"><\/div>\n\t\t\t\t\t\t\t\t\t<a href=\"https:\/\/giardinatour.it\/fr\/navette\/r4-catane-1630\/\">\n\t\t\t\t\t\t\t\t\t\t<h5 class=\"_textCenter_textTheme\">R4 Catania 16:30<\/h5>\n\t\t\t\t\t\t\t\t\t<\/a>\n\t\t\t\t\t\t\t\t\t<div class=\"divider\"><\/div>\n\t\t\t\t\t\t\t\t\t<h6 class=\"_allCenter\">Aeroporto Catania<small><span class=\"fas fa-long-arrow-alt-right _mLR_xs\"><\/span><\/small>Capo d&#039;Orlando<\/h6>\n\t\t\t\t\t\t\t\t\t<div class=\"divider\"><\/div>\n\t\t\t\t\t\t\t\t\t<h6 class=\"_allCenter\">\n\t\t\t\t\t\t\t\t\t\t<strong>Passenger Capacity :<\/strong>\n\t\t\t\t\t\t\t\t\t\t100\t\t\t\t\t\t\t\t\t<\/h6>\n\t\t\t\t\t\t\t\t\t<div class=\"divider\"><\/div>\n\t\t\t\t\t\t\t\t\t<div class=\"mp_wp_editor\">\n\t\t\t\t\t\t\t\t\t\t\t\t\t\t\t\t\t\t\t<\/div>\n\t\t\t\t\t\t\t\t<\/div>\n\t\t\t\t\t\t\t\t\t\t\t\t\t\t\t\t\t\t\t\t\t\t\t<div class=\"placeholder_area mp_pagination_item _dShadow_9 grid_3 dNone\">\n\t\t\t\t\t\t\t\t\t\t\t\t\t\t\t\t\t\t\t<div class=\"ribbon\">Navetta Condivisa<\/div>\n\t\t\t\t\t\t\t\t\t\t\t\t\t\t\t\t\t\t<div class=\"bg_image_area\" data-href=\"https:\/\/giardinatour.it\/fr\/navette\/r5-catane-1830\/\" data-placeholder>\n\t\t\t\t\t\t\t\t\t\t<div data-bg-image=\"https:\/\/giardinatour.it\/wp-content\/uploads\/2025\/02\/arrivi.jpg\"><\/div>\n\t\t\t\t\t\t\t\t\t<\/div>\n\t\t\t\t\t\t\t\t\t<div class=\"divider\"><\/div>\n\t\t\t\t\t\t\t\t\t<a href=\"https:\/\/giardinatour.it\/fr\/navette\/r5-catane-1830\/\">\n\t\t\t\t\t\t\t\t\t\t<h5 class=\"_textCenter_textTheme\">R5 Catania 18:30<\/h5>\n\t\t\t\t\t\t\t\t\t<\/a>\n\t\t\t\t\t\t\t\t\t<div class=\"divider\"><\/div>\n\t\t\t\t\t\t\t\t\t<h6 class=\"_allCenter\">Aeroporto Catania<small><span class=\"fas fa-long-arrow-alt-right _mLR_xs\"><\/span><\/small>Capo d&#039;Orlando<\/h6>\n\t\t\t\t\t\t\t\t\t<div class=\"divider\"><\/div>\n\t\t\t\t\t\t\t\t\t<h6 class=\"_allCenter\">\n\t\t\t\t\t\t\t\t\t\t<strong>Passenger Capacity :<\/strong>\n\t\t\t\t\t\t\t\t\t\t100\t\t\t\t\t\t\t\t\t<\/h6>\n\t\t\t\t\t\t\t\t\t<div class=\"divider\"><\/div>\n\t\t\t\t\t\t\t\t\t<div class=\"mp_wp_editor\">\n\t\t\t\t\t\t\t\t\t\t\t\t\t\t\t\t\t\t\t<\/div>\n\t\t\t\t\t\t\t\t<\/div>\n\t\t\t\t\t\t\t\t\t\t\t\t\t\t\t\t\t\t\t\t\t\t\t<div class=\"placeholder_area mp_pagination_item _dShadow_9 grid_3 dNone\">\n\t\t\t\t\t\t\t\t\t\t\t\t\t\t\t\t\t\t\t<div class=\"ribbon\">Navetta Condivisa<\/div>\n\t\t\t\t\t\t\t\t\t\t\t\t\t\t\t\t\t\t<div class=\"bg_image_area\" data-href=\"https:\/\/giardinatour.it\/fr\/navette\/r6-catane-2110\/\" data-placeholder>\n\t\t\t\t\t\t\t\t\t\t<div data-bg-image=\"https:\/\/giardinatour.it\/wp-content\/uploads\/2025\/02\/arrivi.jpg\"><\/div>\n\t\t\t\t\t\t\t\t\t<\/div>\n\t\t\t\t\t\t\t\t\t<div class=\"divider\"><\/div>\n\t\t\t\t\t\t\t\t\t<a href=\"https:\/\/giardinatour.it\/fr\/navette\/r6-catane-2110\/\">\n\t\t\t\t\t\t\t\t\t\t<h5 class=\"_textCenter_textTheme\">R6 Catania 21:10<\/h5>\n\t\t\t\t\t\t\t\t\t<\/a>\n\t\t\t\t\t\t\t\t\t<div class=\"divider\"><\/div>\n\t\t\t\t\t\t\t\t\t<h6 class=\"_allCenter\">Aeroporto Catania<small><span class=\"fas fa-long-arrow-alt-right _mLR_xs\"><\/span><\/small>Capo d&#039;Orlando<\/h6>\n\t\t\t\t\t\t\t\t\t<div class=\"divider\"><\/div>\n\t\t\t\t\t\t\t\t\t<h6 class=\"_allCenter\">\n\t\t\t\t\t\t\t\t\t\t<strong>Passenger Capacity :<\/strong>\n\t\t\t\t\t\t\t\t\t\t100\t\t\t\t\t\t\t\t\t<\/h6>\n\t\t\t\t\t\t\t\t\t<div class=\"divider\"><\/div>\n\t\t\t\t\t\t\t\t\t<div class=\"mp_wp_editor\">\n\t\t\t\t\t\t\t\t\t\t\t\t\t\t\t\t\t\t\t<\/div>\n\t\t\t\t\t\t\t\t<\/div>\n\t\t\t\t\t\t\t\t\t\t\t\t\t\t\t\t\t\t\t\t\t\t\t<div class=\"placeholder_area mp_pagination_item _dShadow_9 grid_3 dNone\">\n\t\t\t\t\t\t\t\t\t\t\t\t\t\t\t\t\t\t\t<div class=\"ribbon\">Navetta Condivisa<\/div>\n\t\t\t\t\t\t\t\t\t\t\t\t\t\t\t\t\t\t<div class=\"bg_image_area\" data-href=\"https:\/\/giardinatour.it\/fr\/navette\/r2-catane-1330\/\" data-placeholder>\n\t\t\t\t\t\t\t\t\t\t<div data-bg-image=\"https:\/\/giardinatour.it\/wp-content\/uploads\/2025\/02\/arrivi.jpg\"><\/div>\n\t\t\t\t\t\t\t\t\t<\/div>\n\t\t\t\t\t\t\t\t\t<div class=\"divider\"><\/div>\n\t\t\t\t\t\t\t\t\t<a href=\"https:\/\/giardinatour.it\/fr\/navette\/r2-catane-1330\/\">\n\t\t\t\t\t\t\t\t\t\t<h5 class=\"_textCenter_textTheme\">R2 Catania 13:30<\/h5>\n\t\t\t\t\t\t\t\t\t<\/a>\n\t\t\t\t\t\t\t\t\t<div class=\"divider\"><\/div>\n\t\t\t\t\t\t\t\t\t<h6 class=\"_allCenter\">Aeroporto Catania<small><span class=\"fas fa-long-arrow-alt-right _mLR_xs\"><\/span><\/small>Capo d&#039;Orlando<\/h6>\n\t\t\t\t\t\t\t\t\t<div class=\"divider\"><\/div>\n\t\t\t\t\t\t\t\t\t<h6 class=\"_allCenter\">\n\t\t\t\t\t\t\t\t\t\t<strong>Passenger Capacity :<\/strong>\n\t\t\t\t\t\t\t\t\t\t100\t\t\t\t\t\t\t\t\t<\/h6>\n\t\t\t\t\t\t\t\t\t<div class=\"divider\"><\/div>\n\t\t\t\t\t\t\t\t\t<div class=\"mp_wp_editor\">\n\t\t\t\t\t\t\t\t\t\t\t\t\t\t\t\t\t\t\t<\/div>\n\t\t\t\t\t\t\t\t<\/div>\n\t\t\t\t\t\t\t\t\t\t\t\t\t\t\t\t\t\t\t\t\t\t\t<div class=\"placeholder_area mp_pagination_item _dShadow_9 grid_3 dNone\">\n\t\t\t\t\t\t\t\t\t\t\t\t\t\t\t\t\t\t\t<div class=\"ribbon\">Navetta Condivisa<\/div>\n\t\t\t\t\t\t\t\t\t\t\t\t\t\t\t\t\t\t<div class=\"bg_image_area\" data-href=\"https:\/\/giardinatour.it\/fr\/navette\/an-messine-320\/\" data-placeholder>\n\t\t\t\t\t\t\t\t\t\t<div data-bg-image=\"https:\/\/giardinatour.it\/wp-content\/uploads\/2025\/01\/partenze.jpg\"><\/div>\n\t\t\t\t\t\t\t\t\t<\/div>\n\t\t\t\t\t\t\t\t\t<div class=\"divider\"><\/div>\n\t\t\t\t\t\t\t\t\t<a href=\"https:\/\/giardinatour.it\/fr\/navette\/an-messine-320\/\">\n\t\t\t\t\t\t\t\t\t\t<h5 class=\"_textCenter_textTheme\">AN Messina 3:20<\/h5>\n\t\t\t\t\t\t\t\t\t<\/a>\n\t\t\t\t\t\t\t\t\t<div class=\"divider\"><\/div>\n\t\t\t\t\t\t\t\t\t<h6 class=\"_allCenter\">Messina<small><span class=\"fas fa-long-arrow-alt-right _mLR_xs\"><\/span><\/small>Aeroporto Catania<\/h6>\n\t\t\t\t\t\t\t\t\t<div class=\"divider\"><\/div>\n\t\t\t\t\t\t\t\t\t<h6 class=\"_allCenter\">\n\t\t\t\t\t\t\t\t\t\t<strong>Passenger Capacity :<\/strong>\n\t\t\t\t\t\t\t\t\t\t100\t\t\t\t\t\t\t\t\t<\/h6>\n\t\t\t\t\t\t\t\t\t<div class=\"divider\"><\/div>\n\t\t\t\t\t\t\t\t\t<div class=\"mp_wp_editor\">\n\t\t\t\t\t\t\t\t\t\t\t\t\t\t\t\t\t\t\t<\/div>\n\t\t\t\t\t\t\t\t<\/div>\n\t\t\t\t\t\t\t\t\t\t\t\t\t\t\t\t\t\t\t\t\t\t\t<div class=\"placeholder_area mp_pagination_item _dShadow_9 grid_3 dNone\">\n\t\t\t\t\t\t\t\t\t\t\t\t\t\t\t\t\t\t\t<div class=\"ribbon\">Navetta Condivisa<\/div>\n\t\t\t\t\t\t\t\t\t\t\t\t\t\t\t\t\t\t<div class=\"bg_image_area\" data-href=\"https:\/\/giardinatour.it\/fr\/navette\/an-messina-320-2\/\" data-placeholder>\n\t\t\t\t\t\t\t\t\t\t<div data-bg-image=\"https:\/\/giardinatour.it\/wp-content\/uploads\/2025\/01\/partenze.jpg\"><\/div>\n\t\t\t\t\t\t\t\t\t<\/div>\n\t\t\t\t\t\t\t\t\t<div class=\"divider\"><\/div>\n\t\t\t\t\t\t\t\t\t<a href=\"https:\/\/giardinatour.it\/fr\/navette\/an-messina-320-2\/\">\n\t\t\t\t\t\t\t\t\t\t<h5 class=\"_textCenter_textTheme\">AN Messina 3:20<\/h5>\n\t\t\t\t\t\t\t\t\t<\/a>\n\t\t\t\t\t\t\t\t\t<div class=\"divider\"><\/div>\n\t\t\t\t\t\t\t\t\t<h6 class=\"_allCenter\">Messina<small><span class=\"fas fa-long-arrow-alt-right _mLR_xs\"><\/span><\/small>Aeroporto Catania<\/h6>\n\t\t\t\t\t\t\t\t\t<div class=\"divider\"><\/div>\n\t\t\t\t\t\t\t\t\t<h6 class=\"_allCenter\">\n\t\t\t\t\t\t\t\t\t\t<strong>Passenger Capacity :<\/strong>\n\t\t\t\t\t\t\t\t\t\t100\t\t\t\t\t\t\t\t\t<\/h6>\n\t\t\t\t\t\t\t\t\t<div class=\"divider\"><\/div>\n\t\t\t\t\t\t\t\t\t<div class=\"mp_wp_editor\">\n\t\t\t\t\t\t\t\t\t\t\t\t\t\t\t\t\t\t\t<\/div>\n\t\t\t\t\t\t\t\t<\/div>\n\t\t\t\t\t\t\t\t\t\t\t\t\t\t\t\t\t\t\t\t\t\t\t<div class=\"placeholder_area mp_pagination_item _dShadow_9 grid_3 dNone\">\n\t\t\t\t\t\t\t\t\t\t\t\t\t\t\t\t\t\t\t<div class=\"ribbon\">Navetta Condivisa<\/div>\n\t\t\t\t\t\t\t\t\t\t\t\t\t\t\t\t\t\t<div class=\"bg_image_area\" data-href=\"https:\/\/giardinatour.it\/fr\/navette\/a1-milazzo-610\/\" data-placeholder>\n\t\t\t\t\t\t\t\t\t\t<div data-bg-image=\"https:\/\/giardinatour.it\/wp-content\/uploads\/2025\/01\/partenze.jpg\"><\/div>\n\t\t\t\t\t\t\t\t\t<\/div>\n\t\t\t\t\t\t\t\t\t<div class=\"divider\"><\/div>\n\t\t\t\t\t\t\t\t\t<a href=\"https:\/\/giardinatour.it\/fr\/navette\/a1-milazzo-610\/\">\n\t\t\t\t\t\t\t\t\t\t<h5 class=\"_textCenter_textTheme\">A1 Milazzo 6:10<\/h5>\n\t\t\t\t\t\t\t\t\t<\/a>\n\t\t\t\t\t\t\t\t\t<div class=\"divider\"><\/div>\n\t\t\t\t\t\t\t\t\t<h6 class=\"_allCenter\">Milazzo<small><span class=\"fas fa-long-arrow-alt-right _mLR_xs\"><\/span><\/small>Aeroporto Catania<\/h6>\n\t\t\t\t\t\t\t\t\t<div class=\"divider\"><\/div>\n\t\t\t\t\t\t\t\t\t<h6 class=\"_allCenter\">\n\t\t\t\t\t\t\t\t\t\t<strong>Passenger Capacity :<\/strong>\n\t\t\t\t\t\t\t\t\t\t100\t\t\t\t\t\t\t\t\t<\/h6>\n\t\t\t\t\t\t\t\t\t<div class=\"divider\"><\/div>\n\t\t\t\t\t\t\t\t\t<div class=\"mp_wp_editor\">\n\t\t\t\t\t\t\t\t\t\t\t\t\t\t\t\t\t\t\t<\/div>\n\t\t\t\t\t\t\t\t<\/div>\n\t\t\t\t\t\t\t\t\t\t\t\t\t\t\t\t\t\t\t\t\t\t\t<div class=\"placeholder_area mp_pagination_item _dShadow_9 grid_3 dNone\">\n\t\t\t\t\t\t\t\t\t\t\t\t\t\t\t\t\t\t\t<div class=\"ribbon\">Navetta Condivisa<\/div>\n\t\t\t\t\t\t\t\t\t\t\t\t\t\t\t\t\t\t<div class=\"bg_image_area\" data-href=\"https:\/\/giardinatour.it\/fr\/navette\/a2-milazzo-1040\/\" data-placeholder>\n\t\t\t\t\t\t\t\t\t\t<div data-bg-image=\"https:\/\/giardinatour.it\/wp-content\/uploads\/2025\/01\/partenze.jpg\"><\/div>\n\t\t\t\t\t\t\t\t\t<\/div>\n\t\t\t\t\t\t\t\t\t<div class=\"divider\"><\/div>\n\t\t\t\t\t\t\t\t\t<a href=\"https:\/\/giardinatour.it\/fr\/navette\/a2-milazzo-1040\/\">\n\t\t\t\t\t\t\t\t\t\t<h5 class=\"_textCenter_textTheme\">A2 Milazzo 10:40<\/h5>\n\t\t\t\t\t\t\t\t\t<\/a>\n\t\t\t\t\t\t\t\t\t<div class=\"divider\"><\/div>\n\t\t\t\t\t\t\t\t\t<h6 class=\"_allCenter\">Milazzo<small><span class=\"fas fa-long-arrow-alt-right _mLR_xs\"><\/span><\/small>Aeroporto Catania<\/h6>\n\t\t\t\t\t\t\t\t\t<div class=\"divider\"><\/div>\n\t\t\t\t\t\t\t\t\t<h6 class=\"_allCenter\">\n\t\t\t\t\t\t\t\t\t\t<strong>Passenger Capacity :<\/strong>\n\t\t\t\t\t\t\t\t\t\t100\t\t\t\t\t\t\t\t\t<\/h6>\n\t\t\t\t\t\t\t\t\t<div class=\"divider\"><\/div>\n\t\t\t\t\t\t\t\t\t<div class=\"mp_wp_editor\">\n\t\t\t\t\t\t\t\t\t\t\t\t\t\t\t\t\t\t\t<\/div>\n\t\t\t\t\t\t\t\t<\/div>\n\t\t\t\t\t\t\t\t\t\t\t\t\t\t\t\t\t\t\t\t\t\t\t<div class=\"placeholder_area mp_pagination_item _dShadow_9 grid_3 dNone\">\n\t\t\t\t\t\t\t\t\t\t\t\t\t\t\t\t\t\t\t<div class=\"ribbon\">Navetta Condivisa<\/div>\n\t\t\t\t\t\t\t\t\t\t\t\t\t\t\t\t\t\t<div class=\"bg_image_area\" data-href=\"https:\/\/giardinatour.it\/fr\/navette\/a4-milazzo-1300\/\" data-placeholder>\n\t\t\t\t\t\t\t\t\t\t<div data-bg-image=\"https:\/\/giardinatour.it\/wp-content\/uploads\/2025\/01\/partenze.jpg\"><\/div>\n\t\t\t\t\t\t\t\t\t<\/div>\n\t\t\t\t\t\t\t\t\t<div class=\"divider\"><\/div>\n\t\t\t\t\t\t\t\t\t<a href=\"https:\/\/giardinatour.it\/fr\/navette\/a4-milazzo-1300\/\">\n\t\t\t\t\t\t\t\t\t\t<h5 class=\"_textCenter_textTheme\">A3 Milazzo 13:00<\/h5>\n\t\t\t\t\t\t\t\t\t<\/a>\n\t\t\t\t\t\t\t\t\t<div class=\"divider\"><\/div>\n\t\t\t\t\t\t\t\t\t<h6 class=\"_allCenter\">Milazzo<small><span class=\"fas fa-long-arrow-alt-right _mLR_xs\"><\/span><\/small>Aeroporto Catania<\/h6>\n\t\t\t\t\t\t\t\t\t<div class=\"divider\"><\/div>\n\t\t\t\t\t\t\t\t\t<h6 class=\"_allCenter\">\n\t\t\t\t\t\t\t\t\t\t<strong>Passenger Capacity :<\/strong>\n\t\t\t\t\t\t\t\t\t\t100\t\t\t\t\t\t\t\t\t<\/h6>\n\t\t\t\t\t\t\t\t\t<div class=\"divider\"><\/div>\n\t\t\t\t\t\t\t\t\t<div class=\"mp_wp_editor\">\n\t\t\t\t\t\t\t\t\t\t\t\t\t\t\t\t\t\t\t<\/div>\n\t\t\t\t\t\t\t\t<\/div>\n\t\t\t\t\t\t\t\t\t\t\t\t\t\t\t\t\t\t\t\t\t\t\t<div class=\"placeholder_area mp_pagination_item _dShadow_9 grid_3 dNone\">\n\t\t\t\t\t\t\t\t\t\t\t\t\t\t\t\t\t\t\t<div class=\"ribbon\">Navetta Condivisa<\/div>\n\t\t\t\t\t\t\t\t\t\t\t\t\t\t\t\t\t\t<div class=\"bg_image_area\" data-href=\"https:\/\/giardinatour.it\/fr\/navette\/a1-capo-dorlando-520\/\" data-placeholder>\n\t\t\t\t\t\t\t\t\t\t<div data-bg-image=\"https:\/\/giardinatour.it\/wp-content\/uploads\/2025\/01\/partenze.jpg\"><\/div>\n\t\t\t\t\t\t\t\t\t<\/div>\n\t\t\t\t\t\t\t\t\t<div class=\"divider\"><\/div>\n\t\t\t\t\t\t\t\t\t<a href=\"https:\/\/giardinatour.it\/fr\/navette\/a1-capo-dorlando-520\/\">\n\t\t\t\t\t\t\t\t\t\t<h5 class=\"_textCenter_textTheme\">A1 Capo d&#8217;Orlando 5:20<\/h5>\n\t\t\t\t\t\t\t\t\t<\/a>\n\t\t\t\t\t\t\t\t\t<div class=\"divider\"><\/div>\n\t\t\t\t\t\t\t\t\t<h6 class=\"_allCenter\">Capo d&#039;Orlando<small><span class=\"fas fa-long-arrow-alt-right _mLR_xs\"><\/span><\/small>Aeroporto Catania<\/h6>\n\t\t\t\t\t\t\t\t\t<div class=\"divider\"><\/div>\n\t\t\t\t\t\t\t\t\t<h6 class=\"_allCenter\">\n\t\t\t\t\t\t\t\t\t\t<strong>Passenger Capacity :<\/strong>\n\t\t\t\t\t\t\t\t\t\t100\t\t\t\t\t\t\t\t\t<\/h6>\n\t\t\t\t\t\t\t\t\t<div class=\"divider\"><\/div>\n\t\t\t\t\t\t\t\t\t<div class=\"mp_wp_editor\">\n\t\t\t\t\t\t\t\t\t\t\t\t\t\t\t\t\t\t\t<\/div>\n\t\t\t\t\t\t\t\t<\/div>\n\t\t\t\t\t\t\t\t\t\t\t\t\t\t\t\t\t\t\t\t\t\t\t<div class=\"placeholder_area mp_pagination_item _dShadow_9 grid_3 dNone\">\n\t\t\t\t\t\t\t\t\t\t\t\t\t\t\t\t\t\t\t<div class=\"ribbon\">Navetta Condivisa<\/div>\n\t\t\t\t\t\t\t\t\t\t\t\t\t\t\t\t\t\t<div class=\"bg_image_area\" data-href=\"https:\/\/giardinatour.it\/fr\/navette\/a2-capo-dorlando-950\/\" data-placeholder>\n\t\t\t\t\t\t\t\t\t\t<div data-bg-image=\"https:\/\/giardinatour.it\/wp-content\/uploads\/2025\/01\/partenze.jpg\"><\/div>\n\t\t\t\t\t\t\t\t\t<\/div>\n\t\t\t\t\t\t\t\t\t<div class=\"divider\"><\/div>\n\t\t\t\t\t\t\t\t\t<a href=\"https:\/\/giardinatour.it\/fr\/navette\/a2-capo-dorlando-950\/\">\n\t\t\t\t\t\t\t\t\t\t<h5 class=\"_textCenter_textTheme\">A2 Capo d&#8217;Orlando 9:50<\/h5>\n\t\t\t\t\t\t\t\t\t<\/a>\n\t\t\t\t\t\t\t\t\t<div class=\"divider\"><\/div>\n\t\t\t\t\t\t\t\t\t<h6 class=\"_allCenter\">Capo d&#039;Orlando<small><span class=\"fas fa-long-arrow-alt-right _mLR_xs\"><\/span><\/small>Aeroporto Catania<\/h6>\n\t\t\t\t\t\t\t\t\t<div class=\"divider\"><\/div>\n\t\t\t\t\t\t\t\t\t<h6 class=\"_allCenter\">\n\t\t\t\t\t\t\t\t\t\t<strong>Passenger Capacity :<\/strong>\n\t\t\t\t\t\t\t\t\t\t100\t\t\t\t\t\t\t\t\t<\/h6>\n\t\t\t\t\t\t\t\t\t<div class=\"divider\"><\/div>\n\t\t\t\t\t\t\t\t\t<div class=\"mp_wp_editor\">\n\t\t\t\t\t\t\t\t\t\t\t\t\t\t\t\t\t\t\t<\/div>\n\t\t\t\t\t\t\t\t<\/div>\n\t\t\t\t\t\t\t\t\t\t\t\t\t\t\t\t\t\t\t\t\t\t\t<div class=\"placeholder_area mp_pagination_item _dShadow_9 grid_3 dNone\">\n\t\t\t\t\t\t\t\t\t\t\t\t\t\t\t\t\t\t\t<div class=\"ribbon\">Navetta Condivisa<\/div>\n\t\t\t\t\t\t\t\t\t\t\t\t\t\t\t\t\t\t<div class=\"bg_image_area\" data-href=\"https:\/\/giardinatour.it\/fr\/navette\/a3-capo-dorlando-1200\/\" data-placeholder>\n\t\t\t\t\t\t\t\t\t\t<div data-bg-image=\"https:\/\/giardinatour.it\/wp-content\/uploads\/2025\/01\/partenze.jpg\"><\/div>\n\t\t\t\t\t\t\t\t\t<\/div>\n\t\t\t\t\t\t\t\t\t<div class=\"divider\"><\/div>\n\t\t\t\t\t\t\t\t\t<a href=\"https:\/\/giardinatour.it\/fr\/navette\/a3-capo-dorlando-1200\/\">\n\t\t\t\t\t\t\t\t\t\t<h5 class=\"_textCenter_textTheme\">A3 Capo d&#8217;Orlando 12:00<\/h5>\n\t\t\t\t\t\t\t\t\t<\/a>\n\t\t\t\t\t\t\t\t\t<div class=\"divider\"><\/div>\n\t\t\t\t\t\t\t\t\t<h6 class=\"_allCenter\">Capo d&#039;Orlando<small><span class=\"fas fa-long-arrow-alt-right _mLR_xs\"><\/span><\/small>Aeroporto Catania<\/h6>\n\t\t\t\t\t\t\t\t\t<div class=\"divider\"><\/div>\n\t\t\t\t\t\t\t\t\t<h6 class=\"_allCenter\">\n\t\t\t\t\t\t\t\t\t\t<strong>Passenger Capacity :<\/strong>\n\t\t\t\t\t\t\t\t\t\t100\t\t\t\t\t\t\t\t\t<\/h6>\n\t\t\t\t\t\t\t\t\t<div class=\"divider\"><\/div>\n\t\t\t\t\t\t\t\t\t<div class=\"mp_wp_editor\">\n\t\t\t\t\t\t\t\t\t\t\t\t\t\t\t\t\t\t\t<\/div>\n\t\t\t\t\t\t\t\t<\/div>\n\t\t\t\t\t\t\t\t\t\t\t\t\t\t\t\t\t\t\t\t\t\t\t<div class=\"placeholder_area mp_pagination_item _dShadow_9 grid_3 dNone\">\n\t\t\t\t\t\t\t\t\t\t\t\t\t\t\t\t\t\t\t<div class=\"ribbon\">Navetta Condivisa<\/div>\n\t\t\t\t\t\t\t\t\t\t\t\t\t\t\t\t\t\t<div class=\"bg_image_area\" data-href=\"https:\/\/giardinatour.it\/fr\/navette\/a4-capo-dorlando-1410\/\" data-placeholder>\n\t\t\t\t\t\t\t\t\t\t<div data-bg-image=\"https:\/\/giardinatour.it\/wp-content\/uploads\/2025\/01\/partenze.jpg\"><\/div>\n\t\t\t\t\t\t\t\t\t<\/div>\n\t\t\t\t\t\t\t\t\t<div class=\"divider\"><\/div>\n\t\t\t\t\t\t\t\t\t<a href=\"https:\/\/giardinatour.it\/fr\/navette\/a4-capo-dorlando-1410\/\">\n\t\t\t\t\t\t\t\t\t\t<h5 class=\"_textCenter_textTheme\">A4 Capo d&#8217;Orlando 14:10<\/h5>\n\t\t\t\t\t\t\t\t\t<\/a>\n\t\t\t\t\t\t\t\t\t<div class=\"divider\"><\/div>\n\t\t\t\t\t\t\t\t\t<h6 class=\"_allCenter\">Capo d&#039;Orlando<small><span class=\"fas fa-long-arrow-alt-right _mLR_xs\"><\/span><\/small>Aeroporto Catania<\/h6>\n\t\t\t\t\t\t\t\t\t<div class=\"divider\"><\/div>\n\t\t\t\t\t\t\t\t\t<h6 class=\"_allCenter\">\n\t\t\t\t\t\t\t\t\t\t<strong>Passenger Capacity :<\/strong>\n\t\t\t\t\t\t\t\t\t\t100\t\t\t\t\t\t\t\t\t<\/h6>\n\t\t\t\t\t\t\t\t\t<div class=\"divider\"><\/div>\n\t\t\t\t\t\t\t\t\t<div class=\"mp_wp_editor\">\n\t\t\t\t\t\t\t\t\t\t\t\t\t\t\t\t\t\t\t<\/div>\n\t\t\t\t\t\t\t\t<\/div>\n\t\t\t\t\t\t\t\t\t\t\t\t\t\t\t\t\t\t\t\t\t\t\t<div class=\"placeholder_area mp_pagination_item _dShadow_9 grid_3 dNone\">\n\t\t\t\t\t\t\t\t\t\t\t\t\t\t\t\t\t\t\t<div class=\"ribbon\">Navetta Condivisa<\/div>\n\t\t\t\t\t\t\t\t\t\t\t\t\t\t\t\t\t\t<div class=\"bg_image_area\" data-href=\"https:\/\/giardinatour.it\/fr\/navette\/a1-brolo-530\/\" data-placeholder>\n\t\t\t\t\t\t\t\t\t\t<div data-bg-image=\"https:\/\/giardinatour.it\/wp-content\/uploads\/2025\/01\/partenze.jpg\"><\/div>\n\t\t\t\t\t\t\t\t\t<\/div>\n\t\t\t\t\t\t\t\t\t<div class=\"divider\"><\/div>\n\t\t\t\t\t\t\t\t\t<a href=\"https:\/\/giardinatour.it\/fr\/navette\/a1-brolo-530\/\">\n\t\t\t\t\t\t\t\t\t\t<h5 class=\"_textCenter_textTheme\">A1 Brolo 5:30<\/h5>\n\t\t\t\t\t\t\t\t\t<\/a>\n\t\t\t\t\t\t\t\t\t<div class=\"divider\"><\/div>\n\t\t\t\t\t\t\t\t\t<h6 class=\"_allCenter\">Brolo<small><span class=\"fas fa-long-arrow-alt-right _mLR_xs\"><\/span><\/small>Aeroporto Catania<\/h6>\n\t\t\t\t\t\t\t\t\t<div class=\"divider\"><\/div>\n\t\t\t\t\t\t\t\t\t<h6 class=\"_allCenter\">\n\t\t\t\t\t\t\t\t\t\t<strong>Passenger Capacity :<\/strong>\n\t\t\t\t\t\t\t\t\t\t100\t\t\t\t\t\t\t\t\t<\/h6>\n\t\t\t\t\t\t\t\t\t<div class=\"divider\"><\/div>\n\t\t\t\t\t\t\t\t\t<div class=\"mp_wp_editor\">\n\t\t\t\t\t\t\t\t\t\t\t\t\t\t\t\t\t\t\t<\/div>\n\t\t\t\t\t\t\t\t<\/div>\n\t\t\t\t\t\t\t\t\t\t\t\t\t\t\t\t\t\t\t\t\t\t\t<div class=\"placeholder_area mp_pagination_item _dShadow_9 grid_3 dNone\">\n\t\t\t\t\t\t\t\t\t\t\t\t\t\t\t\t\t\t<div class=\"bg_image_area\" data-href=\"https:\/\/giardinatour.it\/fr\/navette\/a2-brolo-1000\/\" data-placeholder>\n\t\t\t\t\t\t\t\t\t\t<div data-bg-image=\"https:\/\/giardinatour.it\/wp-content\/uploads\/2025\/01\/partenze.jpg\"><\/div>\n\t\t\t\t\t\t\t\t\t<\/div>\n\t\t\t\t\t\t\t\t\t<div class=\"divider\"><\/div>\n\t\t\t\t\t\t\t\t\t<a href=\"https:\/\/giardinatour.it\/fr\/navette\/a2-brolo-1000\/\">\n\t\t\t\t\t\t\t\t\t\t<h5 class=\"_textCenter_textTheme\">A2 Brolo 10:00<\/h5>\n\t\t\t\t\t\t\t\t\t<\/a>\n\t\t\t\t\t\t\t\t\t<div class=\"divider\"><\/div>\n\t\t\t\t\t\t\t\t\t<h6 class=\"_allCenter\">Brolo<small><span class=\"fas fa-long-arrow-alt-right _mLR_xs\"><\/span><\/small>Aeroporto Catania<\/h6>\n\t\t\t\t\t\t\t\t\t<div class=\"divider\"><\/div>\n\t\t\t\t\t\t\t\t\t<h6 class=\"_allCenter\">\n\t\t\t\t\t\t\t\t\t\t<strong>Passenger Capacity :<\/strong>\n\t\t\t\t\t\t\t\t\t\t100\t\t\t\t\t\t\t\t\t<\/h6>\n\t\t\t\t\t\t\t\t\t<div class=\"divider\"><\/div>\n\t\t\t\t\t\t\t\t\t<div class=\"mp_wp_editor\">\n\t\t\t\t\t\t\t\t\t\t\t\t\t\t\t\t\t\t\t<\/div>\n\t\t\t\t\t\t\t\t<\/div>\n\t\t\t\t\t\t\t\t\t\t\t\t\t\t\t\t\t\t\t\t\t\t\t<div class=\"placeholder_area mp_pagination_item _dShadow_9 grid_3 dNone\">\n\t\t\t\t\t\t\t\t\t\t\t\t\t\t\t\t\t\t\t<div class=\"ribbon\">Navetta Condivisa<\/div>\n\t\t\t\t\t\t\t\t\t\t\t\t\t\t\t\t\t\t<div class=\"bg_image_area\" data-href=\"https:\/\/giardinatour.it\/fr\/navette\/a3-brolo-1220\/\" data-placeholder>\n\t\t\t\t\t\t\t\t\t\t<div data-bg-image=\"https:\/\/giardinatour.it\/wp-content\/uploads\/2025\/01\/partenze.jpg\"><\/div>\n\t\t\t\t\t\t\t\t\t<\/div>\n\t\t\t\t\t\t\t\t\t<div class=\"divider\"><\/div>\n\t\t\t\t\t\t\t\t\t<a href=\"https:\/\/giardinatour.it\/fr\/navette\/a3-brolo-1220\/\">\n\t\t\t\t\t\t\t\t\t\t<h5 class=\"_textCenter_textTheme\">A3 Brolo 12:20<\/h5>\n\t\t\t\t\t\t\t\t\t<\/a>\n\t\t\t\t\t\t\t\t\t<div class=\"divider\"><\/div>\n\t\t\t\t\t\t\t\t\t<h6 class=\"_allCenter\">Brolo<small><span class=\"fas fa-long-arrow-alt-right _mLR_xs\"><\/span><\/small>Aeroporto Catania<\/h6>\n\t\t\t\t\t\t\t\t\t<div class=\"divider\"><\/div>\n\t\t\t\t\t\t\t\t\t<h6 class=\"_allCenter\">\n\t\t\t\t\t\t\t\t\t\t<strong>Passenger Capacity :<\/strong>\n\t\t\t\t\t\t\t\t\t\t100\t\t\t\t\t\t\t\t\t<\/h6>\n\t\t\t\t\t\t\t\t\t<div class=\"divider\"><\/div>\n\t\t\t\t\t\t\t\t\t<div class=\"mp_wp_editor\">\n\t\t\t\t\t\t\t\t\t\t\t\t\t\t\t\t\t\t\t<\/div>\n\t\t\t\t\t\t\t\t<\/div>\n\t\t\t\t\t\t\t\t\t\t\t\t\t\t\t\t\t\t\t\t\t\t\t<div class=\"placeholder_area mp_pagination_item _dShadow_9 grid_3 dNone\">\n\t\t\t\t\t\t\t\t\t\t\t\t\t\t\t\t\t\t\t<div class=\"ribbon\">Navetta Condivisa<\/div>\n\t\t\t\t\t\t\t\t\t\t\t\t\t\t\t\t\t\t<div class=\"bg_image_area\" data-href=\"https:\/\/giardinatour.it\/fr\/navette\/a4-brolo-1420\/\" data-placeholder>\n\t\t\t\t\t\t\t\t\t\t<div data-bg-image=\"https:\/\/giardinatour.it\/wp-content\/uploads\/2025\/01\/partenze.jpg\"><\/div>\n\t\t\t\t\t\t\t\t\t<\/div>\n\t\t\t\t\t\t\t\t\t<div class=\"divider\"><\/div>\n\t\t\t\t\t\t\t\t\t<a href=\"https:\/\/giardinatour.it\/fr\/navette\/a4-brolo-1420\/\">\n\t\t\t\t\t\t\t\t\t\t<h5 class=\"_textCenter_textTheme\">A4 Brolo 14:20<\/h5>\n\t\t\t\t\t\t\t\t\t<\/a>\n\t\t\t\t\t\t\t\t\t<div class=\"divider\"><\/div>\n\t\t\t\t\t\t\t\t\t<h6 class=\"_allCenter\">Brolo<small><span class=\"fas fa-long-arrow-alt-right _mLR_xs\"><\/span><\/small>Aeroporto Catania<\/h6>\n\t\t\t\t\t\t\t\t\t<div class=\"divider\"><\/div>\n\t\t\t\t\t\t\t\t\t<h6 class=\"_allCenter\">\n\t\t\t\t\t\t\t\t\t\t<strong>Passenger Capacity :<\/strong>\n\t\t\t\t\t\t\t\t\t\t200\t\t\t\t\t\t\t\t\t<\/h6>\n\t\t\t\t\t\t\t\t\t<div class=\"divider\"><\/div>\n\t\t\t\t\t\t\t\t\t<div class=\"mp_wp_editor\">\n\t\t\t\t\t\t\t\t\t\t\t\t\t\t\t\t\t\t\t<\/div>\n\t\t\t\t\t\t\t\t<\/div>\n\t\t\t\t\t\t\t\t\t\t\t\t\t\t\t\t\t\t\t\t\t\t\t<div class=\"placeholder_area mp_pagination_item _dShadow_9 grid_3 dNone\">\n\t\t\t\t\t\t\t\t\t\t\t\t\t\t\t\t\t\t\t<div class=\"ribbon\">Navetta Condivisa<\/div>\n\t\t\t\t\t\t\t\t\t\t\t\t\t\t\t\t\t\t<div class=\"bg_image_area\" data-href=\"https:\/\/giardinatour.it\/fr\/navette\/a1-gioiosa-marea-540\/\" data-placeholder>\n\t\t\t\t\t\t\t\t\t\t<div data-bg-image=\"https:\/\/giardinatour.it\/wp-content\/uploads\/2025\/01\/partenze.jpg\"><\/div>\n\t\t\t\t\t\t\t\t\t<\/div>\n\t\t\t\t\t\t\t\t\t<div class=\"divider\"><\/div>\n\t\t\t\t\t\t\t\t\t<a href=\"https:\/\/giardinatour.it\/fr\/navette\/a1-gioiosa-marea-540\/\">\n\t\t\t\t\t\t\t\t\t\t<h5 class=\"_textCenter_textTheme\">A1 Gioiosa Marea 5:40<\/h5>\n\t\t\t\t\t\t\t\t\t<\/a>\n\t\t\t\t\t\t\t\t\t<div class=\"divider\"><\/div>\n\t\t\t\t\t\t\t\t\t<h6 class=\"_allCenter\">Gioiosa Marea<small><span class=\"fas fa-long-arrow-alt-right _mLR_xs\"><\/span><\/small>Aeroporto Catania<\/h6>\n\t\t\t\t\t\t\t\t\t<div class=\"divider\"><\/div>\n\t\t\t\t\t\t\t\t\t<h6 class=\"_allCenter\">\n\t\t\t\t\t\t\t\t\t\t<strong>Passenger Capacity :<\/strong>\n\t\t\t\t\t\t\t\t\t\t200\t\t\t\t\t\t\t\t\t<\/h6>\n\t\t\t\t\t\t\t\t\t<div class=\"divider\"><\/div>\n\t\t\t\t\t\t\t\t\t<div class=\"mp_wp_editor\">\n\t\t\t\t\t\t\t\t\t\t\t\t\t\t\t\t\t\t\t<\/div>\n\t\t\t\t\t\t\t\t<\/div>\n\t\t\t\t\t\t\t\t\t\t\t\t\t\t\t\t\t\t\t\t\t\t\t<div class=\"placeholder_area mp_pagination_item _dShadow_9 grid_3 dNone\">\n\t\t\t\t\t\t\t\t\t\t\t\t\t\t\t\t\t\t\t<div class=\"ribbon\">Navetta Condivisa<\/div>\n\t\t\t\t\t\t\t\t\t\t\t\t\t\t\t\t\t\t<div class=\"bg_image_area\" data-href=\"https:\/\/giardinatour.it\/fr\/navette\/a2-gioiosa-marea-1010\/\" data-placeholder>\n\t\t\t\t\t\t\t\t\t\t<div data-bg-image=\"https:\/\/giardinatour.it\/wp-content\/uploads\/2025\/01\/partenze.jpg\"><\/div>\n\t\t\t\t\t\t\t\t\t<\/div>\n\t\t\t\t\t\t\t\t\t<div class=\"divider\"><\/div>\n\t\t\t\t\t\t\t\t\t<a href=\"https:\/\/giardinatour.it\/fr\/navette\/a2-gioiosa-marea-1010\/\">\n\t\t\t\t\t\t\t\t\t\t<h5 class=\"_textCenter_textTheme\">A2 Gioiosa Marea 10:10<\/h5>\n\t\t\t\t\t\t\t\t\t<\/a>\n\t\t\t\t\t\t\t\t\t<div class=\"divider\"><\/div>\n\t\t\t\t\t\t\t\t\t<h6 class=\"_allCenter\">Gioiosa Marea<small><span class=\"fas fa-long-arrow-alt-right _mLR_xs\"><\/span><\/small>Aeroporto Catania<\/h6>\n\t\t\t\t\t\t\t\t\t<div class=\"divider\"><\/div>\n\t\t\t\t\t\t\t\t\t<h6 class=\"_allCenter\">\n\t\t\t\t\t\t\t\t\t\t<strong>Passenger Capacity :<\/strong>\n\t\t\t\t\t\t\t\t\t\t100\t\t\t\t\t\t\t\t\t<\/h6>\n\t\t\t\t\t\t\t\t\t<div class=\"divider\"><\/div>\n\t\t\t\t\t\t\t\t\t<div class=\"mp_wp_editor\">\n\t\t\t\t\t\t\t\t\t\t\t\t\t\t\t\t\t\t\t<\/div>\n\t\t\t\t\t\t\t\t<\/div>\n\t\t\t\t\t\t\t\t\t\t\t\t\t\t\t\t\t\t\t\t\t\t\t<div class=\"placeholder_area mp_pagination_item _dShadow_9 grid_3 dNone\">\n\t\t\t\t\t\t\t\t\t\t\t\t\t\t\t\t\t\t\t<div class=\"ribbon\">Navetta Condivisa<\/div>\n\t\t\t\t\t\t\t\t\t\t\t\t\t\t\t\t\t\t<div class=\"bg_image_area\" data-href=\"https:\/\/giardinatour.it\/fr\/navette\/a3-gioiosa-marea-1230\/\" data-placeholder>\n\t\t\t\t\t\t\t\t\t\t<div data-bg-image=\"https:\/\/giardinatour.it\/wp-content\/uploads\/2025\/01\/partenze.jpg\"><\/div>\n\t\t\t\t\t\t\t\t\t<\/div>\n\t\t\t\t\t\t\t\t\t<div class=\"divider\"><\/div>\n\t\t\t\t\t\t\t\t\t<a href=\"https:\/\/giardinatour.it\/fr\/navette\/a3-gioiosa-marea-1230\/\">\n\t\t\t\t\t\t\t\t\t\t<h5 class=\"_textCenter_textTheme\">A3 Gioiosa Marea 12:30<\/h5>\n\t\t\t\t\t\t\t\t\t<\/a>\n\t\t\t\t\t\t\t\t\t<div class=\"divider\"><\/div>\n\t\t\t\t\t\t\t\t\t<h6 class=\"_allCenter\">Gioiosa Marea<small><span class=\"fas fa-long-arrow-alt-right _mLR_xs\"><\/span><\/small>Aeroporto Catania<\/h6>\n\t\t\t\t\t\t\t\t\t<div class=\"divider\"><\/div>\n\t\t\t\t\t\t\t\t\t<h6 class=\"_allCenter\">\n\t\t\t\t\t\t\t\t\t\t<strong>Passenger Capacity :<\/strong>\n\t\t\t\t\t\t\t\t\t\t100\t\t\t\t\t\t\t\t\t<\/h6>\n\t\t\t\t\t\t\t\t\t<div class=\"divider\"><\/div>\n\t\t\t\t\t\t\t\t\t<div class=\"mp_wp_editor\">\n\t\t\t\t\t\t\t\t\t\t\t\t\t\t\t\t\t\t\t<\/div>\n\t\t\t\t\t\t\t\t<\/div>\n\t\t\t\t\t\t\t\t\t\t\t\t\t\t\t\t\t\t\t\t\t\t\t<div class=\"placeholder_area mp_pagination_item _dShadow_9 grid_3 dNone\">\n\t\t\t\t\t\t\t\t\t\t\t\t\t\t\t\t\t\t\t<div class=\"ribbon\">Navetta Condivisa<\/div>\n\t\t\t\t\t\t\t\t\t\t\t\t\t\t\t\t\t\t<div class=\"bg_image_area\" data-href=\"https:\/\/giardinatour.it\/fr\/navette\/a4-gioiosa-marea-1430\/\" data-placeholder>\n\t\t\t\t\t\t\t\t\t\t<div data-bg-image=\"https:\/\/giardinatour.it\/wp-content\/uploads\/2025\/01\/partenze.jpg\"><\/div>\n\t\t\t\t\t\t\t\t\t<\/div>\n\t\t\t\t\t\t\t\t\t<div class=\"divider\"><\/div>\n\t\t\t\t\t\t\t\t\t<a href=\"https:\/\/giardinatour.it\/fr\/navette\/a4-gioiosa-marea-1430\/\">\n\t\t\t\t\t\t\t\t\t\t<h5 class=\"_textCenter_textTheme\">A4 Gioiosa Marea 14:30<\/h5>\n\t\t\t\t\t\t\t\t\t<\/a>\n\t\t\t\t\t\t\t\t\t<div class=\"divider\"><\/div>\n\t\t\t\t\t\t\t\t\t<h6 class=\"_allCenter\">Gioiosa Marea<small><span class=\"fas fa-long-arrow-alt-right _mLR_xs\"><\/span><\/small>Aeroporto Catania<\/h6>\n\t\t\t\t\t\t\t\t\t<div class=\"divider\"><\/div>\n\t\t\t\t\t\t\t\t\t<h6 class=\"_allCenter\">\n\t\t\t\t\t\t\t\t\t\t<strong>Passenger Capacity :<\/strong>\n\t\t\t\t\t\t\t\t\t\t100\t\t\t\t\t\t\t\t\t<\/h6>\n\t\t\t\t\t\t\t\t\t<div class=\"divider\"><\/div>\n\t\t\t\t\t\t\t\t\t<div class=\"mp_wp_editor\">\n\t\t\t\t\t\t\t\t\t\t\t\t\t\t\t\t\t\t\t<\/div>\n\t\t\t\t\t\t\t\t<\/div>\n\t\t\t\t\t\t\t\t\t\t\t\t\t\t\t\t\t\t\t\t\t\t\t<div class=\"placeholder_area mp_pagination_item _dShadow_9 grid_3 dNone\">\n\t\t\t\t\t\t\t\t\t\t\t\t\t\t\t\t\t\t\t<div class=\"ribbon\">Navetta Condivisa<\/div>\n\t\t\t\t\t\t\t\t\t\t\t\t\t\t\t\t\t\t<div class=\"bg_image_area\" data-href=\"https:\/\/giardinatour.it\/fr\/navette\/a1-patti-550\/\" data-placeholder>\n\t\t\t\t\t\t\t\t\t\t<div data-bg-image=\"https:\/\/giardinatour.it\/wp-content\/uploads\/2025\/01\/partenze.jpg\"><\/div>\n\t\t\t\t\t\t\t\t\t<\/div>\n\t\t\t\t\t\t\t\t\t<div class=\"divider\"><\/div>\n\t\t\t\t\t\t\t\t\t<a href=\"https:\/\/giardinatour.it\/fr\/navette\/a1-patti-550\/\">\n\t\t\t\t\t\t\t\t\t\t<h5 class=\"_textCenter_textTheme\">A1 Patti 5:50<\/h5>\n\t\t\t\t\t\t\t\t\t<\/a>\n\t\t\t\t\t\t\t\t\t<div class=\"divider\"><\/div>\n\t\t\t\t\t\t\t\t\t<h6 class=\"_allCenter\">Patti<small><span class=\"fas fa-long-arrow-alt-right _mLR_xs\"><\/span><\/small>Aeroporto Catania<\/h6>\n\t\t\t\t\t\t\t\t\t<div class=\"divider\"><\/div>\n\t\t\t\t\t\t\t\t\t<h6 class=\"_allCenter\">\n\t\t\t\t\t\t\t\t\t\t<strong>Passenger Capacity :<\/strong>\n\t\t\t\t\t\t\t\t\t\t100\t\t\t\t\t\t\t\t\t<\/h6>\n\t\t\t\t\t\t\t\t\t<div class=\"divider\"><\/div>\n\t\t\t\t\t\t\t\t\t<div class=\"mp_wp_editor\">\n\t\t\t\t\t\t\t\t\t\t\t\t\t\t\t\t\t\t\t<\/div>\n\t\t\t\t\t\t\t\t<\/div>\n\t\t\t\t\t\t\t\t\t\t\t\t\t\t\t\t\t\t\t\t\t\t\t<div class=\"placeholder_area mp_pagination_item _dShadow_9 grid_3 dNone\">\n\t\t\t\t\t\t\t\t\t\t\t\t\t\t\t\t\t\t\t<div class=\"ribbon\">Navetta Condivisa<\/div>\n\t\t\t\t\t\t\t\t\t\t\t\t\t\t\t\t\t\t<div class=\"bg_image_area\" data-href=\"https:\/\/giardinatour.it\/fr\/navette\/a2-patti-1020\/\" data-placeholder>\n\t\t\t\t\t\t\t\t\t\t<div data-bg-image=\"https:\/\/giardinatour.it\/wp-content\/uploads\/2025\/01\/partenze.jpg\"><\/div>\n\t\t\t\t\t\t\t\t\t<\/div>\n\t\t\t\t\t\t\t\t\t<div class=\"divider\"><\/div>\n\t\t\t\t\t\t\t\t\t<a href=\"https:\/\/giardinatour.it\/fr\/navette\/a2-patti-1020\/\">\n\t\t\t\t\t\t\t\t\t\t<h5 class=\"_textCenter_textTheme\">A2 Patti 10:20<\/h5>\n\t\t\t\t\t\t\t\t\t<\/a>\n\t\t\t\t\t\t\t\t\t<div class=\"divider\"><\/div>\n\t\t\t\t\t\t\t\t\t<h6 class=\"_allCenter\">Patti<small><span class=\"fas fa-long-arrow-alt-right _mLR_xs\"><\/span><\/small>Aeroporto Catania<\/h6>\n\t\t\t\t\t\t\t\t\t<div class=\"divider\"><\/div>\n\t\t\t\t\t\t\t\t\t<h6 class=\"_allCenter\">\n\t\t\t\t\t\t\t\t\t\t<strong>Passenger Capacity :<\/strong>\n\t\t\t\t\t\t\t\t\t\t100\t\t\t\t\t\t\t\t\t<\/h6>\n\t\t\t\t\t\t\t\t\t<div class=\"divider\"><\/div>\n\t\t\t\t\t\t\t\t\t<div class=\"mp_wp_editor\">\n\t\t\t\t\t\t\t\t\t\t\t\t\t\t\t\t\t\t\t<\/div>\n\t\t\t\t\t\t\t\t<\/div>\n\t\t\t\t\t\t\t\t\t\t\t\t\t\t\t\t\t\t\t\t\t\t\t<div class=\"placeholder_area mp_pagination_item _dShadow_9 grid_3 dNone\">\n\t\t\t\t\t\t\t\t\t\t\t\t\t\t\t\t\t\t\t<div class=\"ribbon\">Navetta Condivisa<\/div>\n\t\t\t\t\t\t\t\t\t\t\t\t\t\t\t\t\t\t<div class=\"bg_image_area\" data-href=\"https:\/\/giardinatour.it\/fr\/navette\/a3-patti-1240\/\" data-placeholder>\n\t\t\t\t\t\t\t\t\t\t<div data-bg-image=\"https:\/\/giardinatour.it\/wp-content\/uploads\/2025\/01\/partenze.jpg\"><\/div>\n\t\t\t\t\t\t\t\t\t<\/div>\n\t\t\t\t\t\t\t\t\t<div class=\"divider\"><\/div>\n\t\t\t\t\t\t\t\t\t<a href=\"https:\/\/giardinatour.it\/fr\/navette\/a3-patti-1240\/\">\n\t\t\t\t\t\t\t\t\t\t<h5 class=\"_textCenter_textTheme\">A3 Patti 12:40<\/h5>\n\t\t\t\t\t\t\t\t\t<\/a>\n\t\t\t\t\t\t\t\t\t<div class=\"divider\"><\/div>\n\t\t\t\t\t\t\t\t\t<h6 class=\"_allCenter\">Patti<small><span class=\"fas fa-long-arrow-alt-right _mLR_xs\"><\/span><\/small>Aeroporto Catania<\/h6>\n\t\t\t\t\t\t\t\t\t<div class=\"divider\"><\/div>\n\t\t\t\t\t\t\t\t\t<h6 class=\"_allCenter\">\n\t\t\t\t\t\t\t\t\t\t<strong>Passenger Capacity :<\/strong>\n\t\t\t\t\t\t\t\t\t\t100\t\t\t\t\t\t\t\t\t<\/h6>\n\t\t\t\t\t\t\t\t\t<div class=\"divider\"><\/div>\n\t\t\t\t\t\t\t\t\t<div class=\"mp_wp_editor\">\n\t\t\t\t\t\t\t\t\t\t\t\t\t\t\t\t\t\t\t<\/div>\n\t\t\t\t\t\t\t\t<\/div>\n\t\t\t\t\t\t\t\t\t\t\t\t\t\t\t\t\t\t\t\t\t\t\t<div class=\"placeholder_area mp_pagination_item _dShadow_9 grid_3 dNone\">\n\t\t\t\t\t\t\t\t\t\t\t\t\t\t\t\t\t\t\t<div class=\"ribbon\">Navetta Condivisa<\/div>\n\t\t\t\t\t\t\t\t\t\t\t\t\t\t\t\t\t\t<div class=\"bg_image_area\" data-href=\"https:\/\/giardinatour.it\/fr\/navette\/a2-portorosa-1020\/\" data-placeholder>\n\t\t\t\t\t\t\t\t\t\t<div data-bg-image=\"https:\/\/giardinatour.it\/wp-content\/uploads\/2025\/01\/partenze.jpg\"><\/div>\n\t\t\t\t\t\t\t\t\t<\/div>\n\t\t\t\t\t\t\t\t\t<div class=\"divider\"><\/div>\n\t\t\t\t\t\t\t\t\t<a href=\"https:\/\/giardinatour.it\/fr\/navette\/a2-portorosa-1020\/\">\n\t\t\t\t\t\t\t\t\t\t<h5 class=\"_textCenter_textTheme\">A2 Portorosa 10:20<\/h5>\n\t\t\t\t\t\t\t\t\t<\/a>\n\t\t\t\t\t\t\t\t\t<div class=\"divider\"><\/div>\n\t\t\t\t\t\t\t\t\t<h6 class=\"_allCenter\">Portorosa<small><span class=\"fas fa-long-arrow-alt-right _mLR_xs\"><\/span><\/small>Aeroporto Catania<\/h6>\n\t\t\t\t\t\t\t\t\t<div class=\"divider\"><\/div>\n\t\t\t\t\t\t\t\t\t<h6 class=\"_allCenter\">\n\t\t\t\t\t\t\t\t\t\t<strong>Passenger Capacity :<\/strong>\n\t\t\t\t\t\t\t\t\t\t100\t\t\t\t\t\t\t\t\t<\/h6>\n\t\t\t\t\t\t\t\t\t<div class=\"divider\"><\/div>\n\t\t\t\t\t\t\t\t\t<div class=\"mp_wp_editor\">\n\t\t\t\t\t\t\t\t\t\t\t\t\t\t\t\t\t\t\t<\/div>\n\t\t\t\t\t\t\t\t<\/div>\n\t\t\t\t\t\t\t\t\t\t\t\t\t\t\t\t\t\t\t\t\t\t\t<div class=\"placeholder_area mp_pagination_item _dShadow_9 grid_3 dNone\">\n\t\t\t\t\t\t\t\t\t\t\t\t\t\t\t\t\t\t\t<div class=\"ribbon\">Navetta Condivisa<\/div>\n\t\t\t\t\t\t\t\t\t\t\t\t\t\t\t\t\t\t<div class=\"bg_image_area\" data-href=\"https:\/\/giardinatour.it\/fr\/navette\/a1-portorosa-550\/\" data-placeholder>\n\t\t\t\t\t\t\t\t\t\t<div data-bg-image=\"https:\/\/giardinatour.it\/wp-content\/uploads\/2025\/01\/partenze.jpg\"><\/div>\n\t\t\t\t\t\t\t\t\t<\/div>\n\t\t\t\t\t\t\t\t\t<div class=\"divider\"><\/div>\n\t\t\t\t\t\t\t\t\t<a href=\"https:\/\/giardinatour.it\/fr\/navette\/a1-portorosa-550\/\">\n\t\t\t\t\t\t\t\t\t\t<h5 class=\"_textCenter_textTheme\">A1 Portorosa 5:50<\/h5>\n\t\t\t\t\t\t\t\t\t<\/a>\n\t\t\t\t\t\t\t\t\t<div class=\"divider\"><\/div>\n\t\t\t\t\t\t\t\t\t<h6 class=\"_allCenter\">Portorosa<small><span class=\"fas fa-long-arrow-alt-right _mLR_xs\"><\/span><\/small>Aeroporto Catania<\/h6>\n\t\t\t\t\t\t\t\t\t<div class=\"divider\"><\/div>\n\t\t\t\t\t\t\t\t\t<h6 class=\"_allCenter\">\n\t\t\t\t\t\t\t\t\t\t<strong>Passenger Capacity :<\/strong>\n\t\t\t\t\t\t\t\t\t\t100\t\t\t\t\t\t\t\t\t<\/h6>\n\t\t\t\t\t\t\t\t\t<div class=\"divider\"><\/div>\n\t\t\t\t\t\t\t\t\t<div class=\"mp_wp_editor\">\n\t\t\t\t\t\t\t\t\t\t\t\t\t\t\t\t\t\t\t<\/div>\n\t\t\t\t\t\t\t\t<\/div>\n\t\t\t\t\t\t\t\t\t\t\t\t\t\t\t\t\t\t\t\t\t\t\t<div class=\"placeholder_area mp_pagination_item _dShadow_9 grid_3 dNone\">\n\t\t\t\t\t\t\t\t\t\t\t\t\t\t\t\t\t\t\t<div class=\"ribbon\">Navetta Condivisa<\/div>\n\t\t\t\t\t\t\t\t\t\t\t\t\t\t\t\t\t\t<div class=\"bg_image_area\" data-href=\"https:\/\/giardinatour.it\/fr\/navette\/a3-portorosa-1240\/\" data-placeholder>\n\t\t\t\t\t\t\t\t\t\t<div data-bg-image=\"https:\/\/giardinatour.it\/wp-content\/uploads\/2025\/01\/partenze.jpg\"><\/div>\n\t\t\t\t\t\t\t\t\t<\/div>\n\t\t\t\t\t\t\t\t\t<div class=\"divider\"><\/div>\n\t\t\t\t\t\t\t\t\t<a href=\"https:\/\/giardinatour.it\/fr\/navette\/a3-portorosa-1240\/\">\n\t\t\t\t\t\t\t\t\t\t<h5 class=\"_textCenter_textTheme\">A3 Portorosa 12:40<\/h5>\n\t\t\t\t\t\t\t\t\t<\/a>\n\t\t\t\t\t\t\t\t\t<div class=\"divider\"><\/div>\n\t\t\t\t\t\t\t\t\t<h6 class=\"_allCenter\">Portorosa<small><span class=\"fas fa-long-arrow-alt-right _mLR_xs\"><\/span><\/small>Aeroporto Catania<\/h6>\n\t\t\t\t\t\t\t\t\t<div class=\"divider\"><\/div>\n\t\t\t\t\t\t\t\t\t<h6 class=\"_allCenter\">\n\t\t\t\t\t\t\t\t\t\t<strong>Passenger Capacity :<\/strong>\n\t\t\t\t\t\t\t\t\t\t100\t\t\t\t\t\t\t\t\t<\/h6>\n\t\t\t\t\t\t\t\t\t<div class=\"divider\"><\/div>\n\t\t\t\t\t\t\t\t\t<div class=\"mp_wp_editor\">\n\t\t\t\t\t\t\t\t\t\t\t\t\t\t\t\t\t\t\t<\/div>\n\t\t\t\t\t\t\t\t<\/div>\n\t\t\t\t\t\t\t\t\t\t\t\t\t\t\t\t\t\t\t\t\t\t\t<div class=\"placeholder_area mp_pagination_item _dShadow_9 grid_3 dNone\">\n\t\t\t\t\t\t\t\t\t\t\t\t\t\t\t\t\t\t\t<div class=\"ribbon\">Navetta Condivisa<\/div>\n\t\t\t\t\t\t\t\t\t\t\t\t\t\t\t\t\t\t<div class=\"bg_image_area\" data-href=\"https:\/\/giardinatour.it\/fr\/navette\/a1-faucon-600\/\" data-placeholder>\n\t\t\t\t\t\t\t\t\t\t<div data-bg-image=\"https:\/\/giardinatour.it\/wp-content\/uploads\/2025\/01\/partenze.jpg\"><\/div>\n\t\t\t\t\t\t\t\t\t<\/div>\n\t\t\t\t\t\t\t\t\t<div class=\"divider\"><\/div>\n\t\t\t\t\t\t\t\t\t<a href=\"https:\/\/giardinatour.it\/fr\/navette\/a1-faucon-600\/\">\n\t\t\t\t\t\t\t\t\t\t<h5 class=\"_textCenter_textTheme\">A1 Falcone 6:00<\/h5>\n\t\t\t\t\t\t\t\t\t<\/a>\n\t\t\t\t\t\t\t\t\t<div class=\"divider\"><\/div>\n\t\t\t\t\t\t\t\t\t<h6 class=\"_allCenter\">Falcone<small><span class=\"fas fa-long-arrow-alt-right _mLR_xs\"><\/span><\/small>Aeroporto Catania<\/h6>\n\t\t\t\t\t\t\t\t\t<div class=\"divider\"><\/div>\n\t\t\t\t\t\t\t\t\t<h6 class=\"_allCenter\">\n\t\t\t\t\t\t\t\t\t\t<strong>Passenger Capacity :<\/strong>\n\t\t\t\t\t\t\t\t\t\t100\t\t\t\t\t\t\t\t\t<\/h6>\n\t\t\t\t\t\t\t\t\t<div class=\"divider\"><\/div>\n\t\t\t\t\t\t\t\t\t<div class=\"mp_wp_editor\">\n\t\t\t\t\t\t\t\t\t\t\t\t\t\t\t\t\t\t\t<\/div>\n\t\t\t\t\t\t\t\t<\/div>\n\t\t\t\t\t\t\t\t\t\t\t\t\t\t\t\t\t\t\t\t\t\t\t<div class=\"placeholder_area mp_pagination_item _dShadow_9 grid_3 dNone\">\n\t\t\t\t\t\t\t\t\t\t\t\t\t\t\t\t\t\t\t<div class=\"ribbon\">Navetta Condivisa<\/div>\n\t\t\t\t\t\t\t\t\t\t\t\t\t\t\t\t\t\t<div class=\"bg_image_area\" data-href=\"https:\/\/giardinatour.it\/fr\/navette\/a2-faucon-1030\/\" data-placeholder>\n\t\t\t\t\t\t\t\t\t\t<div data-bg-image=\"https:\/\/giardinatour.it\/wp-content\/uploads\/2025\/01\/partenze.jpg\"><\/div>\n\t\t\t\t\t\t\t\t\t<\/div>\n\t\t\t\t\t\t\t\t\t<div class=\"divider\"><\/div>\n\t\t\t\t\t\t\t\t\t<a href=\"https:\/\/giardinatour.it\/fr\/navette\/a2-faucon-1030\/\">\n\t\t\t\t\t\t\t\t\t\t<h5 class=\"_textCenter_textTheme\">A2 Falcone 10:30<\/h5>\n\t\t\t\t\t\t\t\t\t<\/a>\n\t\t\t\t\t\t\t\t\t<div class=\"divider\"><\/div>\n\t\t\t\t\t\t\t\t\t<h6 class=\"_allCenter\">Falcone<small><span class=\"fas fa-long-arrow-alt-right _mLR_xs\"><\/span><\/small>Aeroporto Catania<\/h6>\n\t\t\t\t\t\t\t\t\t<div class=\"divider\"><\/div>\n\t\t\t\t\t\t\t\t\t<h6 class=\"_allCenter\">\n\t\t\t\t\t\t\t\t\t\t<strong>Passenger Capacity :<\/strong>\n\t\t\t\t\t\t\t\t\t\t100\t\t\t\t\t\t\t\t\t<\/h6>\n\t\t\t\t\t\t\t\t\t<div class=\"divider\"><\/div>\n\t\t\t\t\t\t\t\t\t<div class=\"mp_wp_editor\">\n\t\t\t\t\t\t\t\t\t\t\t\t\t\t\t\t\t\t\t<\/div>\n\t\t\t\t\t\t\t\t<\/div>\n\t\t\t\t\t\t\t\t\t\t\t\t\t\t\t\t\t\t\t\t\t\t\t<div class=\"placeholder_area mp_pagination_item _dShadow_9 grid_3 dNone\">\n\t\t\t\t\t\t\t\t\t\t\t\t\t\t\t\t\t\t\t<div class=\"ribbon\">Navetta Condivisa<\/div>\n\t\t\t\t\t\t\t\t\t\t\t\t\t\t\t\t\t\t<div class=\"bg_image_area\" data-href=\"https:\/\/giardinatour.it\/fr\/navette\/a3-faucon-1250\/\" data-placeholder>\n\t\t\t\t\t\t\t\t\t\t<div data-bg-image=\"https:\/\/giardinatour.it\/wp-content\/uploads\/2025\/01\/partenze.jpg\"><\/div>\n\t\t\t\t\t\t\t\t\t<\/div>\n\t\t\t\t\t\t\t\t\t<div class=\"divider\"><\/div>\n\t\t\t\t\t\t\t\t\t<a href=\"https:\/\/giardinatour.it\/fr\/navette\/a3-faucon-1250\/\">\n\t\t\t\t\t\t\t\t\t\t<h5 class=\"_textCenter_textTheme\">A3 Falcone 12:50<\/h5>\n\t\t\t\t\t\t\t\t\t<\/a>\n\t\t\t\t\t\t\t\t\t<div class=\"divider\"><\/div>\n\t\t\t\t\t\t\t\t\t<h6 class=\"_allCenter\">Falcone<small><span class=\"fas fa-long-arrow-alt-right _mLR_xs\"><\/span><\/small>Aeroporto Catania<\/h6>\n\t\t\t\t\t\t\t\t\t<div class=\"divider\"><\/div>\n\t\t\t\t\t\t\t\t\t<h6 class=\"_allCenter\">\n\t\t\t\t\t\t\t\t\t\t<strong>Passenger Capacity :<\/strong>\n\t\t\t\t\t\t\t\t\t\t100\t\t\t\t\t\t\t\t\t<\/h6>\n\t\t\t\t\t\t\t\t\t<div class=\"divider\"><\/div>\n\t\t\t\t\t\t\t\t\t<div class=\"mp_wp_editor\">\n\t\t\t\t\t\t\t\t\t\t\t\t\t\t\t\t\t\t\t<\/div>\n\t\t\t\t\t\t\t\t<\/div>\n\t\t\t\t\t\t\t\t\t\t\t\t\t\t\t\t\t\t\t\t\t\t\t<div class=\"placeholder_area mp_pagination_item _dShadow_9 grid_3 dNone\">\n\t\t\t\t\t\t\t\t\t\t\t\t\t\t\t\t\t\t\t<div class=\"ribbon\">Navetta Condivisa<\/div>\n\t\t\t\t\t\t\t\t\t\t\t\t\t\t\t\t\t\t<div class=\"bg_image_area\" data-href=\"https:\/\/giardinatour.it\/fr\/navette\/a4-faucon-1450\/\" data-placeholder>\n\t\t\t\t\t\t\t\t\t\t<div data-bg-image=\"https:\/\/giardinatour.it\/wp-content\/uploads\/2025\/01\/partenze.jpg\"><\/div>\n\t\t\t\t\t\t\t\t\t<\/div>\n\t\t\t\t\t\t\t\t\t<div class=\"divider\"><\/div>\n\t\t\t\t\t\t\t\t\t<a href=\"https:\/\/giardinatour.it\/fr\/navette\/a4-faucon-1450\/\">\n\t\t\t\t\t\t\t\t\t\t<h5 class=\"_textCenter_textTheme\">A4 Falcone 14:50<\/h5>\n\t\t\t\t\t\t\t\t\t<\/a>\n\t\t\t\t\t\t\t\t\t<div class=\"divider\"><\/div>\n\t\t\t\t\t\t\t\t\t<h6 class=\"_allCenter\">Falcone<small><span class=\"fas fa-long-arrow-alt-right _mLR_xs\"><\/span><\/small>Aeroporto Catania<\/h6>\n\t\t\t\t\t\t\t\t\t<div class=\"divider\"><\/div>\n\t\t\t\t\t\t\t\t\t<h6 class=\"_allCenter\">\n\t\t\t\t\t\t\t\t\t\t<strong>Passenger Capacity :<\/strong>\n\t\t\t\t\t\t\t\t\t\t100\t\t\t\t\t\t\t\t\t<\/h6>\n\t\t\t\t\t\t\t\t\t<div class=\"divider\"><\/div>\n\t\t\t\t\t\t\t\t\t<div class=\"mp_wp_editor\">\n\t\t\t\t\t\t\t\t\t\t\t\t\t\t\t\t\t\t\t<\/div>\n\t\t\t\t\t\t\t\t<\/div>\n\t\t\t\t\t\t\t\t\t\t\t\t\t\t\t\t\t\t\t\t\t\t\t<div class=\"placeholder_area mp_pagination_item _dShadow_9 grid_3 dNone\">\n\t\t\t\t\t\t\t\t\t\t\t\t\t\t\t\t\t\t\t<div class=\"ribbon\">Navetta Condivisa<\/div>\n\t\t\t\t\t\t\t\t\t\t\t\t\t\t\t\t\t\t<div class=\"bg_image_area\" data-href=\"https:\/\/giardinatour.it\/fr\/navette\/a1-barcelone-p-g-620\/\" data-placeholder>\n\t\t\t\t\t\t\t\t\t\t<div data-bg-image=\"https:\/\/giardinatour.it\/wp-content\/uploads\/2025\/01\/partenze.jpg\"><\/div>\n\t\t\t\t\t\t\t\t\t<\/div>\n\t\t\t\t\t\t\t\t\t<div class=\"divider\"><\/div>\n\t\t\t\t\t\t\t\t\t<a href=\"https:\/\/giardinatour.it\/fr\/navette\/a1-barcelone-p-g-620\/\">\n\t\t\t\t\t\t\t\t\t\t<h5 class=\"_textCenter_textTheme\">A1 Barcellona P.G. 6:20<\/h5>\n\t\t\t\t\t\t\t\t\t<\/a>\n\t\t\t\t\t\t\t\t\t<div class=\"divider\"><\/div>\n\t\t\t\t\t\t\t\t\t<h6 class=\"_allCenter\">Barcellona P.G.<small><span class=\"fas fa-long-arrow-alt-right _mLR_xs\"><\/span><\/small>Aeroporto Catania<\/h6>\n\t\t\t\t\t\t\t\t\t<div class=\"divider\"><\/div>\n\t\t\t\t\t\t\t\t\t<h6 class=\"_allCenter\">\n\t\t\t\t\t\t\t\t\t\t<strong>Passenger Capacity :<\/strong>\n\t\t\t\t\t\t\t\t\t\t100\t\t\t\t\t\t\t\t\t<\/h6>\n\t\t\t\t\t\t\t\t\t<div class=\"divider\"><\/div>\n\t\t\t\t\t\t\t\t\t<div class=\"mp_wp_editor\">\n\t\t\t\t\t\t\t\t\t\t\t\t\t\t\t\t\t\t\t<\/div>\n\t\t\t\t\t\t\t\t<\/div>\n\t\t\t\t\t\t\t\t\t\t\t\t\t\t\t\t\t\t\t\t\t\t\t<div class=\"placeholder_area mp_pagination_item _dShadow_9 grid_3 dNone\">\n\t\t\t\t\t\t\t\t\t\t\t\t\t\t\t\t\t\t\t<div class=\"ribbon\">Navetta Condivisa<\/div>\n\t\t\t\t\t\t\t\t\t\t\t\t\t\t\t\t\t\t<div class=\"bg_image_area\" data-href=\"https:\/\/giardinatour.it\/fr\/navette\/a2-barcelone-p-g-1040\/\" data-placeholder>\n\t\t\t\t\t\t\t\t\t\t<div data-bg-image=\"https:\/\/giardinatour.it\/wp-content\/uploads\/2025\/01\/partenze.jpg\"><\/div>\n\t\t\t\t\t\t\t\t\t<\/div>\n\t\t\t\t\t\t\t\t\t<div class=\"divider\"><\/div>\n\t\t\t\t\t\t\t\t\t<a href=\"https:\/\/giardinatour.it\/fr\/navette\/a2-barcelone-p-g-1040\/\">\n\t\t\t\t\t\t\t\t\t\t<h5 class=\"_textCenter_textTheme\">A2 Barcellona P.G. 10:40<\/h5>\n\t\t\t\t\t\t\t\t\t<\/a>\n\t\t\t\t\t\t\t\t\t<div class=\"divider\"><\/div>\n\t\t\t\t\t\t\t\t\t<h6 class=\"_allCenter\">Barcellona P.G.<small><span class=\"fas fa-long-arrow-alt-right _mLR_xs\"><\/span><\/small>Aeroporto Catania<\/h6>\n\t\t\t\t\t\t\t\t\t<div class=\"divider\"><\/div>\n\t\t\t\t\t\t\t\t\t<h6 class=\"_allCenter\">\n\t\t\t\t\t\t\t\t\t\t<strong>Passenger Capacity :<\/strong>\n\t\t\t\t\t\t\t\t\t\t100\t\t\t\t\t\t\t\t\t<\/h6>\n\t\t\t\t\t\t\t\t\t<div class=\"divider\"><\/div>\n\t\t\t\t\t\t\t\t\t<div class=\"mp_wp_editor\">\n\t\t\t\t\t\t\t\t\t\t\t\t\t\t\t\t\t\t\t<\/div>\n\t\t\t\t\t\t\t\t<\/div>\n\t\t\t\t\t\t\t\t\t\t\t\t\t\t\t\t\t\t\t\t\t\t\t<div class=\"placeholder_area mp_pagination_item _dShadow_9 grid_3 dNone\">\n\t\t\t\t\t\t\t\t\t\t\t\t\t\t\t\t\t\t\t<div class=\"ribbon\">Navetta Condivisa<\/div>\n\t\t\t\t\t\t\t\t\t\t\t\t\t\t\t\t\t\t<div class=\"bg_image_area\" data-href=\"https:\/\/giardinatour.it\/fr\/navette\/a3-barcelone-p-g-1300\/\" data-placeholder>\n\t\t\t\t\t\t\t\t\t\t<div data-bg-image=\"https:\/\/giardinatour.it\/wp-content\/uploads\/2025\/01\/partenze.jpg\"><\/div>\n\t\t\t\t\t\t\t\t\t<\/div>\n\t\t\t\t\t\t\t\t\t<div class=\"divider\"><\/div>\n\t\t\t\t\t\t\t\t\t<a href=\"https:\/\/giardinatour.it\/fr\/navette\/a3-barcelone-p-g-1300\/\">\n\t\t\t\t\t\t\t\t\t\t<h5 class=\"_textCenter_textTheme\">A3 Barcellona P.G. 13:00<\/h5>\n\t\t\t\t\t\t\t\t\t<\/a>\n\t\t\t\t\t\t\t\t\t<div class=\"divider\"><\/div>\n\t\t\t\t\t\t\t\t\t<h6 class=\"_allCenter\">Barcellona P.G.<small><span class=\"fas fa-long-arrow-alt-right _mLR_xs\"><\/span><\/small>Aeroporto Catania<\/h6>\n\t\t\t\t\t\t\t\t\t<div class=\"divider\"><\/div>\n\t\t\t\t\t\t\t\t\t<h6 class=\"_allCenter\">\n\t\t\t\t\t\t\t\t\t\t<strong>Passenger Capacity :<\/strong>\n\t\t\t\t\t\t\t\t\t\t100\t\t\t\t\t\t\t\t\t<\/h6>\n\t\t\t\t\t\t\t\t\t<div class=\"divider\"><\/div>\n\t\t\t\t\t\t\t\t\t<div class=\"mp_wp_editor\">\n\t\t\t\t\t\t\t\t\t\t\t\t\t\t\t\t\t\t\t<\/div>\n\t\t\t\t\t\t\t\t<\/div>\n\t\t\t\t\t\t\t\t\t\t\t\t\t\t\t\t\t\t\t\t\t\t\t<div class=\"placeholder_area mp_pagination_item _dShadow_9 grid_3 dNone\">\n\t\t\t\t\t\t\t\t\t\t\t\t\t\t\t\t\t\t\t<div class=\"ribbon\">Navetta Condivisa<\/div>\n\t\t\t\t\t\t\t\t\t\t\t\t\t\t\t\t\t\t<div class=\"bg_image_area\" data-href=\"https:\/\/giardinatour.it\/fr\/navette\/a1-rometta-630\/\" data-placeholder>\n\t\t\t\t\t\t\t\t\t\t<div data-bg-image=\"https:\/\/giardinatour.it\/wp-content\/uploads\/2025\/01\/partenze.jpg\"><\/div>\n\t\t\t\t\t\t\t\t\t<\/div>\n\t\t\t\t\t\t\t\t\t<div class=\"divider\"><\/div>\n\t\t\t\t\t\t\t\t\t<a href=\"https:\/\/giardinatour.it\/fr\/navette\/a1-rometta-630\/\">\n\t\t\t\t\t\t\t\t\t\t<h5 class=\"_textCenter_textTheme\">A1 Rometta 6:30<\/h5>\n\t\t\t\t\t\t\t\t\t<\/a>\n\t\t\t\t\t\t\t\t\t<div class=\"divider\"><\/div>\n\t\t\t\t\t\t\t\t\t<h6 class=\"_allCenter\">Rometta<small><span class=\"fas fa-long-arrow-alt-right _mLR_xs\"><\/span><\/small>Aeroporto Catania<\/h6>\n\t\t\t\t\t\t\t\t\t<div class=\"divider\"><\/div>\n\t\t\t\t\t\t\t\t\t<h6 class=\"_allCenter\">\n\t\t\t\t\t\t\t\t\t\t<strong>Passenger Capacity :<\/strong>\n\t\t\t\t\t\t\t\t\t\t100\t\t\t\t\t\t\t\t\t<\/h6>\n\t\t\t\t\t\t\t\t\t<div class=\"divider\"><\/div>\n\t\t\t\t\t\t\t\t\t<div class=\"mp_wp_editor\">\n\t\t\t\t\t\t\t\t\t\t\t\t\t\t\t\t\t\t\t<\/div>\n\t\t\t\t\t\t\t\t<\/div>\n\t\t\t\t\t\t\t\t\t\t\t\t\t\t\t\t\t\t\t\t\t\t\t<div class=\"placeholder_area mp_pagination_item _dShadow_9 grid_3 dNone\">\n\t\t\t\t\t\t\t\t\t\t\t\t\t\t\t\t\t\t\t<div class=\"ribbon\">Navetta Condivisa<\/div>\n\t\t\t\t\t\t\t\t\t\t\t\t\t\t\t\t\t\t<div class=\"bg_image_area\" data-href=\"https:\/\/giardinatour.it\/fr\/navette\/a2-rometta-1100\/\" data-placeholder>\n\t\t\t\t\t\t\t\t\t\t<div data-bg-image=\"https:\/\/giardinatour.it\/wp-content\/uploads\/2025\/01\/partenze.jpg\"><\/div>\n\t\t\t\t\t\t\t\t\t<\/div>\n\t\t\t\t\t\t\t\t\t<div class=\"divider\"><\/div>\n\t\t\t\t\t\t\t\t\t<a href=\"https:\/\/giardinatour.it\/fr\/navette\/a2-rometta-1100\/\">\n\t\t\t\t\t\t\t\t\t\t<h5 class=\"_textCenter_textTheme\">A2 Rometta 11:00<\/h5>\n\t\t\t\t\t\t\t\t\t<\/a>\n\t\t\t\t\t\t\t\t\t<div class=\"divider\"><\/div>\n\t\t\t\t\t\t\t\t\t<h6 class=\"_allCenter\">Rometta<small><span class=\"fas fa-long-arrow-alt-right _mLR_xs\"><\/span><\/small>Aeroporto Catania<\/h6>\n\t\t\t\t\t\t\t\t\t<div class=\"divider\"><\/div>\n\t\t\t\t\t\t\t\t\t<h6 class=\"_allCenter\">\n\t\t\t\t\t\t\t\t\t\t<strong>Passenger Capacity :<\/strong>\n\t\t\t\t\t\t\t\t\t\t100\t\t\t\t\t\t\t\t\t<\/h6>\n\t\t\t\t\t\t\t\t\t<div class=\"divider\"><\/div>\n\t\t\t\t\t\t\t\t\t<div class=\"mp_wp_editor\">\n\t\t\t\t\t\t\t\t\t\t\t\t\t\t\t\t\t\t\t<\/div>\n\t\t\t\t\t\t\t\t<\/div>\n\t\t\t\t\t\t\t\t\t\t\t\t\t\t\t\t\t\t\t\t\t\t\t<div class=\"placeholder_area mp_pagination_item _dShadow_9 grid_3 dNone\">\n\t\t\t\t\t\t\t\t\t\t\t\t\t\t\t\t\t\t\t<div class=\"ribbon\">Navetta Condivisa<\/div>\n\t\t\t\t\t\t\t\t\t\t\t\t\t\t\t\t\t\t<div class=\"bg_image_area\" data-href=\"https:\/\/giardinatour.it\/fr\/navette\/a3-rometta-1320\/\" data-placeholder>\n\t\t\t\t\t\t\t\t\t\t<div data-bg-image=\"https:\/\/giardinatour.it\/wp-content\/uploads\/2025\/01\/partenze.jpg\"><\/div>\n\t\t\t\t\t\t\t\t\t<\/div>\n\t\t\t\t\t\t\t\t\t<div class=\"divider\"><\/div>\n\t\t\t\t\t\t\t\t\t<a href=\"https:\/\/giardinatour.it\/fr\/navette\/a3-rometta-1320\/\">\n\t\t\t\t\t\t\t\t\t\t<h5 class=\"_textCenter_textTheme\">A3 Rometta 13:20<\/h5>\n\t\t\t\t\t\t\t\t\t<\/a>\n\t\t\t\t\t\t\t\t\t<div class=\"divider\"><\/div>\n\t\t\t\t\t\t\t\t\t<h6 class=\"_allCenter\">Rometta<small><span class=\"fas fa-long-arrow-alt-right _mLR_xs\"><\/span><\/small>Aeroporto Catania<\/h6>\n\t\t\t\t\t\t\t\t\t<div class=\"divider\"><\/div>\n\t\t\t\t\t\t\t\t\t<h6 class=\"_allCenter\">\n\t\t\t\t\t\t\t\t\t\t<strong>Passenger Capacity :<\/strong>\n\t\t\t\t\t\t\t\t\t\t100\t\t\t\t\t\t\t\t\t<\/h6>\n\t\t\t\t\t\t\t\t\t<div class=\"divider\"><\/div>\n\t\t\t\t\t\t\t\t\t<div class=\"mp_wp_editor\">\n\t\t\t\t\t\t\t\t\t\t\t\t\t\t\t\t\t\t\t<\/div>\n\t\t\t\t\t\t\t\t<\/div>\n\t\t\t\t\t\t\t\t\t\t\t\t\t\t\t\t\t\t\t\t\t\t\t<div class=\"placeholder_area mp_pagination_item _dShadow_9 grid_3 dNone\">\n\t\t\t\t\t\t\t\t\t\t\t\t\t\t\t\t\t\t\t<div class=\"ribbon\">Navetta Condivisa<\/div>\n\t\t\t\t\t\t\t\t\t\t\t\t\t\t\t\t\t\t<div class=\"bg_image_area\" data-href=\"https:\/\/giardinatour.it\/fr\/navette\/a4-rometta-1520\/\" data-placeholder>\n\t\t\t\t\t\t\t\t\t\t<div data-bg-image=\"https:\/\/giardinatour.it\/wp-content\/uploads\/2025\/01\/partenze.jpg\"><\/div>\n\t\t\t\t\t\t\t\t\t<\/div>\n\t\t\t\t\t\t\t\t\t<div class=\"divider\"><\/div>\n\t\t\t\t\t\t\t\t\t<a href=\"https:\/\/giardinatour.it\/fr\/navette\/a4-rometta-1520\/\">\n\t\t\t\t\t\t\t\t\t\t<h5 class=\"_textCenter_textTheme\">A4  Rometta 15:20<\/h5>\n\t\t\t\t\t\t\t\t\t<\/a>\n\t\t\t\t\t\t\t\t\t<div class=\"divider\"><\/div>\n\t\t\t\t\t\t\t\t\t<h6 class=\"_allCenter\">Rometta<small><span class=\"fas fa-long-arrow-alt-right _mLR_xs\"><\/span><\/small>Aeroporto Catania<\/h6>\n\t\t\t\t\t\t\t\t\t<div class=\"divider\"><\/div>\n\t\t\t\t\t\t\t\t\t<h6 class=\"_allCenter\">\n\t\t\t\t\t\t\t\t\t\t<strong>Passenger Capacity :<\/strong>\n\t\t\t\t\t\t\t\t\t\t100\t\t\t\t\t\t\t\t\t<\/h6>\n\t\t\t\t\t\t\t\t\t<div class=\"divider\"><\/div>\n\t\t\t\t\t\t\t\t\t<div class=\"mp_wp_editor\">\n\t\t\t\t\t\t\t\t\t\t\t\t\t\t\t\t\t\t\t<\/div>\n\t\t\t\t\t\t\t\t<\/div>\n\t\t\t\t\t\t\t\t\t\t\t\t\t\t\t\t\t\t\t\t\t\t\t<div class=\"placeholder_area mp_pagination_item _dShadow_9 grid_3 dNone\">\n\t\t\t\t\t\t\t\t\t\t\t\t\t\t\t\t\t\t\t<div class=\"ribbon\">Navetta Condivisa<\/div>\n\t\t\t\t\t\t\t\t\t\t\t\t\t\t\t\t\t\t<div class=\"bg_image_area\" data-href=\"https:\/\/giardinatour.it\/fr\/navette\/supplementaire\/\" data-placeholder>\n\t\t\t\t\t\t\t\t\t\t<div data-bg-image=\"https:\/\/giardinatour.it\/wp-content\/uploads\/2025\/01\/partenze.jpg\"><\/div>\n\t\t\t\t\t\t\t\t\t<\/div>\n\t\t\t\t\t\t\t\t\t<div class=\"divider\"><\/div>\n\t\t\t\t\t\t\t\t\t<a href=\"https:\/\/giardinatour.it\/fr\/navette\/supplementaire\/\">\n\t\t\t\t\t\t\t\t\t\t<h5 class=\"_textCenter_textTheme\">*Navetta Aggiuntiva per Catania<\/h5>\n\t\t\t\t\t\t\t\t\t<\/a>\n\t\t\t\t\t\t\t\t\t<div class=\"divider\"><\/div>\n\t\t\t\t\t\t\t\t\t<h6 class=\"_allCenter\">Brolo<small><span class=\"fas fa-long-arrow-alt-right _mLR_xs\"><\/span><\/small>Aeroporto Catania<\/h6>\n\t\t\t\t\t\t\t\t\t<div class=\"divider\"><\/div>\n\t\t\t\t\t\t\t\t\t<h6 class=\"_allCenter\">\n\t\t\t\t\t\t\t\t\t\t<strong>Passenger Capacity :<\/strong>\n\t\t\t\t\t\t\t\t\t\t100\t\t\t\t\t\t\t\t\t<\/h6>\n\t\t\t\t\t\t\t\t\t<div class=\"divider\"><\/div>\n\t\t\t\t\t\t\t\t\t<div class=\"mp_wp_editor\">\n\t\t\t\t\t\t\t\t\t\t\t\t\t\t\t\t\t\t\t<\/div>\n\t\t\t\t\t\t\t\t<\/div>\n\t\t\t\t\t\t\t\t\t\t\t\t\t\t\t\t\t\t\t\t\t\t\t<div class=\"placeholder_area mp_pagination_item _dShadow_9 grid_3 dNone\">\n\t\t\t\t\t\t\t\t\t\t\t\t\t\t\t\t\t\t\t<div class=\"ribbon\">Navetta Condivisa<\/div>\n\t\t\t\t\t\t\t\t\t\t\t\t\t\t\t\t\t\t<div class=\"bg_image_area\" data-href=\"https:\/\/giardinatour.it\/fr\/navette\/navette-supplementaire-depuis-catane\/\" data-placeholder>\n\t\t\t\t\t\t\t\t\t\t<div data-bg-image=\"https:\/\/giardinatour.it\/wp-content\/uploads\/2025\/02\/arrivi.jpg\"><\/div>\n\t\t\t\t\t\t\t\t\t<\/div>\n\t\t\t\t\t\t\t\t\t<div class=\"divider\"><\/div>\n\t\t\t\t\t\t\t\t\t<a href=\"https:\/\/giardinatour.it\/fr\/navette\/navette-supplementaire-depuis-catane\/\">\n\t\t\t\t\t\t\t\t\t\t<h5 class=\"_textCenter_textTheme\">*Navetta Aggiuntiva da Catania<\/h5>\n\t\t\t\t\t\t\t\t\t<\/a>\n\t\t\t\t\t\t\t\t\t<div class=\"divider\"><\/div>\n\t\t\t\t\t\t\t\t\t<h6 class=\"_allCenter\">Aeroporto Catania<small><span class=\"fas fa-long-arrow-alt-right _mLR_xs\"><\/span><\/small>Brolo<\/h6>\n\t\t\t\t\t\t\t\t\t<div class=\"divider\"><\/div>\n\t\t\t\t\t\t\t\t\t<h6 class=\"_allCenter\">\n\t\t\t\t\t\t\t\t\t\t<strong>Passenger Capacity :<\/strong>\n\t\t\t\t\t\t\t\t\t\t100\t\t\t\t\t\t\t\t\t<\/h6>\n\t\t\t\t\t\t\t\t\t<div class=\"divider\"><\/div>\n\t\t\t\t\t\t\t\t\t<div class=\"mp_wp_editor\">\n\t\t\t\t\t\t\t\t\t\t\t\t\t\t\t\t\t\t\t<\/div>\n\t\t\t\t\t\t\t\t<\/div>\n\t\t\t\t\t\t\t\t\t\t\t\t\t\t\t\t\t\t\t\t\t\t\t<div class=\"placeholder_area mp_pagination_item _dShadow_9 grid_3 dNone\">\n\t\t\t\t\t\t\t\t\t\t\t\t\t\t\t\t\t\t\t<div class=\"ribbon\">Navetta Condivisa<\/div>\n\t\t\t\t\t\t\t\t\t\t\t\t\t\t\t\t\t\t<div class=\"bg_image_area\" data-href=\"https:\/\/giardinatour.it\/fr\/navette\/r2-catane-1200-2\/\" data-placeholder>\n\t\t\t\t\t\t\t\t\t\t<div data-bg-image=\"https:\/\/giardinatour.it\/wp-content\/uploads\/2025\/02\/arrivi.jpg\"><\/div>\n\t\t\t\t\t\t\t\t\t<\/div>\n\t\t\t\t\t\t\t\t\t<div class=\"divider\"><\/div>\n\t\t\t\t\t\t\t\t\t<a href=\"https:\/\/giardinatour.it\/fr\/navette\/r2-catane-1200-2\/\">\n\t\t\t\t\t\t\t\t\t\t<h5 class=\"_textCenter_textTheme\">R2 Catania 12:00<\/h5>\n\t\t\t\t\t\t\t\t\t<\/a>\n\t\t\t\t\t\t\t\t\t<div class=\"divider\"><\/div>\n\t\t\t\t\t\t\t\t\t<h6 class=\"_allCenter\">Aeroporto Catania<small><span class=\"fas fa-long-arrow-alt-right _mLR_xs\"><\/span><\/small>Capo d&#039;Orlando<\/h6>\n\t\t\t\t\t\t\t\t\t<div class=\"divider\"><\/div>\n\t\t\t\t\t\t\t\t\t<h6 class=\"_allCenter\">\n\t\t\t\t\t\t\t\t\t\t<strong>Passenger Capacity :<\/strong>\n\t\t\t\t\t\t\t\t\t\t100\t\t\t\t\t\t\t\t\t<\/h6>\n\t\t\t\t\t\t\t\t\t<div class=\"divider\"><\/div>\n\t\t\t\t\t\t\t\t\t<div class=\"mp_wp_editor\">\n\t\t\t\t\t\t\t\t\t\t\t\t\t\t\t\t\t\t\t<\/div>\n\t\t\t\t\t\t\t\t<\/div>\n\t\t\t\t\t\t\t\t\t\t\t\t\t\t\t\t\t\t\t\t\t\t\t<div class=\"placeholder_area mp_pagination_item _dShadow_9 grid_3 dNone\">\n\t\t\t\t\t\t\t\t\t\t\t\t\t\t\t\t\t\t\t<div class=\"ribbon\">Navetta Condivisa<\/div>\n\t\t\t\t\t\t\t\t\t\t\t\t\t\t\t\t\t\t<div class=\"bg_image_area\" data-href=\"https:\/\/giardinatour.it\/fr\/navette\/navette-supplementaire-de-catane-2\/\" data-placeholder>\n\t\t\t\t\t\t\t\t\t\t<div data-bg-image=\"https:\/\/giardinatour.it\/wp-content\/uploads\/2025\/02\/arrivi.jpg\"><\/div>\n\t\t\t\t\t\t\t\t\t<\/div>\n\t\t\t\t\t\t\t\t\t<div class=\"divider\"><\/div>\n\t\t\t\t\t\t\t\t\t<a href=\"https:\/\/giardinatour.it\/fr\/navette\/navette-supplementaire-de-catane-2\/\">\n\t\t\t\t\t\t\t\t\t\t<h5 class=\"_textCenter_textTheme\">*Navetta Aggiuntiva da Catania<\/h5>\n\t\t\t\t\t\t\t\t\t<\/a>\n\t\t\t\t\t\t\t\t\t<div class=\"divider\"><\/div>\n\t\t\t\t\t\t\t\t\t<h6 class=\"_allCenter\">Aeroporto Catania<small><span class=\"fas fa-long-arrow-alt-right _mLR_xs\"><\/span><\/small>Brolo<\/h6>\n\t\t\t\t\t\t\t\t\t<div class=\"divider\"><\/div>\n\t\t\t\t\t\t\t\t\t<h6 class=\"_allCenter\">\n\t\t\t\t\t\t\t\t\t\t<strong>Passenger Capacity :<\/strong>\n\t\t\t\t\t\t\t\t\t\t100\t\t\t\t\t\t\t\t\t<\/h6>\n\t\t\t\t\t\t\t\t\t<div class=\"divider\"><\/div>\n\t\t\t\t\t\t\t\t\t<div class=\"mp_wp_editor\">\n\t\t\t\t\t\t\t\t\t\t\t\t\t\t\t\t\t\t\t<\/div>\n\t\t\t\t\t\t\t\t<\/div>\n\t\t\t\t\t\t\t\t\t\t\t\t\t\t\t\t\t\t\t\t\t\t\t<div class=\"placeholder_area mp_pagination_item _dShadow_9 grid_3 dNone\">\n\t\t\t\t\t\t\t\t\t\t\t\t\t\t\t\t\t\t\t<div class=\"ribbon\">Navetta Condivisa<\/div>\n\t\t\t\t\t\t\t\t\t\t\t\t\t\t\t\t\t\t<div class=\"bg_image_area\" data-href=\"https:\/\/giardinatour.it\/fr\/navette\/a4-patti-1440\/\" data-placeholder>\n\t\t\t\t\t\t\t\t\t\t<div data-bg-image=\"https:\/\/giardinatour.it\/wp-content\/uploads\/2025\/01\/partenze.jpg\"><\/div>\n\t\t\t\t\t\t\t\t\t<\/div>\n\t\t\t\t\t\t\t\t\t<div class=\"divider\"><\/div>\n\t\t\t\t\t\t\t\t\t<a href=\"https:\/\/giardinatour.it\/fr\/navette\/a4-patti-1440\/\">\n\t\t\t\t\t\t\t\t\t\t<h5 class=\"_textCenter_textTheme\">A4 Patti 14:40<\/h5>\n\t\t\t\t\t\t\t\t\t<\/a>\n\t\t\t\t\t\t\t\t\t<div class=\"divider\"><\/div>\n\t\t\t\t\t\t\t\t\t<h6 class=\"_allCenter\">Patti<small><span class=\"fas fa-long-arrow-alt-right _mLR_xs\"><\/span><\/small>Aeroporto Catania<\/h6>\n\t\t\t\t\t\t\t\t\t<div class=\"divider\"><\/div>\n\t\t\t\t\t\t\t\t\t<h6 class=\"_allCenter\">\n\t\t\t\t\t\t\t\t\t\t<strong>Passenger Capacity :<\/strong>\n\t\t\t\t\t\t\t\t\t\t100\t\t\t\t\t\t\t\t\t<\/h6>\n\t\t\t\t\t\t\t\t\t<div class=\"divider\"><\/div>\n\t\t\t\t\t\t\t\t\t<div class=\"mp_wp_editor\">\n\t\t\t\t\t\t\t\t\t\t\t\t\t\t\t\t\t\t\t<\/div>\n\t\t\t\t\t\t\t\t<\/div>\n\t\t\t\t\t\t\t\t\t\t\t\t\t\t\t\t\t\t\t\t\t\t\t<div class=\"placeholder_area mp_pagination_item _dShadow_9 grid_3 dNone\">\n\t\t\t\t\t\t\t\t\t\t\t\t\t\t\t\t\t\t\t<div class=\"ribbon\">Navetta Condivisa<\/div>\n\t\t\t\t\t\t\t\t\t\t\t\t\t\t\t\t\t\t<div class=\"bg_image_area\" data-href=\"https:\/\/giardinatour.it\/fr\/navette\/a4-portorosa-1440\/\" data-placeholder>\n\t\t\t\t\t\t\t\t\t\t<div data-bg-image=\"https:\/\/giardinatour.it\/wp-content\/uploads\/2025\/01\/partenze.jpg\"><\/div>\n\t\t\t\t\t\t\t\t\t<\/div>\n\t\t\t\t\t\t\t\t\t<div class=\"divider\"><\/div>\n\t\t\t\t\t\t\t\t\t<a href=\"https:\/\/giardinatour.it\/fr\/navette\/a4-portorosa-1440\/\">\n\t\t\t\t\t\t\t\t\t\t<h5 class=\"_textCenter_textTheme\">A4 Portorosa 14:40<\/h5>\n\t\t\t\t\t\t\t\t\t<\/a>\n\t\t\t\t\t\t\t\t\t<div class=\"divider\"><\/div>\n\t\t\t\t\t\t\t\t\t<h6 class=\"_allCenter\">Portorosa<small><span class=\"fas fa-long-arrow-alt-right _mLR_xs\"><\/span><\/small>Aeroporto Catania<\/h6>\n\t\t\t\t\t\t\t\t\t<div class=\"divider\"><\/div>\n\t\t\t\t\t\t\t\t\t<h6 class=\"_allCenter\">\n\t\t\t\t\t\t\t\t\t\t<strong>Passenger Capacity :<\/strong>\n\t\t\t\t\t\t\t\t\t\t100\t\t\t\t\t\t\t\t\t<\/h6>\n\t\t\t\t\t\t\t\t\t<div class=\"divider\"><\/div>\n\t\t\t\t\t\t\t\t\t<div class=\"mp_wp_editor\">\n\t\t\t\t\t\t\t\t\t\t\t\t\t\t\t\t\t\t\t<\/div>\n\t\t\t\t\t\t\t\t<\/div>\n\t\t\t\t\t\t\t\t\t\t\t\t\t\t\t\t\t\t\t\t\t\t\t<div class=\"placeholder_area mp_pagination_item _dShadow_9 grid_3 dNone\">\n\t\t\t\t\t\t\t\t\t\t\t\t\t\t\t\t\t\t\t<div class=\"ribbon\">Navetta Condivisa<\/div>\n\t\t\t\t\t\t\t\t\t\t\t\t\t\t\t\t\t\t<div class=\"bg_image_area\" data-href=\"https:\/\/giardinatour.it\/fr\/navette\/a4-barcelone-p-g-1500\/\" data-placeholder>\n\t\t\t\t\t\t\t\t\t\t<div data-bg-image=\"https:\/\/giardinatour.it\/wp-content\/uploads\/2025\/01\/partenze.jpg\"><\/div>\n\t\t\t\t\t\t\t\t\t<\/div>\n\t\t\t\t\t\t\t\t\t<div class=\"divider\"><\/div>\n\t\t\t\t\t\t\t\t\t<a href=\"https:\/\/giardinatour.it\/fr\/navette\/a4-barcelone-p-g-1500\/\">\n\t\t\t\t\t\t\t\t\t\t<h5 class=\"_textCenter_textTheme\">A4 Barcellona P.G. 15:00<\/h5>\n\t\t\t\t\t\t\t\t\t<\/a>\n\t\t\t\t\t\t\t\t\t<div class=\"divider\"><\/div>\n\t\t\t\t\t\t\t\t\t<h6 class=\"_allCenter\">Barcellona P.G.<small><span class=\"fas fa-long-arrow-alt-right _mLR_xs\"><\/span><\/small>Aeroporto Catania<\/h6>\n\t\t\t\t\t\t\t\t\t<div class=\"divider\"><\/div>\n\t\t\t\t\t\t\t\t\t<h6 class=\"_allCenter\">\n\t\t\t\t\t\t\t\t\t\t<strong>Passenger Capacity :<\/strong>\n\t\t\t\t\t\t\t\t\t\t100\t\t\t\t\t\t\t\t\t<\/h6>\n\t\t\t\t\t\t\t\t\t<div class=\"divider\"><\/div>\n\t\t\t\t\t\t\t\t\t<div class=\"mp_wp_editor\">\n\t\t\t\t\t\t\t\t\t\t\t\t\t\t\t\t\t\t\t<\/div>\n\t\t\t\t\t\t\t\t<\/div>\n\t\t\t\t\t\t\t\t\t\t\t\t\t\t\t\t\t\t\t\t\t\t\t<div class=\"placeholder_area mp_pagination_item _dShadow_9 grid_3 dNone\">\n\t\t\t\t\t\t\t\t\t\t\t\t\t\t\t\t\t\t\t<div class=\"ribbon\">Navetta Condivisa<\/div>\n\t\t\t\t\t\t\t\t\t\t\t\t\t\t\t\t\t\t<div class=\"bg_image_area\" data-href=\"https:\/\/giardinatour.it\/fr\/navette\/a4-milazzo-1500\/\" data-placeholder>\n\t\t\t\t\t\t\t\t\t\t<div data-bg-image=\"https:\/\/giardinatour.it\/wp-content\/uploads\/2025\/01\/partenze.jpg\"><\/div>\n\t\t\t\t\t\t\t\t\t<\/div>\n\t\t\t\t\t\t\t\t\t<div class=\"divider\"><\/div>\n\t\t\t\t\t\t\t\t\t<a href=\"https:\/\/giardinatour.it\/fr\/navette\/a4-milazzo-1500\/\">\n\t\t\t\t\t\t\t\t\t\t<h5 class=\"_textCenter_textTheme\">A4 Milazzo 15:00<\/h5>\n\t\t\t\t\t\t\t\t\t<\/a>\n\t\t\t\t\t\t\t\t\t<div class=\"divider\"><\/div>\n\t\t\t\t\t\t\t\t\t<h6 class=\"_allCenter\">Milazzo<small><span class=\"fas fa-long-arrow-alt-right _mLR_xs\"><\/span><\/small>Aeroporto Catania<\/h6>\n\t\t\t\t\t\t\t\t\t<div class=\"divider\"><\/div>\n\t\t\t\t\t\t\t\t\t<h6 class=\"_allCenter\">\n\t\t\t\t\t\t\t\t\t\t<strong>Passenger Capacity :<\/strong>\n\t\t\t\t\t\t\t\t\t\t100\t\t\t\t\t\t\t\t\t<\/h6>\n\t\t\t\t\t\t\t\t\t<div class=\"divider\"><\/div>\n\t\t\t\t\t\t\t\t\t<div class=\"mp_wp_editor\">\n\t\t\t\t\t\t\t\t\t\t\t\t\t\t\t\t\t\t\t<\/div>\n\t\t\t\t\t\t\t\t<\/div>\n\t\t\t\t\t\t\t\t\t\t\t\t\t\t\t\t\t\t\t\t\t\t\t<div class=\"placeholder_area mp_pagination_item _dShadow_9 grid_3 dNone\">\n\t\t\t\t\t\t\t\t\t\t\t\t\t\t\t\t\t\t\t<div class=\"ribbon\">Navetta Condivisa<\/div>\n\t\t\t\t\t\t\t\t\t\t\t\t\t\t\t\t\t\t<div class=\"bg_image_area\" data-href=\"https:\/\/giardinatour.it\/fr\/navette\/a1-palermo\/\" data-placeholder>\n\t\t\t\t\t\t\t\t\t\t<div data-bg-image=\"https:\/\/giardinatour.it\/wp-content\/uploads\/2025\/01\/partenze.jpg\"><\/div>\n\t\t\t\t\t\t\t\t\t<\/div>\n\t\t\t\t\t\t\t\t\t<div class=\"divider\"><\/div>\n\t\t\t\t\t\t\t\t\t<a href=\"https:\/\/giardinatour.it\/fr\/navette\/a1-palermo\/\">\n\t\t\t\t\t\t\t\t\t\t<h5 class=\"_textCenter_textTheme\">A1 Palermo<\/h5>\n\t\t\t\t\t\t\t\t\t<\/a>\n\t\t\t\t\t\t\t\t\t<div class=\"divider\"><\/div>\n\t\t\t\t\t\t\t\t\t<h6 class=\"_allCenter\">Milazzo<small><span class=\"fas fa-long-arrow-alt-right _mLR_xs\"><\/span><\/small>Aeroporto Palermo<\/h6>\n\t\t\t\t\t\t\t\t\t<div class=\"divider\"><\/div>\n\t\t\t\t\t\t\t\t\t<h6 class=\"_allCenter\">\n\t\t\t\t\t\t\t\t\t\t<strong>Passenger Capacity :<\/strong>\n\t\t\t\t\t\t\t\t\t\t100\t\t\t\t\t\t\t\t\t<\/h6>\n\t\t\t\t\t\t\t\t\t<div class=\"divider\"><\/div>\n\t\t\t\t\t\t\t\t\t<div class=\"mp_wp_editor\">\n\t\t\t\t\t\t\t\t\t\t\t\t\t\t\t\t\t\t\t<\/div>\n\t\t\t\t\t\t\t\t<\/div>\n\t\t\t\t\t\t\t\t\t\t\t\t\t\t\t\t\t\t\t\t\t\t\t<div class=\"placeholder_area mp_pagination_item _dShadow_9 grid_3 dNone\">\n\t\t\t\t\t\t\t\t\t\t\t\t\t\t\t\t\t\t\t<div class=\"ribbon\">Navetta Condivisa<\/div>\n\t\t\t\t\t\t\t\t\t\t\t\t\t\t\t\t\t\t<div class=\"bg_image_area\" data-href=\"https:\/\/giardinatour.it\/fr\/navette\/a2-palermo\/\" data-placeholder>\n\t\t\t\t\t\t\t\t\t\t<div data-bg-image=\"https:\/\/giardinatour.it\/wp-content\/uploads\/2025\/01\/partenze.jpg\"><\/div>\n\t\t\t\t\t\t\t\t\t<\/div>\n\t\t\t\t\t\t\t\t\t<div class=\"divider\"><\/div>\n\t\t\t\t\t\t\t\t\t<a href=\"https:\/\/giardinatour.it\/fr\/navette\/a2-palermo\/\">\n\t\t\t\t\t\t\t\t\t\t<h5 class=\"_textCenter_textTheme\">A2 Palermo<\/h5>\n\t\t\t\t\t\t\t\t\t<\/a>\n\t\t\t\t\t\t\t\t\t<div class=\"divider\"><\/div>\n\t\t\t\t\t\t\t\t\t<h6 class=\"_allCenter\">Milazzo<small><span class=\"fas fa-long-arrow-alt-right _mLR_xs\"><\/span><\/small>Aeroporto Palermo<\/h6>\n\t\t\t\t\t\t\t\t\t<div class=\"divider\"><\/div>\n\t\t\t\t\t\t\t\t\t<h6 class=\"_allCenter\">\n\t\t\t\t\t\t\t\t\t\t<strong>Passenger Capacity :<\/strong>\n\t\t\t\t\t\t\t\t\t\t100\t\t\t\t\t\t\t\t\t<\/h6>\n\t\t\t\t\t\t\t\t\t<div class=\"divider\"><\/div>\n\t\t\t\t\t\t\t\t\t<div class=\"mp_wp_editor\">\n\t\t\t\t\t\t\t\t\t\t\t\t\t\t\t\t\t\t\t<\/div>\n\t\t\t\t\t\t\t\t<\/div>\n\t\t\t\t\t\t\t\t\t\t\t\t\t\t\t\t\t\t\t\t\t\t\t<div class=\"placeholder_area mp_pagination_item _dShadow_9 grid_3 dNone\">\n\t\t\t\t\t\t\t\t\t\t\t\t\t\t\t\t\t\t\t<div class=\"ribbon\">Navetta Condivisa<\/div>\n\t\t\t\t\t\t\t\t\t\t\t\t\t\t\t\t\t\t<div class=\"bg_image_area\" data-href=\"https:\/\/giardinatour.it\/fr\/navette\/rn-catane-2330\/\" data-placeholder>\n\t\t\t\t\t\t\t\t\t\t<div data-bg-image=\"https:\/\/giardinatour.it\/wp-content\/uploads\/2025\/02\/arrivi.jpg\"><\/div>\n\t\t\t\t\t\t\t\t\t<\/div>\n\t\t\t\t\t\t\t\t\t<div class=\"divider\"><\/div>\n\t\t\t\t\t\t\t\t\t<a href=\"https:\/\/giardinatour.it\/fr\/navette\/rn-catane-2330\/\">\n\t\t\t\t\t\t\t\t\t\t<h5 class=\"_textCenter_textTheme\">RN Catania 23:30<\/h5>\n\t\t\t\t\t\t\t\t\t<\/a>\n\t\t\t\t\t\t\t\t\t<div class=\"divider\"><\/div>\n\t\t\t\t\t\t\t\t\t<h6 class=\"_allCenter\">Aeroporto Catania<small><span class=\"fas fa-long-arrow-alt-right _mLR_xs\"><\/span><\/small>Brolo<\/h6>\n\t\t\t\t\t\t\t\t\t<div class=\"divider\"><\/div>\n\t\t\t\t\t\t\t\t\t<h6 class=\"_allCenter\">\n\t\t\t\t\t\t\t\t\t\t<strong>Passenger Capacity :<\/strong>\n\t\t\t\t\t\t\t\t\t\t100\t\t\t\t\t\t\t\t\t<\/h6>\n\t\t\t\t\t\t\t\t\t<div class=\"divider\"><\/div>\n\t\t\t\t\t\t\t\t\t<div class=\"mp_wp_editor\">\n\t\t\t\t\t\t\t\t\t\t\t\t\t\t\t\t\t\t\t<\/div>\n\t\t\t\t\t\t\t\t<\/div>\n\t\t\t\t\t\t\t\t\t\t\t\t\t\t\t\t\t\t\t\t\t\t\t<div class=\"placeholder_area mp_pagination_item _dShadow_9 grid_3 dNone\">\n\t\t\t\t\t\t\t\t\t\t\t\t\t\t\t\t\t\t\t<div class=\"ribbon\">Navetta Condivisa<\/div>\n\t\t\t\t\t\t\t\t\t\t\t\t\t\t\t\t\t\t<div class=\"bg_image_area\" data-href=\"https:\/\/giardinatour.it\/fr\/navette\/r1-palermo-1200\/\" data-placeholder>\n\t\t\t\t\t\t\t\t\t\t<div data-bg-image=\"https:\/\/giardinatour.it\/wp-content\/uploads\/2025\/02\/arrivi.jpg\"><\/div>\n\t\t\t\t\t\t\t\t\t<\/div>\n\t\t\t\t\t\t\t\t\t<div class=\"divider\"><\/div>\n\t\t\t\t\t\t\t\t\t<a href=\"https:\/\/giardinatour.it\/fr\/navette\/r1-palermo-1200\/\">\n\t\t\t\t\t\t\t\t\t\t<h5 class=\"_textCenter_textTheme\">R1 Palermo 12:00<\/h5>\n\t\t\t\t\t\t\t\t\t<\/a>\n\t\t\t\t\t\t\t\t\t<div class=\"divider\"><\/div>\n\t\t\t\t\t\t\t\t\t<h6 class=\"_allCenter\">Aeroporto Palermo<small><span class=\"fas fa-long-arrow-alt-right _mLR_xs\"><\/span><\/small>Milazzo<\/h6>\n\t\t\t\t\t\t\t\t\t<div class=\"divider\"><\/div>\n\t\t\t\t\t\t\t\t\t<h6 class=\"_allCenter\">\n\t\t\t\t\t\t\t\t\t\t<strong>Passenger Capacity :<\/strong>\n\t\t\t\t\t\t\t\t\t\t100\t\t\t\t\t\t\t\t\t<\/h6>\n\t\t\t\t\t\t\t\t\t<div class=\"divider\"><\/div>\n\t\t\t\t\t\t\t\t\t<div class=\"mp_wp_editor\">\n\t\t\t\t\t\t\t\t\t\t\t\t\t\t\t\t\t\t\t<\/div>\n\t\t\t\t\t\t\t\t<\/div>\n\t\t\t\t\t\t\t\t\t\t\t\t\t\t\t\t\t\t\t\t\t\t\t<div class=\"placeholder_area mp_pagination_item _dShadow_9 grid_3 dNone\">\n\t\t\t\t\t\t\t\t\t\t\t\t\t\t\t\t\t\t\t<div class=\"ribbon\">Navetta Condivisa<\/div>\n\t\t\t\t\t\t\t\t\t\t\t\t\t\t\t\t\t\t<div class=\"bg_image_area\" data-href=\"https:\/\/giardinatour.it\/fr\/navette\/r2-palermo-1930\/\" data-placeholder>\n\t\t\t\t\t\t\t\t\t\t<div data-bg-image=\"https:\/\/giardinatour.it\/wp-content\/uploads\/2025\/02\/arrivi.jpg\"><\/div>\n\t\t\t\t\t\t\t\t\t<\/div>\n\t\t\t\t\t\t\t\t\t<div class=\"divider\"><\/div>\n\t\t\t\t\t\t\t\t\t<a href=\"https:\/\/giardinatour.it\/fr\/navette\/r2-palermo-1930\/\">\n\t\t\t\t\t\t\t\t\t\t<h5 class=\"_textCenter_textTheme\">R2 Palermo 19:30<\/h5>\n\t\t\t\t\t\t\t\t\t<\/a>\n\t\t\t\t\t\t\t\t\t<div class=\"divider\"><\/div>\n\t\t\t\t\t\t\t\t\t<h6 class=\"_allCenter\">Aeroporto Palermo<small><span class=\"fas fa-long-arrow-alt-right _mLR_xs\"><\/span><\/small>Milazzo<\/h6>\n\t\t\t\t\t\t\t\t\t<div class=\"divider\"><\/div>\n\t\t\t\t\t\t\t\t\t<h6 class=\"_allCenter\">\n\t\t\t\t\t\t\t\t\t\t<strong>Passenger Capacity :<\/strong>\n\t\t\t\t\t\t\t\t\t\t100\t\t\t\t\t\t\t\t\t<\/h6>\n\t\t\t\t\t\t\t\t\t<div class=\"divider\"><\/div>\n\t\t\t\t\t\t\t\t\t<div class=\"mp_wp_editor\">\n\t\t\t\t\t\t\t\t\t\t\t\t\t\t\t\t\t\t\t<\/div>\n\t\t\t\t\t\t\t\t<\/div>\n\t\t\t\t\t\t\t\t\t\t\t\t\t<\/div>\n\t\t\t\t\t\t                <input type=\"hidden\" name=\"pagination_per_page\" value=\"3\"\/>\n                <input type=\"hidden\" name=\"pagination_style\" value=\"load_more\"\/>\n                <input type=\"hidden\" name=\"mp_total_item\" value=\"115\"\/>\n\t\t\t\t                    <div class=\"allCenter pagination_area\" data-placeholder>\n\t\t\t\t\t\t                                <button type=\"button\" class=\"_mpBtn_xs_min_200 pagination_load_more\" data-load-more=\"0\">\n\t\t\t\t\t\t\t\t\tLoad More                                <\/button>\n\t\t\t\t\t\t\t\t                    <\/div>\n\t\t\t\t\t\t\t\t\t\t<\/div>\n\t\t\t\t\t<\/div>\n\t\t\t\t<\/div>\n\t\t\t\t<\/div>\n\t\t\t\t\t<\/div>\n\t\t<\/div>\n\t\t\t\t\t<\/div>\n\t\t<\/section>\n\t\t<div class=\"elementor-element elementor-element-e3406cf e-flex e-con-boxed e-con e-parent\" data-id=\"e3406cf\" data-element_type=\"container\">\n\t\t\t\t\t<div class=\"e-con-inner\">\n\t\t\t\t<div class=\"elementor-element elementor-element-22fe7a2 elementor-widget elementor-widget-heading\" data-id=\"22fe7a2\" data-element_type=\"widget\" data-widget_type=\"heading.default\">\n\t\t\t\t<div class=\"elementor-widget-container\">\n\t\t\t<h2 class=\"elementor-heading-title elementor-size-default\">Viaggi Giornalieri<\/h2>\t\t<\/div>\n\t\t\t\t<\/div>\n\t\t\t\t<div class=\"elementor-element elementor-element-6226588 elementor-widget-divider--view-line_icon elementor-view-default elementor-widget-divider--element-align-center elementor-widget elementor-widget-divider\" data-id=\"6226588\" data-element_type=\"widget\" data-widget_type=\"divider.default\">\n\t\t\t\t<div class=\"elementor-widget-container\">\n\t\t\t\t\t<div class=\"elementor-divider\">\n\t\t\t<span class=\"elementor-divider-separator\">\n\t\t\t\t\t\t\t<div class=\"elementor-icon elementor-divider__element\">\n\t\t\t\t\t<svg aria-hidden=\"true\" class=\"e-font-icon-svg e-fas-bus\" viewBox=\"0 0 512 512\" xmlns=\"http:\/\/www.w3.org\/2000\/svg\"><path d=\"M488 128h-8V80c0-44.8-99.2-80-224-80S32 35.2 32 80v48h-8c-13.25 0-24 10.74-24 24v80c0 13.25 10.75 24 24 24h8v160c0 17.67 14.33 32 32 32v32c0 17.67 14.33 32 32 32h32c17.67 0 32-14.33 32-32v-32h192v32c0 17.67 14.33 32 32 32h32c17.67 0 32-14.33 32-32v-32h6.4c16 0 25.6-12.8 25.6-25.6V256h8c13.25 0 24-10.75 24-24v-80c0-13.26-10.75-24-24-24zM112 400c-17.67 0-32-14.33-32-32s14.33-32 32-32 32 14.33 32 32-14.33 32-32 32zm16-112c-17.67 0-32-14.33-32-32V128c0-17.67 14.33-32 32-32h256c17.67 0 32 14.33 32 32v128c0 17.67-14.33 32-32 32H128zm272 112c-17.67 0-32-14.33-32-32s14.33-32 32-32 32 14.33 32 32-14.33 32-32 32z\"><\/path><\/svg><\/div>\n\t\t\t\t\t\t<\/span>\n\t\t<\/div>\n\t\t\t\t<\/div>\n\t\t\t\t<\/div>\n\t\t\t\t\t<\/div>\n\t\t\t\t<\/div>\n\t\t\t\t<section class=\"elementor-section elementor-top-section elementor-element elementor-element-5aeefe0 elementor-section-boxed elementor-section-height-default elementor-section-height-default\" data-id=\"5aeefe0\" data-element_type=\"section\">\n\t\t\t\t\t\t<div class=\"elementor-container elementor-column-gap-default\">\n\t\t\t\t\t<div class=\"elementor-column elementor-col-100 elementor-top-column elementor-element elementor-element-e0be808\" data-id=\"e0be808\" data-element_type=\"column\">\n\t\t\t<div class=\"elementor-widget-wrap elementor-element-populated\">\n\t\t\t\t\t\t<section class=\"elementor-section elementor-inner-section elementor-element elementor-element-852a9c8 elementor-section-boxed elementor-section-height-default elementor-section-height-default\" data-id=\"852a9c8\" data-element_type=\"section\" id=\"home-banner-2\" data-settings=\"{&quot;background_background&quot;:&quot;classic&quot;}\">\n\t\t\t\t\t\t<div class=\"elementor-container elementor-column-gap-default\">\n\t\t\t\t\t<div class=\"elementor-column elementor-col-33 elementor-inner-column elementor-element elementor-element-5a879b9\" data-id=\"5a879b9\" data-element_type=\"column\">\n\t\t\t<div class=\"elementor-widget-wrap elementor-element-populated\">\n\t\t\t\t\t\t<div class=\"elementor-element elementor-element-e1f64b0 elementor-position-left elementor-view-stacked elementor-shape-circle elementor-mobile-position-top elementor-vertical-align-top elementor-widget elementor-widget-icon-box\" data-id=\"e1f64b0\" data-element_type=\"widget\" data-widget_type=\"icon-box.default\">\n\t\t\t\t<div class=\"elementor-widget-container\">\n\t\t\t\t\t<div class=\"elementor-icon-box-wrapper\">\n\n\t\t\t\t\t\t<div class=\"elementor-icon-box-icon\">\n\t\t\t\t<span  class=\"elementor-icon elementor-animation-\">\n\t\t\t\t<svg aria-hidden=\"true\" class=\"e-font-icon-svg e-fas-globe\" viewBox=\"0 0 496 512\" xmlns=\"http:\/\/www.w3.org\/2000\/svg\"><path d=\"M336.5 160C322 70.7 287.8 8 248 8s-74 62.7-88.5 152h177zM152 256c0 22.2 1.2 43.5 3.3 64h185.3c2.1-20.5 3.3-41.8 3.3-64s-1.2-43.5-3.3-64H155.3c-2.1 20.5-3.3 41.8-3.3 64zm324.7-96c-28.6-67.9-86.5-120.4-158-141.6 24.4 33.8 41.2 84.7 50 141.6h108zM177.2 18.4C105.8 39.6 47.8 92.1 19.3 160h108c8.7-56.9 25.5-107.8 49.9-141.6zM487.4 192H372.7c2.1 21 3.3 42.5 3.3 64s-1.2 43-3.3 64h114.6c5.5-20.5 8.6-41.8 8.6-64s-3.1-43.5-8.5-64zM120 256c0-21.5 1.2-43 3.3-64H8.6C3.2 212.5 0 233.8 0 256s3.2 43.5 8.6 64h114.6c-2-21-3.2-42.5-3.2-64zm39.5 96c14.5 89.3 48.7 152 88.5 152s74-62.7 88.5-152h-177zm159.3 141.6c71.4-21.2 129.4-73.7 158-141.6h-108c-8.8 56.9-25.6 107.8-50 141.6zM19.3 352c28.6 67.9 86.5 120.4 158 141.6-24.4-33.8-41.2-84.7-50-141.6h-108z\"><\/path><\/svg>\t\t\t\t<\/span>\n\t\t\t<\/div>\n\t\t\t\n\t\t\t\t\t\t<div class=\"elementor-icon-box-content\">\n\n\t\t\t\t\t\t\t\t\t<h3 class=\"elementor-icon-box-title\">\n\t\t\t\t\t\t<span  >\n\t\t\t\t\t\t\tVIAGGI\t\t\t\t\t\t<\/span>\n\t\t\t\t\t<\/h3>\n\t\t\t\t\n\t\t\t\t\t\t\t\t\t<p class=\"elementor-icon-box-description\">\n\t\t\t\t\t\tOffriamo pacchetti viaggio giornalieri e pacchetti weekend\t\t\t\t\t<\/p>\n\t\t\t\t\n\t\t\t<\/div>\n\t\t\t\n\t\t<\/div>\n\t\t\t\t<\/div>\n\t\t\t\t<\/div>\n\t\t\t\t\t<\/div>\n\t\t<\/div>\n\t\t\t\t<div class=\"elementor-column elementor-col-33 elementor-inner-column elementor-element elementor-element-fc12bb9\" data-id=\"fc12bb9\" data-element_type=\"column\">\n\t\t\t<div class=\"elementor-widget-wrap elementor-element-populated\">\n\t\t\t\t\t\t<div class=\"elementor-element elementor-element-9d82e3c elementor-position-left elementor-view-stacked elementor-shape-circle elementor-mobile-position-top elementor-vertical-align-top elementor-widget elementor-widget-icon-box\" data-id=\"9d82e3c\" data-element_type=\"widget\" data-widget_type=\"icon-box.default\">\n\t\t\t\t<div class=\"elementor-widget-container\">\n\t\t\t\t\t<div class=\"elementor-icon-box-wrapper\">\n\n\t\t\t\t\t\t<div class=\"elementor-icon-box-icon\">\n\t\t\t\t<span  class=\"elementor-icon elementor-animation-\">\n\t\t\t\t<svg aria-hidden=\"true\" class=\"e-font-icon-svg e-fas-dollar-sign\" viewBox=\"0 0 288 512\" xmlns=\"http:\/\/www.w3.org\/2000\/svg\"><path d=\"M209.2 233.4l-108-31.6C88.7 198.2 80 186.5 80 173.5c0-16.3 13.2-29.5 29.5-29.5h66.3c12.2 0 24.2 3.7 34.2 10.5 6.1 4.1 14.3 3.1 19.5-2l34.8-34c7.1-6.9 6.1-18.4-1.8-24.5C238 74.8 207.4 64.1 176 64V16c0-8.8-7.2-16-16-16h-32c-8.8 0-16 7.2-16 16v48h-2.5C45.8 64-5.4 118.7.5 183.6c4.2 46.1 39.4 83.6 83.8 96.6l102.5 30c12.5 3.7 21.2 15.3 21.2 28.3 0 16.3-13.2 29.5-29.5 29.5h-66.3C100 368 88 364.3 78 357.5c-6.1-4.1-14.3-3.1-19.5 2l-34.8 34c-7.1 6.9-6.1 18.4 1.8 24.5 24.5 19.2 55.1 29.9 86.5 30v48c0 8.8 7.2 16 16 16h32c8.8 0 16-7.2 16-16v-48.2c46.6-.9 90.3-28.6 105.7-72.7 21.5-61.6-14.6-124.8-72.5-141.7z\"><\/path><\/svg>\t\t\t\t<\/span>\n\t\t\t<\/div>\n\t\t\t\n\t\t\t\t\t\t<div class=\"elementor-icon-box-content\">\n\n\t\t\t\t\t\t\t\t\t<h3 class=\"elementor-icon-box-title\">\n\t\t\t\t\t\t<span  >\n\t\t\t\t\t\t\tAL MIGLIOR PREZZO\t\t\t\t\t\t<\/span>\n\t\t\t\t\t<\/h3>\n\t\t\t\t\n\t\t\t\t\t\t\t\t\t<p class=\"elementor-icon-box-description\">\n\t\t\t\t\t\tSelezioniamo solo i viaggi al miglior prezzo\n\n\t\t\t\t\t<\/p>\n\t\t\t\t\n\t\t\t<\/div>\n\t\t\t\n\t\t<\/div>\n\t\t\t\t<\/div>\n\t\t\t\t<\/div>\n\t\t\t\t\t<\/div>\n\t\t<\/div>\n\t\t\t\t<div class=\"elementor-column elementor-col-33 elementor-inner-column elementor-element elementor-element-ce6f803\" data-id=\"ce6f803\" data-element_type=\"column\">\n\t\t\t<div class=\"elementor-widget-wrap elementor-element-populated\">\n\t\t\t\t\t\t<div class=\"elementor-element elementor-element-10ae004 elementor-position-left elementor-view-stacked elementor-shape-circle elementor-mobile-position-top elementor-vertical-align-top elementor-widget elementor-widget-icon-box\" data-id=\"10ae004\" data-element_type=\"widget\" data-widget_type=\"icon-box.default\">\n\t\t\t\t<div class=\"elementor-widget-container\">\n\t\t\t\t\t<div class=\"elementor-icon-box-wrapper\">\n\n\t\t\t\t\t\t<div class=\"elementor-icon-box-icon\">\n\t\t\t\t<span  class=\"elementor-icon elementor-animation-\">\n\t\t\t\t<svg aria-hidden=\"true\" class=\"e-font-icon-svg e-fas-hands-helping\" viewBox=\"0 0 640 512\" xmlns=\"http:\/\/www.w3.org\/2000\/svg\"><path d=\"M488 192H336v56c0 39.7-32.3 72-72 72s-72-32.3-72-72V126.4l-64.9 39C107.8 176.9 96 197.8 96 220.2v47.3l-80 46.2C.7 322.5-4.6 342.1 4.3 357.4l80 138.6c8.8 15.3 28.4 20.5 43.7 11.7L231.4 448H368c35.3 0 64-28.7 64-64h16c17.7 0 32-14.3 32-32v-64h8c13.3 0 24-10.7 24-24v-48c0-13.3-10.7-24-24-24zm147.7-37.4L555.7 16C546.9.7 527.3-4.5 512 4.3L408.6 64H306.4c-12 0-23.7 3.4-33.9 9.7L239 94.6c-9.4 5.8-15 16.1-15 27.1V248c0 22.1 17.9 40 40 40s40-17.9 40-40v-88h184c30.9 0 56 25.1 56 56v28.5l80-46.2c15.3-8.9 20.5-28.4 11.7-43.7z\"><\/path><\/svg>\t\t\t\t<\/span>\n\t\t\t<\/div>\n\t\t\t\n\t\t\t\t\t\t<div class=\"elementor-icon-box-content\">\n\n\t\t\t\t\t\t\t\t\t<h3 class=\"elementor-icon-box-title\">\n\t\t\t\t\t\t<span  >\n\t\t\t\t\t\t\tSUPPORTO 24\/24\t\t\t\t\t\t<\/span>\n\t\t\t\t\t<\/h3>\n\t\t\t\t\n\t\t\t\t\t\t\t\t\t<p class=\"elementor-icon-box-description\">\n\t\t\t\t\t\tSiamo qui per aiutarti e disponibili sempre\n\n\t\t\t\t\t<\/p>\n\t\t\t\t\n\t\t\t<\/div>\n\t\t\t\n\t\t<\/div>\n\t\t\t\t<\/div>\n\t\t\t\t<\/div>\n\t\t\t\t\t<\/div>\n\t\t<\/div>\n\t\t\t\t\t<\/div>\n\t\t<\/section>\n\t\t\t\t\t<\/div>\n\t\t<\/div>\n\t\t\t\t\t<\/div>\n\t\t<\/section>\n\t\t<div class=\"elementor-element elementor-element-b5a1ea2 e-flex e-con-boxed e-con e-parent\" data-id=\"b5a1ea2\" data-element_type=\"container\">\n\t\t\t\t\t<div class=\"e-con-inner\">\n\t\t\t\t<div class=\"elementor-element elementor-element-23cc430 elementor-widget elementor-widget-heading\" data-id=\"23cc430\" data-element_type=\"widget\" data-widget_type=\"heading.default\">\n\t\t\t\t<div class=\"elementor-widget-container\">\n\t\t\t<h2 class=\"elementor-heading-title elementor-size-default\">Ultimi Eventi<\/h2>\t\t<\/div>\n\t\t\t\t<\/div>\n\t\t\t\t<div class=\"elementor-element elementor-element-7b1fb1d elementor-widget-divider--view-line_icon elementor-view-default elementor-widget-divider--element-align-center elementor-widget elementor-widget-divider\" data-id=\"7b1fb1d\" data-element_type=\"widget\" data-widget_type=\"divider.default\">\n\t\t\t\t<div class=\"elementor-widget-container\">\n\t\t\t\t\t<div class=\"elementor-divider\">\n\t\t\t<span class=\"elementor-divider-separator\">\n\t\t\t\t\t\t\t<div class=\"elementor-icon elementor-divider__element\">\n\t\t\t\t\t<svg aria-hidden=\"true\" class=\"e-font-icon-svg e-fas-bus\" viewBox=\"0 0 512 512\" xmlns=\"http:\/\/www.w3.org\/2000\/svg\"><path d=\"M488 128h-8V80c0-44.8-99.2-80-224-80S32 35.2 32 80v48h-8c-13.25 0-24 10.74-24 24v80c0 13.25 10.75 24 24 24h8v160c0 17.67 14.33 32 32 32v32c0 17.67 14.33 32 32 32h32c17.67 0 32-14.33 32-32v-32h192v32c0 17.67 14.33 32 32 32h32c17.67 0 32-14.33 32-32v-32h6.4c16 0 25.6-12.8 25.6-25.6V256h8c13.25 0 24-10.75 24-24v-80c0-13.26-10.75-24-24-24zM112 400c-17.67 0-32-14.33-32-32s14.33-32 32-32 32 14.33 32 32-14.33 32-32 32zm16-112c-17.67 0-32-14.33-32-32V128c0-17.67 14.33-32 32-32h256c17.67 0 32 14.33 32 32v128c0 17.67-14.33 32-32 32H128zm272 112c-17.67 0-32-14.33-32-32s14.33-32 32-32 32 14.33 32 32-14.33 32-32 32z\"><\/path><\/svg><\/div>\n\t\t\t\t\t\t<\/span>\n\t\t<\/div>\n\t\t\t\t<\/div>\n\t\t\t\t<\/div>\n\t\t\t\t<div class=\"elementor-element elementor-element-e305ed7 elementor-widget elementor-widget-shortcode\" data-id=\"e305ed7\" data-element_type=\"widget\" data-widget_type=\"shortcode.default\">\n\t\t\t\t<div class=\"elementor-widget-container\">\n\t\t\t\t\t<div class=\"elementor-shortcode\"><div class=\"woocommerce columns-4 \"><ul class=\"products columns-4\">\n<li class=\"product type-product post-6342 status-publish first outofstock product_cat-eventi has-post-thumbnail shipping-taxable purchasable product-type-simple\">\n\t<a href=\"https:\/\/giardinatour.it\/fr\/product\/alessandra-amoroso-taormina\/\" class=\"woocommerce-LoopProduct-link woocommerce-loop-product__link\">\n<div class=\"bahon-shop-product-image-wrapper\">\n<div class=\"bahon-shop-product-image\" style=\"background-image:url(https:\/\/giardinatour.it\/wp-content\/uploads\/2025\/02\/VASCO-ROSSI-3.png)\"><\/div>\n<\/div>\n\n<h2 class=\"woocommerce-loop-product__title\">ALESSANDRA AMOROSO &#8211; TAORMINA<\/h2><p class=\"product-date\" style=\"font-size:14px; color:#666;\">12 juillet 2025<\/p>\n\t<span class=\"price\"><span class=\"woocommerce-Price-amount amount\"><bdi>25,00&nbsp;<span class=\"woocommerce-Price-currencySymbol\">&euro;<\/span><\/bdi><\/span><\/span>\n<\/a><a href=\"https:\/\/giardinatour.it\/fr\/product\/alessandra-amoroso-taormina\/\" aria-describedby=\"woocommerce_loop_add_to_cart_link_describedby_6342\" data-quantity=\"1\" class=\"button product_type_simple\" data-product_id=\"6342\" data-product_sku=\"\" aria-label=\"En savoir plus sur \u201cALESSANDRA AMOROSO - TAORMINA\u201d\" rel=\"nofollow\" data-success_message=\"\">Select options<\/a>\t<span id=\"woocommerce_loop_add_to_cart_link_describedby_6342\" class=\"screen-reader-text\">\n\t\t\t<\/span>\n<\/li>\n<li class=\"product type-product post-6354 status-publish outofstock product_cat-eventi shipping-taxable purchasable product-type-simple\">\n\t<a href=\"https:\/\/giardinatour.it\/fr\/product\/concerto-cesare-cremonini-messina\/\" class=\"woocommerce-LoopProduct-link woocommerce-loop-product__link\">\n<div class=\"bahon-shop-product-image-wrapper\">\n<div class=\"bahon-shop-product-image\" style=\"background-image:url(https:\/\/giardinatour.it\/wp-content\/plugins\/woocommerce\/assets\/images\/placeholder.png)\"><\/div>\n<\/div>\n\n<h2 class=\"woocommerce-loop-product__title\">CESARE CREMONINI &#8211; MESSINA<\/h2><p class=\"product-date\" style=\"font-size:14px; color:#666;\">28 juin 2025<\/p>\n\t<span class=\"price\"><span class=\"woocommerce-Price-amount amount\"><bdi>15,00&nbsp;<span class=\"woocommerce-Price-currencySymbol\">&euro;<\/span><\/bdi><\/span><\/span>\n<\/a><a href=\"https:\/\/giardinatour.it\/fr\/product\/concerto-cesare-cremonini-messina\/\" aria-describedby=\"woocommerce_loop_add_to_cart_link_describedby_6354\" data-quantity=\"1\" class=\"button product_type_simple\" data-product_id=\"6354\" data-product_sku=\"\" aria-label=\"En savoir plus sur \u201cCESARE CREMONINI - MESSINA\u201d\" rel=\"nofollow\" data-success_message=\"\">En savoir plus<\/a>\t<span id=\"woocommerce_loop_add_to_cart_link_describedby_6354\" class=\"screen-reader-text\">\n\t\t\t<\/span>\n<\/li>\n<li class=\"product type-product post-6346 status-publish outofstock product_cat-eventi has-post-thumbnail shipping-taxable purchasable product-type-simple\">\n\t<a href=\"https:\/\/giardinatour.it\/fr\/product\/marco-mengoni-messina\/\" class=\"woocommerce-LoopProduct-link woocommerce-loop-product__link\">\n<div class=\"bahon-shop-product-image-wrapper\">\n<div class=\"bahon-shop-product-image\" style=\"background-image:url(https:\/\/giardinatour.it\/wp-content\/uploads\/2025\/02\/VASCO-ROSSI-4.png)\"><\/div>\n<\/div>\n\n<h2 class=\"woocommerce-loop-product__title\">MARCO MENGONI &#8211; MESSINA<\/h2><p class=\"product-date\" style=\"font-size:14px; color:#666;\">23 juillet 2025<\/p>\n\t<span class=\"price\"><span class=\"woocommerce-Price-amount amount\"><bdi>15,00&nbsp;<span class=\"woocommerce-Price-currencySymbol\">&euro;<\/span><\/bdi><\/span><\/span>\n<\/a><a href=\"https:\/\/giardinatour.it\/fr\/product\/marco-mengoni-messina\/\" aria-describedby=\"woocommerce_loop_add_to_cart_link_describedby_6346\" data-quantity=\"1\" class=\"button product_type_simple\" data-product_id=\"6346\" data-product_sku=\"\" aria-label=\"En savoir plus sur \u201cMARCO MENGONI - MESSINA\u201d\" rel=\"nofollow\" data-success_message=\"\">En savoir plus<\/a>\t<span id=\"woocommerce_loop_add_to_cart_link_describedby_6346\" class=\"screen-reader-text\">\n\t\t\t<\/span>\n<\/li>\n<li class=\"product type-product post-6348 status-publish last outofstock product_cat-eventi has-post-thumbnail shipping-taxable purchasable product-type-simple\">\n\t<a href=\"https:\/\/giardinatour.it\/fr\/product\/marco-mengoni-messina-24-luglio-2025\/\" class=\"woocommerce-LoopProduct-link woocommerce-loop-product__link\">\n<div class=\"bahon-shop-product-image-wrapper\">\n<div class=\"bahon-shop-product-image\" style=\"background-image:url(https:\/\/giardinatour.it\/wp-content\/uploads\/2025\/02\/VASCO-ROSSI-5.png)\"><\/div>\n<\/div>\n\n<h2 class=\"woocommerce-loop-product__title\">MARCO MENGONI &#8211; MESSINA<\/h2><p class=\"product-date\" style=\"font-size:14px; color:#666;\">24 juillet 2025<\/p>\n\t<span class=\"price\"><span class=\"woocommerce-Price-amount amount\"><bdi>15,00&nbsp;<span class=\"woocommerce-Price-currencySymbol\">&euro;<\/span><\/bdi><\/span><\/span>\n<\/a><a href=\"https:\/\/giardinatour.it\/fr\/product\/marco-mengoni-messina-24-luglio-2025\/\" aria-describedby=\"woocommerce_loop_add_to_cart_link_describedby_6348\" data-quantity=\"1\" class=\"button product_type_simple\" data-product_id=\"6348\" data-product_sku=\"\" aria-label=\"En savoir plus sur \u201cMARCO MENGONI - MESSINA\u201d\" rel=\"nofollow\" data-success_message=\"\">Select options<\/a>\t<span id=\"woocommerce_loop_add_to_cart_link_describedby_6348\" class=\"screen-reader-text\">\n\t\t\t<\/span>\n<\/li>\n<li class=\"product type-product post-6702 status-publish first outofstock product_cat-eventi shipping-taxable purchasable product-type-simple\">\n\t<a href=\"https:\/\/giardinatour.it\/fr\/product\/bus-concerto-radio-italia-live-palermo\/\" class=\"woocommerce-LoopProduct-link woocommerce-loop-product__link\">\n<div class=\"bahon-shop-product-image-wrapper\">\n<div class=\"bahon-shop-product-image\" style=\"background-image:url(https:\/\/giardinatour.it\/wp-content\/plugins\/woocommerce\/assets\/images\/placeholder.png)\"><\/div>\n<\/div>\n\n<h2 class=\"woocommerce-loop-product__title\">RADIO ITALIA LIVE &#8211; PALERMO<\/h2><p class=\"product-date\" style=\"font-size:14px; color:#666;\">27 juin 2025<\/p>\n\t<span class=\"price\"><span class=\"woocommerce-Price-amount amount\"><bdi>25,00&nbsp;<span class=\"woocommerce-Price-currencySymbol\">&euro;<\/span><\/bdi><\/span><\/span>\n<\/a><a href=\"https:\/\/giardinatour.it\/fr\/product\/bus-concerto-radio-italia-live-palermo\/\" aria-describedby=\"woocommerce_loop_add_to_cart_link_describedby_6702\" data-quantity=\"1\" class=\"button product_type_simple\" data-product_id=\"6702\" data-product_sku=\"\" aria-label=\"En savoir plus sur \u201cRADIO ITALIA LIVE - PALERMO\u201d\" rel=\"nofollow\" data-success_message=\"\">En savoir plus<\/a>\t<span id=\"woocommerce_loop_add_to_cart_link_describedby_6702\" class=\"screen-reader-text\">\n\t\t\t<\/span>\n<\/li>\n<li class=\"product type-product post-6350 status-publish outofstock product_cat-eventi has-post-thumbnail shipping-taxable purchasable product-type-simple\">\n\t<a href=\"https:\/\/giardinatour.it\/fr\/product\/concerto-vasco-rossi-tour-2025\/\" class=\"woocommerce-LoopProduct-link woocommerce-loop-product__link\">\n<div class=\"bahon-shop-product-image-wrapper\">\n<div class=\"bahon-shop-product-image\" style=\"background-image:url(https:\/\/giardinatour.it\/wp-content\/uploads\/2025\/02\/VASCO-ROSSI-2.png)\"><\/div>\n<\/div>\n\n<h2 class=\"woocommerce-loop-product__title\">VASCO ROSSI &#8211; MESSINA<\/h2><p class=\"product-date\" style=\"font-size:14px; color:#666;\">21 juin 2025<\/p>\n\t<span class=\"price\"><span class=\"woocommerce-Price-amount amount\"><bdi>15,00&nbsp;<span class=\"woocommerce-Price-currencySymbol\">&euro;<\/span><\/bdi><\/span><\/span>\n<\/a><a href=\"https:\/\/giardinatour.it\/fr\/product\/concerto-vasco-rossi-tour-2025\/\" aria-describedby=\"woocommerce_loop_add_to_cart_link_describedby_6350\" data-quantity=\"1\" class=\"button product_type_simple\" data-product_id=\"6350\" data-product_sku=\"\" aria-label=\"En savoir plus sur \u201cVASCO ROSSI - MESSINA\u201d\" rel=\"nofollow\" data-success_message=\"\">Select options<\/a>\t<span id=\"woocommerce_loop_add_to_cart_link_describedby_6350\" class=\"screen-reader-text\">\n\t\t\t<\/span>\n<\/li>\n<li class=\"product type-product post-6352 status-publish outofstock product_cat-eventi has-post-thumbnail shipping-taxable purchasable product-type-simple\">\n\t<a href=\"https:\/\/giardinatour.it\/fr\/product\/vasco-rossi-messina-2\/\" class=\"woocommerce-LoopProduct-link woocommerce-loop-product__link\">\n<div class=\"bahon-shop-product-image-wrapper\">\n<div class=\"bahon-shop-product-image\" style=\"background-image:url(https:\/\/giardinatour.it\/wp-content\/uploads\/2025\/02\/VASCO-ROSSI-1.png)\"><\/div>\n<\/div>\n\n<h2 class=\"woocommerce-loop-product__title\">VASCO ROSSI &#8211; MESSINA<\/h2><p class=\"product-date\" style=\"font-size:14px; color:#666;\">22 juin 2025<\/p>\n\t<span class=\"price\"><span class=\"woocommerce-Price-amount amount\"><bdi>15,00&nbsp;<span class=\"woocommerce-Price-currencySymbol\">&euro;<\/span><\/bdi><\/span><\/span>\n<\/a><a href=\"https:\/\/giardinatour.it\/fr\/product\/vasco-rossi-messina-2\/\" aria-describedby=\"woocommerce_loop_add_to_cart_link_describedby_6352\" data-quantity=\"1\" class=\"button product_type_simple\" data-product_id=\"6352\" data-product_sku=\"\" aria-label=\"En savoir plus sur \u201cVASCO ROSSI - MESSINA\u201d\" rel=\"nofollow\" data-success_message=\"\">Select options<\/a>\t<span id=\"woocommerce_loop_add_to_cart_link_describedby_6352\" class=\"screen-reader-text\">\n\t\t\t<\/span>\n<\/li>\n<\/ul>\n<\/div>\n<\/div>\n\t\t\t\t<\/div>\n\t\t\t\t<\/div>\n\t\t\t\t\t<\/div>\n\t\t\t\t<\/div>\n\t\t\t\t<\/div>\n\t\t","protected":false},"excerpt":{"rendered":"<p>Mezzi recenti, dotati di ogni comfort per un viaggio piacevole e sicuro. La Perla delle Eolie Un servizio ideale per chi cerca un trasferimento condiviso a tariffe accessibili con un\u2019organizzazione impeccabile. Cerca Seleziona la partenza, la destinazione e le date Seleziona Clicca su ricerca e ottieni la lista di navette disponibili nei vari orari Paga [&hellip;]<\/p>\n","protected":false},"author":1,"featured_media":8105,"parent":0,"menu_order":0,"comment_status":"closed","ping_status":"closed","template":"elementor_header_footer","meta":{"_acf_changed":false,"_monsterinsights_skip_tracking":false,"_monsterinsights_sitenote_active":false,"_monsterinsights_sitenote_note":"","_monsterinsights_sitenote_category":0,"footnotes":""},"class_list":["post-1999","page","type-page","status-publish","has-post-thumbnail","hentry"],"acf":[],"yoast_head":"<!-- This site is optimized with the Yoast SEO plugin v24.7 - https:\/\/yoast.com\/wordpress\/plugins\/seo\/ -->\n<title>Navetta Aeroporto Catania - Giardina Tour<\/title>\n<meta name=\"description\" content=\"Il servizio Navetta offre un collegamento pratico e comodo tra diverse localit\u00e0 della costa tirrenica messinese e l&#039;aeroporto di Catania.\" \/>\n<meta name=\"robots\" content=\"index, follow, max-snippet:-1, max-image-preview:large, max-video-preview:-1\" \/>\n<link rel=\"canonical\" href=\"https:\/\/giardinatour.it\/fr\/\" \/>\n<meta property=\"og:locale\" content=\"fr_FR\" \/>\n<meta property=\"og:type\" content=\"article\" \/>\n<meta property=\"og:title\" content=\"Navetta Aeroporto Catania - Giardina Tour\" \/>\n<meta property=\"og:description\" content=\"Il servizio Navetta offre un collegamento pratico e comodo tra diverse localit\u00e0 della costa tirrenica messinese e l&#039;aeroporto di Catania.\" \/>\n<meta property=\"og:url\" content=\"https:\/\/giardinatour.it\/fr\/\" \/>\n<meta property=\"og:site_name\" content=\"Giardina Tour\" \/>\n<meta property=\"article:modified_time\" content=\"2026-05-08T20:06:01+00:00\" \/>\n<meta property=\"og:image\" content=\"https:\/\/giardinatour.it\/wp-content\/uploads\/2025\/03\/navetta-aeroporto.jpg\" \/>\n\t<meta property=\"og:image:width\" content=\"1920\" \/>\n\t<meta property=\"og:image:height\" content=\"1280\" \/>\n\t<meta property=\"og:image:type\" content=\"image\/jpeg\" \/>\n<meta name=\"twitter:card\" content=\"summary_large_image\" \/>\n<meta name=\"twitter:label1\" content=\"Est. reading time\" \/>\n\t<meta name=\"twitter:data1\" content=\"9 minutes\" \/>\n<script type=\"application\/ld+json\" class=\"yoast-schema-graph\">{\"@context\":\"https:\/\/schema.org\",\"@graph\":[{\"@type\":\"WebPage\",\"@id\":\"https:\/\/giardinatour.it\/\",\"url\":\"https:\/\/giardinatour.it\/\",\"name\":\"Navetta Aeroporto Catania - Giardina Tour\",\"isPartOf\":{\"@id\":\"https:\/\/giardinatour.it\/#website\"},\"primaryImageOfPage\":{\"@id\":\"https:\/\/giardinatour.it\/#primaryimage\"},\"image\":{\"@id\":\"https:\/\/giardinatour.it\/#primaryimage\"},\"thumbnailUrl\":\"https:\/\/giardinatour.it\/wp-content\/uploads\/2025\/03\/navetta-aeroporto.jpg\",\"datePublished\":\"2021-12-12T04:19:59+00:00\",\"dateModified\":\"2026-05-08T20:06:01+00:00\",\"description\":\"Il servizio Navetta offre un collegamento pratico e comodo tra diverse localit\u00e0 della costa tirrenica messinese e l'aeroporto di Catania.\",\"breadcrumb\":{\"@id\":\"https:\/\/giardinatour.it\/#breadcrumb\"},\"inLanguage\":\"fr-FR\",\"potentialAction\":[{\"@type\":\"ReadAction\",\"target\":[\"https:\/\/giardinatour.it\/\"]}]},{\"@type\":\"ImageObject\",\"inLanguage\":\"fr-FR\",\"@id\":\"https:\/\/giardinatour.it\/#primaryimage\",\"url\":\"https:\/\/giardinatour.it\/wp-content\/uploads\/2025\/03\/navetta-aeroporto.jpg\",\"contentUrl\":\"https:\/\/giardinatour.it\/wp-content\/uploads\/2025\/03\/navetta-aeroporto.jpg\",\"width\":1920,\"height\":1280,\"caption\":\"navetta aeroporto catania\"},{\"@type\":\"BreadcrumbList\",\"@id\":\"https:\/\/giardinatour.it\/#breadcrumb\",\"itemListElement\":[{\"@type\":\"ListItem\",\"position\":1,\"name\":\"Home\",\"item\":\"https:\/\/giardinatour.it\/\"},{\"@type\":\"ListItem\",\"position\":2,\"name\":\"Home\"}]},{\"@type\":\"WebSite\",\"@id\":\"https:\/\/giardinatour.it\/#website\",\"url\":\"https:\/\/giardinatour.it\/\",\"name\":\"Giardina Tour\",\"description\":\"Un servizio ideale per chi cerca un trasferimento condiviso a tariffe accessibili con un\u2019organizzazione impeccabile.\",\"publisher\":{\"@id\":\"https:\/\/giardinatour.it\/#organization\"},\"potentialAction\":[{\"@type\":\"SearchAction\",\"target\":{\"@type\":\"EntryPoint\",\"urlTemplate\":\"https:\/\/giardinatour.it\/?s={search_term_string}\"},\"query-input\":{\"@type\":\"PropertyValueSpecification\",\"valueRequired\":true,\"valueName\":\"search_term_string\"}}],\"inLanguage\":\"fr-FR\"},{\"@type\":\"Organization\",\"@id\":\"https:\/\/giardinatour.it\/#organization\",\"name\":\"Giardina Tour\",\"url\":\"https:\/\/giardinatour.it\/\",\"logo\":{\"@type\":\"ImageObject\",\"inLanguage\":\"fr-FR\",\"@id\":\"https:\/\/giardinatour.it\/#\/schema\/logo\/image\/\",\"url\":\"https:\/\/giardinatour.it\/wp-content\/uploads\/2025\/02\/perla.png\",\"contentUrl\":\"https:\/\/giardinatour.it\/wp-content\/uploads\/2025\/02\/perla.png\",\"width\":698,\"height\":152,\"caption\":\"Giardina Tour\"},\"image\":{\"@id\":\"https:\/\/giardinatour.it\/#\/schema\/logo\/image\/\"}}]}<\/script>\n<!-- \/ Yoast SEO plugin. -->","yoast_head_json":{"title":"Navette A\u00e9roport Catane - Giardina Tour","description":"Le service de navette offre une liaison pratique et confortable entre diff\u00e9rentes localit\u00e9s de la c\u00f4te tyrrh\u00e9nienne messine et l'a\u00e9roport de Catane.","robots":{"index":"index","follow":"follow","max-snippet":"max-snippet:-1","max-image-preview":"max-image-preview:large","max-video-preview":"max-video-preview:-1"},"canonical":"https:\/\/giardinatour.it\/fr\/","og_locale":"fr_FR","og_type":"article","og_title":"Navetta Aeroporto Catania - Giardina Tour","og_description":"Il servizio Navetta offre un collegamento pratico e comodo tra diverse localit\u00e0 della costa tirrenica messinese e l'aeroporto di Catania.","og_url":"https:\/\/giardinatour.it\/fr\/","og_site_name":"Giardina Tour","article_modified_time":"2026-05-08T20:06:01+00:00","og_image":[{"width":1920,"height":1280,"url":"https:\/\/giardinatour.it\/wp-content\/uploads\/2025\/03\/navetta-aeroporto.jpg","type":"image\/jpeg"}],"twitter_card":"summary_large_image","twitter_misc":{"Est. reading time":"9 minutes"},"schema":{"@context":"https:\/\/schema.org","@graph":[{"@type":"WebPage","@id":"https:\/\/giardinatour.it\/","url":"https:\/\/giardinatour.it\/","name":"Navette A\u00e9roport Catane - Giardina Tour","isPartOf":{"@id":"https:\/\/giardinatour.it\/#website"},"primaryImageOfPage":{"@id":"https:\/\/giardinatour.it\/#primaryimage"},"image":{"@id":"https:\/\/giardinatour.it\/#primaryimage"},"thumbnailUrl":"https:\/\/giardinatour.it\/wp-content\/uploads\/2025\/03\/navetta-aeroporto.jpg","datePublished":"2021-12-12T04:19:59+00:00","dateModified":"2026-05-08T20:06:01+00:00","description":"Le service de navette offre une liaison pratique et confortable entre diff\u00e9rentes localit\u00e9s de la c\u00f4te tyrrh\u00e9nienne messine et l'a\u00e9roport de Catane.","breadcrumb":{"@id":"https:\/\/giardinatour.it\/#breadcrumb"},"inLanguage":"fr-FR","potentialAction":[{"@type":"ReadAction","target":["https:\/\/giardinatour.it\/"]}]},{"@type":"ImageObject","inLanguage":"fr-FR","@id":"https:\/\/giardinatour.it\/#primaryimage","url":"https:\/\/giardinatour.it\/wp-content\/uploads\/2025\/03\/navetta-aeroporto.jpg","contentUrl":"https:\/\/giardinatour.it\/wp-content\/uploads\/2025\/03\/navetta-aeroporto.jpg","width":1920,"height":1280,"caption":"navetta aeroporto catania"},{"@type":"BreadcrumbList","@id":"https:\/\/giardinatour.it\/#breadcrumb","itemListElement":[{"@type":"ListItem","position":1,"name":"Home","item":"https:\/\/giardinatour.it\/"},{"@type":"ListItem","position":2,"name":"Home"}]},{"@type":"WebSite","@id":"https:\/\/giardinatour.it\/#website","url":"https:\/\/giardinatour.it\/","name":"Tour Giardina","description":"Un service id\u00e9al pour ceux qui recherchent un transfert partag\u00e9 \u00e0 des tarifs abordables avec une organisation impeccable.","publisher":{"@id":"https:\/\/giardinatour.it\/#organization"},"potentialAction":[{"@type":"SearchAction","target":{"@type":"EntryPoint","urlTemplate":"https:\/\/giardinatour.it\/?s={search_term_string}"},"query-input":{"@type":"PropertyValueSpecification","valueRequired":true,"valueName":"search_term_string"}}],"inLanguage":"fr-FR"},{"@type":"Organization","@id":"https:\/\/giardinatour.it\/#organization","name":"Tour Giardina","url":"https:\/\/giardinatour.it\/","logo":{"@type":"ImageObject","inLanguage":"fr-FR","@id":"https:\/\/giardinatour.it\/#\/schema\/logo\/image\/","url":"https:\/\/giardinatour.it\/wp-content\/uploads\/2025\/02\/perla.png","contentUrl":"https:\/\/giardinatour.it\/wp-content\/uploads\/2025\/02\/perla.png","width":698,"height":152,"caption":"Giardina Tour"},"image":{"@id":"https:\/\/giardinatour.it\/#\/schema\/logo\/image\/"}}]}},"_links":{"self":[{"href":"https:\/\/giardinatour.it\/fr\/wp-json\/wp\/v2\/pages\/1999","targetHints":{"allow":["GET"]}}],"collection":[{"href":"https:\/\/giardinatour.it\/fr\/wp-json\/wp\/v2\/pages"}],"about":[{"href":"https:\/\/giardinatour.it\/fr\/wp-json\/wp\/v2\/types\/page"}],"author":[{"embeddable":true,"href":"https:\/\/giardinatour.it\/fr\/wp-json\/wp\/v2\/users\/1"}],"replies":[{"embeddable":true,"href":"https:\/\/giardinatour.it\/fr\/wp-json\/wp\/v2\/comments?post=1999"}],"version-history":[{"count":206,"href":"https:\/\/giardinatour.it\/fr\/wp-json\/wp\/v2\/pages\/1999\/revisions"}],"predecessor-version":[{"id":49476,"href":"https:\/\/giardinatour.it\/fr\/wp-json\/wp\/v2\/pages\/1999\/revisions\/49476"}],"wp:featuredmedia":[{"embeddable":true,"href":"https:\/\/giardinatour.it\/fr\/wp-json\/wp\/v2\/media\/8105"}],"wp:attachment":[{"href":"https:\/\/giardinatour.it\/fr\/wp-json\/wp\/v2\/media?parent=1999"}],"curies":[{"name":"wp","href":"https:\/\/api.w.org\/{rel}","templated":true}]}}